{"id":662,"date":"2024-11-28T02:31:31","date_gmt":"2024-11-28T05:31:31","guid":{"rendered":"https:\/\/webpe.colegiomayor.cl\/?page_id=662"},"modified":"2025-07-15T12:47:50","modified_gmt":"2025-07-15T15:47:50","slug":"reglamento","status":"publish","type":"page","link":"https:\/\/webpe.colegiomayor.cl\/?page_id=662","title":{"rendered":"Reglamento Interno y de Convivencia Escolar"},"content":{"rendered":"<div class=\"wpb-content-wrapper\"><p>[vc_row css=&#8221;.vc_custom_1491472723216{margin-bottom: 20px !important;}&#8221;][vc_column css=&#8221;.vc_custom_1490090587979{margin-bottom: 0px !important;}&#8221;][vc_custom_heading text=&#8221;Reglamento Interno y de Convivencia Escolar&#8221; font_container=&#8221;tag:h1|text_align:left&#8221; use_theme_fonts=&#8221;yes&#8221; css=&#8221;.vc_custom_1732770275134{margin-top: 0px !important;margin-bottom: 20px !important;}&#8221;][vc_row_inner][vc_column_inner width=&#8221;1\/3&#8243;][vc_gallery interval=&#8221;3&#8243; images=&#8221;38857&#8243; img_size=&#8221;full&#8221; css=&#8221;&#8221;][\/vc_column_inner][vc_column_inner width=&#8221;2\/3&#8243;][vc_column_text css=&#8221;&#8221;]Se aspira a la conformaci\u00f3n de una Comunidad Educativa que sea capaz de proporcionar oportunidades a todos los integrantes de ella, para construir nuevas formas de relaci\u00f3n inspiradas en los valores del respeto, la verdad, la equidad, la solidaridad, la honestidad, el dialogo y la perseverancia.<\/p>\n<p>Pensamos un Colegio donde sus integrantes tengan oportunidades para expresarse, participar, decidir responsablemente, deliberar y ejercer su libertad con responsabilidad.<\/p>\n<p>Se postula que la disciplina est\u00e1 centrada en la persona, por lo que se atribuye a un control de car\u00e1cter interno la demostraci\u00f3n externa de las actitudes y comportamientos que presenta cualquier integrante de la Comunidad Educativa en su relaci\u00f3n con los otros.[\/vc_column_text][\/vc_column_inner][\/vc_row_inner][vc_row_inner][vc_column_inner width=&#8221;2\/3&#8243;][vc_column_text css=&#8221;&#8221;]Considera a los ni\u00f1os y j\u00f3venes del Colegio como sujetos de derechos, por lo que sus opiniones, necesidades y expectativas de desarrollo de todas sus destrezas, habilidades y potencialidades, debe ser el aspecto central del quehacer educativo que intenciona el establecimiento.<\/p>\n<p>Desde esta perspectiva, los educadores del Colegio est\u00e1n llamados, por sobre todo, a ser formadores y orientadores de valores y actitudes positivas, creando los espacios para atender necesidades y escuchar opiniones de sus alumnos.<\/p>\n<p>Sostenemos que la calidad de la convivencia escolar favorece la calidad de los aprendizajes de nuestros alumnos, por lo que cobra relevancia la estimulaci\u00f3n y la promoci\u00f3n del aprender a vivir juntos, todo lo cual derivar\u00e1 en una valoraci\u00f3n de la pluralidad en las relaciones estudiantiles y en un apoyo solidario al que anda en b\u00fasqueda de su identidad personal y vocacional, de su autonom\u00eda e integraci\u00f3n social.[\/vc_column_text][vc_gallery interval=&#8221;3&#8243; images=&#8221;38859,38860,38861,38862,38863,38864,38865,38866&#8243; img_size=&#8221;full&#8221; css=&#8221;&#8221;][\/vc_column_inner][vc_column_inner width=&#8221;1\/3&#8243;][vc_gallery interval=&#8221;3&#8243; images=&#8221;38858&#8243; img_size=&#8221;full&#8221; css=&#8221;&#8221;][\/vc_column_inner][\/vc_row_inner][vc_separator css=&#8221;&#8221;][vc_row_inner][vc_column_inner][vc_column_text css=&#8221;&#8221;]\n<table id=\"tablepress-2\" class=\"tablepress tablepress-id-2\">\n<thead>\n<tr class=\"row-1\">\n\t<th class=\"column-1\">NOMBRE DEL DOCUMENTO<\/th><th class=\"column-2\">DESCARGAR ARCHIVO<\/th>\n<\/tr>\n<\/thead>\n<tbody class=\"row-striping row-hover\">\n<tr class=\"row-2\">\n\t<td class=\"column-1\">REGLAMENTO INTERNO Y DE CONVIVENCIA ESCOLAR (RICE) 2025<\/td><td class=\"column-2\"><span><a href=\"https:\/\/webpe.colegiomayor.cl\/wp-content\/uploads\/2025\/08\/RICE-2025-1.pdf\" target=\"_blank\"><i class=\"fa-solid fa-file-pdf\" style=\"display: block;text-align: center;line-height: 1.1;color:red;font-size: 24px\"><\/i><\/a><\/span><\/td>\n<\/tr>\n<tr class=\"row-3\">\n\t<td class=\"column-1\">PROYECTO EDUCATIVO INSTITUCIONAL<\/td><td class=\"column-2\"><span><a href=\"https:\/\/webpe.colegiomayor.cl\/wp-content\/uploads\/2025\/08\/Anexo01_proyecto_educativo-comprimido.pdf\" target=\"_blank\"><i class=\"fa-solid fa-file-pdf\" style=\"display: block;text-align: center;line-height: 1.1;color:red;font-size: 24px\"><\/i><\/a><\/span><\/td>\n<\/tr>\n<tr class=\"row-4\">\n\t<td class=\"column-1\">BECA UNIVERSIDAD MAYOR<\/td><td class=\"column-2\"><span><a href=\"https:\/\/webpe.colegiomayor.cl\/wp-content\/uploads\/2025\/08\/Anexo-N\u00b0-02-Beca-Universidad-Mayor-copia.pdf\" target=\"_blank\"><i class=\"fa-solid fa-file-pdf\" style=\"display: block;text-align: center;line-height: 1.1;color:red;font-size: 24px\"><\/i><\/a><\/span><\/td>\n<\/tr>\n<tr class=\"row-5\">\n\t<td class=\"column-1\">COBERTURA INDIVIDUAL DE ESCOLARIDAD<\/td><td class=\"column-2\"><span><a href=\"https:\/\/webpe.colegiomayor.cl\/wp-content\/uploads\/2025\/08\/Anexo-N\u00b0-03-Cobertura-individual-de-Escolaridad.pdf\" target=\"_blank\"><i class=\"fa-solid fa-file-pdf\" style=\"display: block;text-align: center;line-height: 1.1;color:red;font-size: 24px\"><\/i><\/a><\/span><\/td>\n<\/tr>\n<tr class=\"row-6\">\n\t<td class=\"column-1\">PLAN INTEGRAL DE SEGURIDAD ESCOLAR (PISE)<\/td><td class=\"column-2\"><span><a href=\"https:\/\/webpe.colegiomayor.cl\/wp-content\/uploads\/2025\/08\/Anexo-N\u00b0-04-PISE.pdf\" target=\"_blank\"><i class=\"fa-solid fa-file-pdf\" style=\"display: block;text-align: center;line-height: 1.1;color:red;font-size: 24px\"><\/i><\/a><\/span><\/td>\n<\/tr>\n<tr class=\"row-7\">\n\t<td class=\"column-1\">REGLAMENTO INTERNO ORDEN, HIGIENE Y SEGURIDAD<\/td><td class=\"column-2\"><span><a href=\"https:\/\/webpe.colegiomayor.cl\/wp-content\/uploads\/2025\/08\/Anexo-N\u00b0-05-Reglamento-Interno-Orden-Higiene-y-Seguridad-SpA-1-copia-1.pdf\" target=\"_blank\"><i class=\"fa-solid fa-file-pdf\" style=\"display: block;text-align: center;line-height: 1.1;color:red;font-size: 24px\"><\/i><\/a><\/span><\/td>\n<\/tr>\n<tr class=\"row-8\">\n\t<td class=\"column-1\">PROCEDIMIENTO FRENTE A ACCIDENTES ESCOLARES<\/td><td class=\"column-2\"><span><a href=\"https:\/\/webpe.colegiomayor.cl\/wp-content\/uploads\/2025\/08\/Anexo-N\u00b0-06-Procedimiento-frente-Accidentes-escolares.pdf\" target=\"_blank\"><i class=\"fa-solid fa-file-pdf\" style=\"display: block;text-align: center;line-height: 1.1;color:red;font-size: 24px\"><\/i><\/a><\/span><\/td>\n<\/tr>\n<tr class=\"row-9\">\n\t<td class=\"column-1\">PLAN DE GESTI\u00d3N DE CONVIVENCIA<\/td><td class=\"column-2\"><span><a href=\"https:\/\/webpe.colegiomayor.cl\/wp-content\/uploads\/2025\/08\/Anexo-N\u00b0-07-Plan-de-Gestion-de-Convivnecia.pdf\" target=\"_blank\"><i class=\"fa-solid fa-file-pdf\" style=\"display: block;text-align: center;line-height: 1.1;color:red;font-size: 24px\"><\/i><\/a><\/span><\/td>\n<\/tr>\n<tr class=\"row-10\">\n\t<td class=\"column-1\">S\u00cdNTESIS PROGRAMA DE ORIENTACI\u00d3N VOCACIONAL<\/td><td class=\"column-2\"><span><a href=\"https:\/\/webpe.colegiomayor.cl\/wp-content\/uploads\/2025\/08\/Anexo-N\u00b0-08-Sintesis-Progarma-Orientacion-Vocacional.pdf\" target=\"_blank\"><i class=\"fa-solid fa-file-pdf\" style=\"display: block;text-align: center;line-height: 1.1;color:red;font-size: 24px\"><\/i><\/a><\/span><\/td>\n<\/tr>\n<tr class=\"row-11\">\n\t<td class=\"column-1\">REGLAMENTO DE EVALUACI\u00d3N 2025<\/td><td class=\"column-2\"><span><a href=\"https:\/\/webpe.colegiomayor.cl\/wp-content\/uploads\/2025\/08\/Anexo-N\u00b0-09-Reglamento-de-Evaluacion-2025.pdf\" target=\"_blank\"><i class=\"fa-solid fa-file-pdf\" style=\"display: block;text-align: center;line-height: 1.1;color:red;font-size: 24px\"><\/i><\/a><\/span><\/td>\n<\/tr>\n<tr class=\"row-12\">\n\t<td class=\"column-1\">PROTOCOLO DE VULNERACI\u00d3N DE DERECHOS<\/td><td class=\"column-2\"><span><a href=\"https:\/\/webpe.colegiomayor.cl\/wp-content\/uploads\/2025\/08\/Anexo-N\u00b0-10-Protocolo-de-Vulneracion-de-Derechos.pdf\" target=\"_blank\"><i class=\"fa-solid fa-file-pdf\" style=\"display: block;text-align: center;line-height: 1.1;color:red;font-size: 24px\"><\/i><\/a><\/span><\/td>\n<\/tr>\n<tr class=\"row-13\">\n\t<td class=\"column-1\">PROTOCOLOS DE ACTUACI\u00d3N FRENTE ABUSO SEXUAL<\/td><td class=\"column-2\"><span><a href=\"https:\/\/webpe.colegiomayor.cl\/wp-content\/uploads\/2025\/08\/Anexo-N\u00b0-11-Protocolos-de-Actuacion-Frente-a-Abuso-Sexual.pdf\" target=\"_blank\"><i class=\"fa-solid fa-file-pdf\" style=\"display: block;text-align: center;line-height: 1.1;color:red;font-size: 24px\"><\/i><\/a><\/span><\/td>\n<\/tr>\n<tr class=\"row-14\">\n\t<td class=\"column-1\">PROTOCOLO DE ACTUACI\u00d3N FRENTE AL CONSUMO, PORTE Y VENTA DE ALCOHOL Y DROGA<\/td><td class=\"column-2\"><span><a href=\"https:\/\/webpe.colegiomayor.cl\/wp-content\/uploads\/2025\/08\/Anexo-N\u00b0-12-Protocolo-Actuacion-frente-al-consumo-porte-y-venta-de-Alcohol-y-Droga.pdf\" target=\"_blank\"><i class=\"fa-solid fa-file-pdf\" style=\"display: block;text-align: center;line-height: 1.1;color:red;font-size: 24px\"><\/i><\/a><\/span><\/td>\n<\/tr>\n<tr class=\"row-15\">\n\t<td class=\"column-1\">PLAN DE ACOMPA\u00d1AMIENTO INDIVIDUAL (P.A.I.)<\/td><td class=\"column-2\"><span><a href=\"https:\/\/webpe.colegiomayor.cl\/wp-content\/uploads\/2025\/08\/Anexo-N\u00b0-29-PAI.pdf\" target=\"_blank\"><i class=\"fa-solid fa-file-pdf\" style=\"display: block;text-align: center;line-height: 1.1;color:red;font-size: 24px\"><\/i><\/a><\/span><\/td>\n<\/tr>\n<tr class=\"row-16\">\n\t<td class=\"column-1\">PROTOCOLO DE DESREGULACI\u00d3N EMOCIONAL Y CONDUCTUAL (ESTUDIANTES TEA)<\/td><td class=\"column-2\"><span><a href=\"https:\/\/webpe.colegiomayor.cl\/wp-content\/uploads\/2025\/08\/Anexo-N\u00b0-28-Protocolo-DEC-estudiantes-TEA.pdf\" target=\"_blank\"><i class=\"fa-solid fa-file-pdf\" style=\"display: block;text-align: center;line-height: 1.1;color:red;font-size: 24px\"><\/i><\/a><\/span><\/td>\n<\/tr>\n<tr class=\"row-17\">\n\t<td class=\"column-1\">PLAN DE ACOMPA\u00d1AMIENTO EMOCIONAL Y CONDUCTUAL (P.A.E.C.)<\/td><td class=\"column-2\"><span><a href=\"https:\/\/webpe.colegiomayor.cl\/wp-content\/uploads\/2025\/08\/Anexo-N\u00b0-28-B-PAEC-TEA.pdf\" target=\"_blank\"><i class=\"fa-solid fa-file-pdf\" style=\"display: block;text-align: center;line-height: 1.1;color:red;font-size: 24px\"><\/i><\/a><\/span><\/td>\n<\/tr>\n<tr class=\"row-18\">\n\t<td class=\"column-1\">PROTOCOLO DE ACTUACI\u00d3N FRENTE A ACCIONES DE DESPRESTIGIO EN REDES SOCIALES (FUNAS)<\/td><td class=\"column-2\"><span><a href=\"https:\/\/webpe.colegiomayor.cl\/wp-content\/uploads\/2025\/08\/Anexo-N\u00b0-19-Protocolo-frente-a-desprestigio-uso-RRSS.pdf\" target=\"_blank\"><i class=\"fa-solid fa-file-pdf\" style=\"display: block;text-align: center;line-height: 1.1;color:red;font-size: 24px\"><\/i><\/a><\/span><\/td>\n<\/tr>\n<tr class=\"row-19\">\n\t<td class=\"column-1\">PROTOCOLO DE ACTUACI\u00d3N EN PREVENCI\u00d3N DE SUICIDIO<\/td><td class=\"column-2\"><span><a href=\"https:\/\/webpe.colegiomayor.cl\/wp-content\/uploads\/2025\/08\/Anexo-N\u00b0-20-Protocolo-de-actuacion-en-Prevencion-de-suicidio.pdf\" target=\"_blank\"><i class=\"fa-solid fa-file-pdf\" style=\"display: block;text-align: center;line-height: 1.1;color:red;font-size: 24px\"><\/i><\/a><\/span><\/td>\n<\/tr>\n<tr class=\"row-20\">\n\t<td class=\"column-1\">PROTOCOLO ACTUACION EN CASOS DE MALTRATO VIOLENCIA ESCOLAR PDF<br \/>\n<\/td><td class=\"column-2\"><span><a href=\"https:\/\/webpe.colegiomayor.cl\/wp-content\/uploads\/2025\/08\/Anexo-N\u00b0-21-Protocolo-actuacion-en-casos-de-Maltrato-Violencia-escolar.pdf\" target=\"_blank\"><i class=\"fa-solid fa-file-pdf\" style=\"display: block;text-align: center;line-height: 1.1;color:red;font-size: 24px\"><\/i><\/a><\/span><\/td>\n<\/tr>\n<tr class=\"row-21\">\n\t<td class=\"column-1\">REGULACIONES PARA EDUCACI\u00d3N F\u00cdSICA DEPORTES Y SELECCIONES<\/td><td class=\"column-2\"><span><a href=\"https:\/\/webpe.colegiomayor.cl\/wp-content\/uploads\/2025\/08\/Anexo-N\u00b0-23-REGULACIONS-EDUCACION-FISICA-DEPORTES-Y-SELECCIONES.pdf\" target=\"_blank\"><i class=\"fa-solid fa-file-pdf\" style=\"display: block;text-align: center;line-height: 1.1;color:red;font-size: 24px\"><\/i><\/a><\/span><\/td>\n<\/tr>\n<tr class=\"row-22\">\n\t<td class=\"column-1\">REGLAMENTO SELECCIONES DEPORTIVAS<\/td><td class=\"column-2\"><span><a href=\"https:\/\/webpe.colegiomayor.cl\/wp-content\/uploads\/2025\/08\/Anexo-N\u00b0-24-REGLAMENTO-SELECCIONES-DEPORTIVAS.pdf\" target=\"_blank\"><i class=\"fa-solid fa-file-pdf\" style=\"display: block;text-align: center;line-height: 1.1;color:red;font-size: 24px\"><\/i><\/a><\/span><\/td>\n<\/tr>\n<tr class=\"row-23\">\n\t<td class=\"column-1\">REGLAMENTO PISCINA ESTADIO MAYOR<\/td><td class=\"column-2\"><span><a href=\"https:\/\/webpe.colegiomayor.cl\/wp-content\/uploads\/2025\/08\/Anexo-N\u00b0-25-REGLAMENTO-PISCINA-ESTADIO-MAYOR-1.pdf\" target=\"_blank\"><i class=\"fa-solid fa-file-pdf\" style=\"display: block;text-align: center;line-height: 1.1;color:red;font-size: 24px\"><\/i><\/a><\/span><\/td>\n<\/tr>\n<tr class=\"row-24\">\n\t<td class=\"column-1\">PROCEDIMIENTOS DE ACTUALIZACIO\u0301N DEL REGLAMENTO INTERNO DEL COLEGIO MAYOR PE\u00d1ALOL\u00c9N.<\/td><td class=\"column-2\"><span><a href=\"https:\/\/webpe.colegiomayor.cl\/wp-content\/uploads\/2025\/08\/Anexo-N\u00b0-26-Protocolo-de-Actualizacion-y-Revision-RI.pdf\" target=\"_blank\"><i class=\"fa-solid fa-file-pdf\" style=\"display: block;text-align: center;line-height: 1.1;color:red;font-size: 24px\"><\/i><\/a><\/span><\/td>\n<\/tr>\n<tr class=\"row-25\">\n\t<td class=\"column-1\">PROTOCOLO DE DESREGULACION EMOCIONAL Y CONDUCTUAL<\/td><td class=\"column-2\"><span><a href=\"https:\/\/webpe.colegiomayor.cl\/wp-content\/uploads\/2025\/08\/Anexo-N\u00b0-27-Protocolo-de-Desregulacion-Emocional-y-Conductual.pdf\" target=\"_blank\"><i class=\"fa-solid fa-file-pdf\" style=\"display: block;text-align: center;line-height: 1.1;color:red;font-size: 24px\"><\/i><\/a><\/span><\/td>\n<\/tr>\n<tr class=\"row-26\">\n\t<td class=\"column-1\">PLAN DE APOYO A ESTUDIANTES NEE<\/td><td class=\"column-2\"><span><a href=\"https:\/\/webpe.colegiomayor.cl\/wp-content\/uploads\/2025\/08\/Anexo-N\u00b0-29-Plan-de-apoyo-a-estudiantes-NEE.pdf\" target=\"_blank\"><i class=\"fa-solid fa-file-pdf\" style=\"display: block;text-align: center;line-height: 1.1;color:red;font-size: 24px\"><\/i><\/a><\/span><\/td>\n<\/tr>\n<tr class=\"row-27\">\n\t<td class=\"column-1\">PLAN DE ADECUACI\u00d3N CURRICULAR INDIVIDUAL (P.A.C.I.)<\/td><td class=\"column-2\"><span><a href=\"https:\/\/webpe.colegiomayor.cl\/wp-content\/uploads\/2025\/08\/Anexos-N\u00b0-29-PACI-1.pdf\" target=\"_blank\"><i class=\"fa-solid fa-file-pdf\" style=\"display: block;text-align: center;line-height: 1.1;color:red;font-size: 24px\"><\/i><\/a><\/span><\/td>\n<\/tr>\n<tr class=\"row-28\">\n\t<td class=\"column-1\">ESTATUTO CENTRO DE PADRES<\/td><td class=\"column-2\"><span><a href=\"https:\/\/webpe.colegiomayor.cl\/wp-content\/uploads\/2025\/08\/Anexo-N\u00b0-18-Estatuto-Centro-de-Padres-original.pdf\" target=\"_blank\"><i class=\"fa-solid fa-file-pdf\" style=\"display: block;text-align: center;line-height: 1.1;color:red;font-size: 24px\"><\/i><\/a><\/span><\/td>\n<\/tr>\n<tr class=\"row-29\">\n\t<td class=\"column-1\">ESTATUTOS CENTRO DE ESTUDIANTES CEM<\/td><td class=\"column-2\"><span><a href=\"https:\/\/webpe.colegiomayor.cl\/wp-content\/uploads\/2025\/08\/Anexo-N\u00b0-17-Estatutos-Centro-de-Estudiantes-CEM.pdf\" target=\"_blank\"><i class=\"fa-solid fa-file-pdf\" style=\"display: block;text-align: center;line-height: 1.1;color:red;font-size: 24px\"><\/i><\/a><\/span><\/td>\n<\/tr>\n<tr class=\"row-30\">\n\t<td class=\"column-1\">PROTOCOLO RETENCI\u00d3N DE ESTUDIANTES EMBARAZADAS MADRES O PADRES ADOLESCENTES<\/td><td class=\"column-2\"><span><a href=\"https:\/\/webpe.colegiomayor.cl\/wp-content\/uploads\/2025\/08\/Anexo-N\u00b0-16-Protocolo_retencion_de_estudiantes_embarazadas_madres_o_padres_adolescentes.pdf\" target=\"_blank\"><i class=\"fa-solid fa-file-pdf\" style=\"display: block;text-align: center;line-height: 1.1;color:red;font-size: 24px\"><\/i><\/a><\/span><\/td>\n<\/tr>\n<tr class=\"row-31\">\n\t<td class=\"column-1\">SALIDAS PEDAG\u00d3GICAS<\/td><td class=\"column-2\"><span><a href=\"https:\/\/webpe.colegiomayor.cl\/wp-content\/uploads\/2025\/08\/Anexo-N\u00b0-15-Salidas-Pedagogicas.pdf\" target=\"_blank\"><i class=\"fa-solid fa-file-pdf\" style=\"display: block;text-align: center;line-height: 1.1;color:red;font-size: 24px\"><\/i><\/a><\/span><\/td>\n<\/tr>\n<tr class=\"row-32\">\n\t<td class=\"column-1\">USO DE TEL\u00c9FONOS M\u00d3VILES<\/td><td class=\"column-2\"><span><a href=\"https:\/\/webpe.colegiomayor.cl\/wp-content\/uploads\/2025\/08\/Anexo-N\u00b0-14-Uso-de-Telefonos-moviles.pdf\" target=\"_blank\"><i class=\"fa-solid fa-file-pdf\" style=\"display: block;text-align: center;line-height: 1.1;color:red;font-size: 24px\"><\/i><\/a><\/span><\/td>\n<\/tr>\n<tr class=\"row-33\">\n\t<td class=\"column-1\">PROCEDIMIENTO DE HECHOS DE CONNOTACI\u00d3N SEXUAL E. PARVULARIA<\/td><td class=\"column-2\"><span><a href=\"https:\/\/webpe.colegiomayor.cl\/wp-content\/uploads\/2025\/08\/Anexo-N\u00b0-13-Procedimiento-de-Hechos-de-connotacion-sexual-E.-Parvularia.pdf\" target=\"_blank\"><i class=\"fa-solid fa-file-pdf\" style=\"display: block;text-align: center;line-height: 1.1;color:red;font-size: 24px\"><\/i><\/a><\/span><\/td>\n<\/tr>\n<\/tbody>\n<\/table>\n<!-- #tablepress-2 from cache -->[\/vc_column_text][\/vc_column_inner][\/vc_row_inner][vc_separator css=&#8221;&#8221;][\/vc_column][\/vc_row]<\/p>\n<\/div>","protected":false},"excerpt":{"rendered":"<p>[vc_row css=&#8221;.vc_custom_1491472723216{margin-bottom: 20px !important;}&#8221;][vc_column css=&#8221;.vc_custom_1490090587979{margin-bottom: 0px !important;}&#8221;][vc_custom_heading text=&#8221;Reglamento Interno y de Convivencia Escolar&#8221; font_container=&#8221;tag:h1|text_align:left&#8221; use_theme_fonts=&#8221;yes&#8221; css=&#8221;.vc_custom_1732770275134{margin-top: 0px !important;margin-bottom: 20px !important;}&#8221;][vc_row_inner][vc_column_inner width=&#8221;1\/3&#8243;][vc_gallery interval=&#8221;3&#8243; images=&#8221;38857&#8243; img_size=&#8221;full&#8221; css=&#8221;&#8221;][\/vc_column_inner][vc_column_inner width=&#8221;2\/3&#8243;][vc_column_text css=&#8221;&#8221;]Se aspira a la conformaci\u00f3n de una Comunidad Educativa que sea capaz de proporcionar oportunidades a todos los integrantes&nbsp;<a href=\"https:\/\/webpe.colegiomayor.cl\/?page_id=662\">&hellip;<\/a><\/p>\n","protected":false},"author":1,"featured_media":0,"parent":854,"menu_order":0,"comment_status":"closed","ping_status":"closed","template":"template-sidebar-right-childpages.php","meta":{"content-type":"","footnotes":""},"class_list":["post-662","page","type-page","status-publish","hentry","odd"],"rttpg_featured_image_url":null,"rttpg_author":{"display_name":"josefariesco@gmail.com","author_link":"https:\/\/webpe.colegiomayor.cl\/?author=1"},"rttpg_comment":0,"rttpg_category":null,"rttpg_excerpt":"[vc_row css=&#8221;.vc_custom_1491472723216{margin-bottom: 20px !important;}&#8221;][vc_column css=&#8221;.vc_custom_1490090587979{margin-bottom: 0px !important;}&#8221;][vc_custom_heading text=&#8221;Reglamento Interno y de Convivencia Escolar&#8221; font_container=&#8221;tag:h1|text_align:left&#8221; use_theme_fonts=&#8221;yes&#8221; css=&#8221;.vc_custom_1732770275134{margin-top: 0px !important;margin-bottom: 20px !important;}&#8221;][vc_row_inner][vc_column_inner width=&#8221;1\/3&#8243;][vc_gallery interval=&#8221;3&#8243; images=&#8221;38857&#8243; img_size=&#8221;full&#8221; css=&#8221;&#8221;][\/vc_column_inner][vc_column_inner width=&#8221;2\/3&#8243;][vc_column_text css=&#8221;&#8221;]Se aspira a la conformaci\u00f3n de una Comunidad Educativa que sea capaz de proporcionar oportunidades a todos los integrantes&nbsp;&hellip;","_links":{"self":[{"href":"https:\/\/webpe.colegiomayor.cl\/index.php?rest_route=\/wp\/v2\/pages\/662","targetHints":{"allow":["GET"]}}],"collection":[{"href":"https:\/\/webpe.colegiomayor.cl\/index.php?rest_route=\/wp\/v2\/pages"}],"about":[{"href":"https:\/\/webpe.colegiomayor.cl\/index.php?rest_route=\/wp\/v2\/types\/page"}],"author":[{"embeddable":true,"href":"https:\/\/webpe.colegiomayor.cl\/index.php?rest_route=\/wp\/v2\/users\/1"}],"replies":[{"embeddable":true,"href":"https:\/\/webpe.colegiomayor.cl\/index.php?rest_route=%2Fwp%2Fv2%2Fcomments&post=662"}],"version-history":[{"count":60,"href":"https:\/\/webpe.colegiomayor.cl\/index.php?rest_route=\/wp\/v2\/pages\/662\/revisions"}],"predecessor-version":[{"id":38867,"href":"https:\/\/webpe.colegiomayor.cl\/index.php?rest_route=\/wp\/v2\/pages\/662\/revisions\/38867"}],"up":[{"embeddable":true,"href":"https:\/\/webpe.colegiomayor.cl\/index.php?rest_route=\/wp\/v2\/pages\/854"}],"wp:attachment":[{"href":"https:\/\/webpe.colegiomayor.cl\/index.php?rest_route=%2Fwp%2Fv2%2Fmedia&parent=662"}],"curies":[{"name":"wp","href":"https:\/\/api.w.org\/{rel}","templated":true}]}}