{"id":480,"date":"2024-11-27T01:49:27","date_gmt":"2024-11-27T04:49:27","guid":{"rendered":"https:\/\/webpe.colegiomayor.cl\/?page_id=480"},"modified":"2024-11-27T03:55:43","modified_gmt":"2024-11-27T06:55:43","slug":"noticias","status":"publish","type":"page","link":"https:\/\/webpe.colegiomayor.cl\/?page_id=480","title":{"rendered":"Noticias"},"content":{"rendered":"\t\t<div class=\"rttpg-block-postgrid rttpg-block-wrapper rttpg-block-ec5b7f tpg-filter-type-dropdown pagination-visibility-show meta-visibility-show section-title-style-style1 img_hover_animation_default title-default title_position_default title_hover_border_default meta_position_default tpg-is-author-icon-default author-image-visibility-icon tpg-category-position-default readmore-btn-default-style grid-hover-overlay-type-always grid-hover-overlay-height-default hover-overlay-height-default tpg-title-border-default filter-nex-prev-btn-visible tpg-cat-style4 slider-scroll-hide act-label-style-inline\">\n\t\t\t<div class=\"rt-container-fluid rt-tpg-container tpg-el-main-wrapper clearfix list-layout1-main\"\n\t\t\t\t id=\"rt-tpg-container-511649335\"\n\t\t\t\t data-layout=\"list-layout1\"\n\t\t\t\t data-grid-style=\"tpg-even\" data-sc-id=\"elementor\"\n\t\t\t\t data-el-settings=''\n\t\t\t\t data-el-query=''\n\t\t\t\t data-el-path=''>\n\t\t\t\t\t\t\t\t<div class='tpg-header-wrapper '>\n\t\t\t\t\t\t\t\t\t<\/div>\n\t\t\t\t<div class=\"rt-row rt-content-loader gutenberg-inner list-layout1 tpg-even list-behaviour list-layout-wrapper\">\n\t\t\t\t\t\n<div class=\"rt-col-md-12 rt-col-sm-12 rt-col-xs-12 default rt-list-item rt-grid-item\" data-id=\"40737\">\n\t<div class=\"rt-holder tpg-post-holder\">\n\t\t<div class=\"rt-detail rt-el-content-wrapper\">\n\t\t\t\t\t\t\t<div class=\"rt-img-holder tpg-el-image-wrap has-thumbnail\">\n\t\t\t\t\t<a data-id=\"40737\" href=\"https:\/\/webpe.colegiomayor.cl\/?p=40737\" class=\"tpg-post-link\" target=\"_self\">                        <img loading=\"lazy\" decoding=\"async\" src=\"https:\/\/webpe.colegiomayor.cl\/wp-content\/uploads\/2026\/04\/C0114T01.jpg\"\n                             class=\"rt-img-responsive\"\n                             width=\"768\"\n                             height=\"432\"\n                             alt=\"Actividades Deportivas &#8211; S\u00e1bado 25 de abril\">\n\t\t\t\t\t\t\n\t\t\t\t\t\t\t\n\t\t<\/a>\n\t\t        <div class=\"overlay grid-hover-content\"><\/div>\n\t\t\t\t\t\t<\/div>\n\t\t\t\n\t\t\t<div class=\"post-right-content\">\n\n\t\t\t\t<div class=\"entry-title-wrapper\"><h3 class=\"entry-title\"><a data-id=\"40737\" href=\"https:\/\/webpe.colegiomayor.cl\/?p=40737\" class=\"tpg-post-link\" target=\"_self\">Actividades Deportivas &#8211; S\u00e1bado 25 de abril<\/a><\/h3><\/div>\n\t\t\t\t\t\t\t\t\t<div class=\"post-meta-tags rt-el-post-meta\">\n\t\t\t\t\t\t            <span class='categories-links'>\n\t\t\t\t<i class='fas fa-folder-open '><\/i><a class=\"categoria-3\" href=\"https:\/\/webpe.colegiomayor.cl\/?cat=1\">NOTICIAS<\/a>\n\t\t\t<\/span>\n\t\t\t<span class='separator'>|<\/span>            <span class='date'>\n\t\t\t\t<i class='far fa-calendar-alt '><\/i>\t\t\t\t                    <a href=\"https:\/\/webpe.colegiomayor.cl\/?m=20260423\">\n\t\t\t\t\t23 de Abril de 2026\t\t\t\t<\/a>\n\t\t\t\t\t\t\t<\/span>\n\t\t\t<span class='separator'>|<\/span>\t\t\t\t\t<\/div>\n\t\t\t\t\n\t\t\t\t\t\t\t\t\t<div class=\"tpg-excerpt tpg-el-excerpt\">\n\t\t\t\t\t\t\t\t\t\t\t\t\t<div class=\"tpg-excerpt-inner\">\n\t\t\t\t\t\t\t\tDeporte &nbsp;&nbsp;&nbsp;&nbsp;&nbsp;&nbsp;&nbsp;&nbsp;&nbsp;&nbsp;&nbsp;&nbsp;&nbsp;&nbsp;&nbsp;&#8230;\t\t\t\t\t\t\t<\/div>\n\t\t\t\t\t\t\t\t\t\t\t\t\t\t\t\t\t<\/div>\n\t\t\t\t\n\t\t\t\t        <div class=\"post-footer\">\n            <div class=\"post-footer\">\n                <div class=\"read-more\">\n\t\t\t\t\t<a data-id=\"40737\" href=\"https:\/\/webpe.colegiomayor.cl\/?p=40737\" class=\"tpg-post-link\" target=\"_self\">Leer m\u00e1s<i class='left-icon fas fa-angle-right right-icon'><\/i><\/a>                <\/div>\n            <\/div>\n        <\/div>\n\t\t\t\t\t<\/div>\n\n\t\t<\/div>\n\t<\/div>\n<\/div>\n<div class=\"rt-col-md-12 rt-col-sm-12 rt-col-xs-12 default rt-list-item rt-grid-item\" data-id=\"40727\">\n\t<div class=\"rt-holder tpg-post-holder\">\n\t\t<div class=\"rt-detail rt-el-content-wrapper\">\n\t\t\t\t\t\t\t<div class=\"rt-img-holder tpg-el-image-wrap has-thumbnail\">\n\t\t\t\t\t<a data-id=\"40727\" href=\"https:\/\/webpe.colegiomayor.cl\/?p=40727\" class=\"tpg-post-link\" target=\"_self\">                        <img loading=\"lazy\" decoding=\"async\" src=\"https:\/\/webpe.colegiomayor.cl\/wp-content\/uploads\/2026\/04\/FORMATO-IMAGENES-WORDPRESS-758-x-500-px-10.jpg\"\n                             class=\"rt-img-responsive\"\n                             width=\"768\"\n                             height=\"500\"\n                             alt=\"Escritor Andr\u00e9s Montero visit\u00f3 el colegio y dio charlas sobre dos de sus obras\">\n\t\t\t\t\t\t\n\t\t\t\t\t\t\t\n\t\t<\/a>\n\t\t        <div class=\"overlay grid-hover-content\"><\/div>\n\t\t\t\t\t\t<\/div>\n\t\t\t\n\t\t\t<div class=\"post-right-content\">\n\n\t\t\t\t<div class=\"entry-title-wrapper\"><h3 class=\"entry-title\"><a data-id=\"40727\" href=\"https:\/\/webpe.colegiomayor.cl\/?p=40727\" class=\"tpg-post-link\" target=\"_self\">Escritor Andr\u00e9s Montero visit\u00f3 el colegio y dio charlas sobre dos de sus obras<\/a><\/h3><\/div>\n\t\t\t\t\t\t\t\t\t<div class=\"post-meta-tags rt-el-post-meta\">\n\t\t\t\t\t\t            <span class='categories-links'>\n\t\t\t\t<i class='fas fa-folder-open '><\/i><a class=\"categoria-3\" href=\"https:\/\/webpe.colegiomayor.cl\/?cat=1\">NOTICIAS<\/a>\n\t\t\t<\/span>\n\t\t\t<span class='separator'>|<\/span>            <span class='date'>\n\t\t\t\t<i class='far fa-calendar-alt '><\/i>\t\t\t\t                    <a href=\"https:\/\/webpe.colegiomayor.cl\/?m=20260417\">\n\t\t\t\t\t17 de Abril de 2026\t\t\t\t<\/a>\n\t\t\t\t\t\t\t<\/span>\n\t\t\t<span class='separator'>|<\/span>\t\t\t\t\t<\/div>\n\t\t\t\t\n\t\t\t\t\t\t\t\t\t<div class=\"tpg-excerpt tpg-el-excerpt\">\n\t\t\t\t\t\t\t\t\t\t\t\t\t<div class=\"tpg-excerpt-inner\">\n\t\t\t\t\t\t\t\tEl escritor nacional comparti\u00f3 con estudiantes de s\u00e9ptimo b\u00e1sico y tercero medio, en jornadas&#8230;\t\t\t\t\t\t\t<\/div>\n\t\t\t\t\t\t\t\t\t\t\t\t\t\t\t\t\t<\/div>\n\t\t\t\t\n\t\t\t\t        <div class=\"post-footer\">\n            <div class=\"post-footer\">\n                <div class=\"read-more\">\n\t\t\t\t\t<a data-id=\"40727\" href=\"https:\/\/webpe.colegiomayor.cl\/?p=40727\" class=\"tpg-post-link\" target=\"_self\">Leer m\u00e1s<i class='left-icon fas fa-angle-right right-icon'><\/i><\/a>                <\/div>\n            <\/div>\n        <\/div>\n\t\t\t\t\t<\/div>\n\n\t\t<\/div>\n\t<\/div>\n<\/div>\n<div class=\"rt-col-md-12 rt-col-sm-12 rt-col-xs-12 default rt-list-item rt-grid-item\" data-id=\"40721\">\n\t<div class=\"rt-holder tpg-post-holder\">\n\t\t<div class=\"rt-detail rt-el-content-wrapper\">\n\t\t\t\t\t\t\t<div class=\"rt-img-holder tpg-el-image-wrap has-thumbnail\">\n\t\t\t\t\t<a data-id=\"40721\" href=\"https:\/\/webpe.colegiomayor.cl\/?p=40721\" class=\"tpg-post-link\" target=\"_self\">                        <img loading=\"lazy\" decoding=\"async\" src=\"https:\/\/webpe.colegiomayor.cl\/wp-content\/uploads\/2026\/04\/9787.jpg\"\n                             class=\"rt-img-responsive\"\n                             width=\"768\"\n                             height=\"549\"\n                             alt=\"Actividades Deportivas \u2013 S\u00e1bado\u00a018 de abril\">\n\t\t\t\t\t\t\n\t\t\t\t\t\t\t\n\t\t<\/a>\n\t\t        <div class=\"overlay grid-hover-content\"><\/div>\n\t\t\t\t\t\t<\/div>\n\t\t\t\n\t\t\t<div class=\"post-right-content\">\n\n\t\t\t\t<div class=\"entry-title-wrapper\"><h3 class=\"entry-title\"><a data-id=\"40721\" href=\"https:\/\/webpe.colegiomayor.cl\/?p=40721\" class=\"tpg-post-link\" target=\"_self\">Actividades Deportivas \u2013 S\u00e1bado\u00a018 de abril<\/a><\/h3><\/div>\n\t\t\t\t\t\t\t\t\t<div class=\"post-meta-tags rt-el-post-meta\">\n\t\t\t\t\t\t            <span class='categories-links'>\n\t\t\t\t<i class='fas fa-folder-open '><\/i><a class=\"categoria-3\" href=\"https:\/\/webpe.colegiomayor.cl\/?cat=1\">NOTICIAS<\/a>\n\t\t\t<\/span>\n\t\t\t<span class='separator'>|<\/span>            <span class='date'>\n\t\t\t\t<i class='far fa-calendar-alt '><\/i>\t\t\t\t                    <a href=\"https:\/\/webpe.colegiomayor.cl\/?m=20260416\">\n\t\t\t\t\t16 de Abril de 2026\t\t\t\t<\/a>\n\t\t\t\t\t\t\t<\/span>\n\t\t\t<span class='separator'>|<\/span>\t\t\t\t\t<\/div>\n\t\t\t\t\n\t\t\t\t\t\t\t\t\t<div class=\"tpg-excerpt tpg-el-excerpt\">\n\t\t\t\t\t\t\t\t\t\t\t\t\t<div class=\"tpg-excerpt-inner\">\n\t\t\t\t\t\t\t\tDeporte &nbsp;ATLETISMO S\u00e1bado 18 de AbrilTorneoEntrenamientoEntrenamientoCategor\u00edasPreparatoria e&#8230;\t\t\t\t\t\t\t<\/div>\n\t\t\t\t\t\t\t\t\t\t\t\t\t\t\t\t\t<\/div>\n\t\t\t\t\n\t\t\t\t        <div class=\"post-footer\">\n            <div class=\"post-footer\">\n                <div class=\"read-more\">\n\t\t\t\t\t<a data-id=\"40721\" href=\"https:\/\/webpe.colegiomayor.cl\/?p=40721\" class=\"tpg-post-link\" target=\"_self\">Leer m\u00e1s<i class='left-icon fas fa-angle-right right-icon'><\/i><\/a>                <\/div>\n            <\/div>\n        <\/div>\n\t\t\t\t\t<\/div>\n\n\t\t<\/div>\n\t<\/div>\n<\/div>\n<div class=\"rt-col-md-12 rt-col-sm-12 rt-col-xs-12 default rt-list-item rt-grid-item\" data-id=\"40714\">\n\t<div class=\"rt-holder tpg-post-holder\">\n\t\t<div class=\"rt-detail rt-el-content-wrapper\">\n\t\t\t\t\t\t\t<div class=\"rt-img-holder tpg-el-image-wrap has-thumbnail\">\n\t\t\t\t\t<a data-id=\"40714\" href=\"https:\/\/webpe.colegiomayor.cl\/?p=40714\" class=\"tpg-post-link\" target=\"_self\">                        <img loading=\"lazy\" decoding=\"async\" src=\"https:\/\/webpe.colegiomayor.cl\/wp-content\/uploads\/2026\/04\/FORMATO-IMAGENES-WORDPRESS-758-x-500-px-4.jpg\"\n                             class=\"rt-img-responsive\"\n                             width=\"768\"\n                             height=\"500\"\n                             alt=\"Biling\u00fces y felices: 24 estudiantes obtienen certificaciones Cambridge por su dominio del ingl\u00e9s\">\n\t\t\t\t\t\t\n\t\t\t\t\t\t\t\n\t\t<\/a>\n\t\t        <div class=\"overlay grid-hover-content\"><\/div>\n\t\t\t\t\t\t<\/div>\n\t\t\t\n\t\t\t<div class=\"post-right-content\">\n\n\t\t\t\t<div class=\"entry-title-wrapper\"><h3 class=\"entry-title\"><a data-id=\"40714\" href=\"https:\/\/webpe.colegiomayor.cl\/?p=40714\" class=\"tpg-post-link\" target=\"_self\">Biling\u00fces y felices: 24 estudiantes obtienen certificaciones Cambridge por su dominio del ingl\u00e9s<\/a><\/h3><\/div>\n\t\t\t\t\t\t\t\t\t<div class=\"post-meta-tags rt-el-post-meta\">\n\t\t\t\t\t\t            <span class='categories-links'>\n\t\t\t\t<i class='fas fa-folder-open '><\/i><a class=\"categoria-3\" href=\"https:\/\/webpe.colegiomayor.cl\/?cat=1\">NOTICIAS<\/a>\n\t\t\t<\/span>\n\t\t\t<span class='separator'>|<\/span>            <span class='date'>\n\t\t\t\t<i class='far fa-calendar-alt '><\/i>\t\t\t\t                    <a href=\"https:\/\/webpe.colegiomayor.cl\/?m=20260416\">\n\t\t\t\t\t16 de Abril de 2026\t\t\t\t<\/a>\n\t\t\t\t\t\t\t<\/span>\n\t\t\t<span class='separator'>|<\/span>\t\t\t\t\t<\/div>\n\t\t\t\t\n\t\t\t\t\t\t\t\t\t<div class=\"tpg-excerpt tpg-el-excerpt\">\n\t\t\t\t\t\t\t\t\t\t\t\t\t<div class=\"tpg-excerpt-inner\">\n\t\t\t\t\t\t\t\tEl logro fue destacado en una ceremonia realizada la ma\u00f1ana de este martes, reafirmando el&#8230;\t\t\t\t\t\t\t<\/div>\n\t\t\t\t\t\t\t\t\t\t\t\t\t\t\t\t\t<\/div>\n\t\t\t\t\n\t\t\t\t        <div class=\"post-footer\">\n            <div class=\"post-footer\">\n                <div class=\"read-more\">\n\t\t\t\t\t<a data-id=\"40714\" href=\"https:\/\/webpe.colegiomayor.cl\/?p=40714\" class=\"tpg-post-link\" target=\"_self\">Leer m\u00e1s<i class='left-icon fas fa-angle-right right-icon'><\/i><\/a>                <\/div>\n            <\/div>\n        <\/div>\n\t\t\t\t\t<\/div>\n\n\t\t<\/div>\n\t<\/div>\n<\/div>\n<div class=\"rt-col-md-12 rt-col-sm-12 rt-col-xs-12 default rt-list-item rt-grid-item\" data-id=\"40710\">\n\t<div class=\"rt-holder tpg-post-holder\">\n\t\t<div class=\"rt-detail rt-el-content-wrapper\">\n\t\t\t\t\t\t\t<div class=\"rt-img-holder tpg-el-image-wrap has-thumbnail\">\n\t\t\t\t\t<a data-id=\"40710\" href=\"https:\/\/webpe.colegiomayor.cl\/?p=40710\" class=\"tpg-post-link\" target=\"_self\">                        <img loading=\"lazy\" decoding=\"async\" src=\"https:\/\/webpe.colegiomayor.cl\/wp-content\/uploads\/2026\/04\/FORMATO-IMAGENES-WORDPRESS-758-x-500-px.jpg\"\n                             class=\"rt-img-responsive\"\n                             width=\"768\"\n                             height=\"500\"\n                             alt=\"\u00a1Felicitaciones, mellizas!: Emilia y Renata Garrido terminaron sextas en Panamericano de nataci\u00f3n art\u00edstica\">\n\t\t\t\t\t\t\n\t\t\t\t\t\t\t\n\t\t<\/a>\n\t\t        <div class=\"overlay grid-hover-content\"><\/div>\n\t\t\t\t\t\t<\/div>\n\t\t\t\n\t\t\t<div class=\"post-right-content\">\n\n\t\t\t\t<div class=\"entry-title-wrapper\"><h3 class=\"entry-title\"><a data-id=\"40710\" href=\"https:\/\/webpe.colegiomayor.cl\/?p=40710\" class=\"tpg-post-link\" target=\"_self\">\u00a1Felicitaciones, mellizas!: Emilia y Renata Garrido terminaron sextas en Panamericano de nataci\u00f3n art\u00edstica<\/a><\/h3><\/div>\n\t\t\t\t\t\t\t\t\t<div class=\"post-meta-tags rt-el-post-meta\">\n\t\t\t\t\t\t            <span class='categories-links'>\n\t\t\t\t<i class='fas fa-folder-open '><\/i><a class=\"categoria-3\" href=\"https:\/\/webpe.colegiomayor.cl\/?cat=1\">NOTICIAS<\/a>\n\t\t\t<\/span>\n\t\t\t<span class='separator'>|<\/span>            <span class='date'>\n\t\t\t\t<i class='far fa-calendar-alt '><\/i>\t\t\t\t                    <a href=\"https:\/\/webpe.colegiomayor.cl\/?m=20260414\">\n\t\t\t\t\t14 de Abril de 2026\t\t\t\t<\/a>\n\t\t\t\t\t\t\t<\/span>\n\t\t\t<span class='separator'>|<\/span>\t\t\t\t\t<\/div>\n\t\t\t\t\n\t\t\t\t\t\t\t\t\t<div class=\"tpg-excerpt tpg-el-excerpt\">\n\t\t\t\t\t\t\t\t\t\t\t\t\t<div class=\"tpg-excerpt-inner\">\n\t\t\t\t\t\t\t\tLas j\u00f3venes de 15 a\u00f1os, quienes adem\u00e1s son campeonas nacionales de dueto juvenil, representaron a&#8230;\t\t\t\t\t\t\t<\/div>\n\t\t\t\t\t\t\t\t\t\t\t\t\t\t\t\t\t<\/div>\n\t\t\t\t\n\t\t\t\t        <div class=\"post-footer\">\n            <div class=\"post-footer\">\n                <div class=\"read-more\">\n\t\t\t\t\t<a data-id=\"40710\" href=\"https:\/\/webpe.colegiomayor.cl\/?p=40710\" class=\"tpg-post-link\" target=\"_self\">Leer m\u00e1s<i class='left-icon fas fa-angle-right right-icon'><\/i><\/a>                <\/div>\n            <\/div>\n        <\/div>\n\t\t\t\t\t<\/div>\n\n\t\t<\/div>\n\t<\/div>\n<\/div>\n<div class=\"rt-col-md-12 rt-col-sm-12 rt-col-xs-12 default rt-list-item rt-grid-item\" data-id=\"40702\">\n\t<div class=\"rt-holder tpg-post-holder\">\n\t\t<div class=\"rt-detail rt-el-content-wrapper\">\n\t\t\t\t\t\t\t<div class=\"rt-img-holder tpg-el-image-wrap has-thumbnail\">\n\t\t\t\t\t<a data-id=\"40702\" href=\"https:\/\/webpe.colegiomayor.cl\/?p=40702\" class=\"tpg-post-link\" target=\"_self\">                        <img loading=\"lazy\" decoding=\"async\" src=\"https:\/\/webpe.colegiomayor.cl\/wp-content\/uploads\/2026\/03\/EN1A9444.jpg\"\n                             class=\"rt-img-responsive\"\n                             width=\"768\"\n                             height=\"510\"\n                             alt=\"Actividades Deportivas &#8211; S\u00e1bado 11 de Abril\">\n\t\t\t\t\t\t\n\t\t\t\t\t\t\t\n\t\t<\/a>\n\t\t        <div class=\"overlay grid-hover-content\"><\/div>\n\t\t\t\t\t\t<\/div>\n\t\t\t\n\t\t\t<div class=\"post-right-content\">\n\n\t\t\t\t<div class=\"entry-title-wrapper\"><h3 class=\"entry-title\"><a data-id=\"40702\" href=\"https:\/\/webpe.colegiomayor.cl\/?p=40702\" class=\"tpg-post-link\" target=\"_self\">Actividades Deportivas &#8211; S\u00e1bado 11 de Abril<\/a><\/h3><\/div>\n\t\t\t\t\t\t\t\t\t<div class=\"post-meta-tags rt-el-post-meta\">\n\t\t\t\t\t\t            <span class='categories-links'>\n\t\t\t\t<i class='fas fa-folder-open '><\/i><a class=\"categoria-3\" href=\"https:\/\/webpe.colegiomayor.cl\/?cat=1\">NOTICIAS<\/a>\n\t\t\t<\/span>\n\t\t\t<span class='separator'>|<\/span>            <span class='date'>\n\t\t\t\t<i class='far fa-calendar-alt '><\/i>\t\t\t\t                    <a href=\"https:\/\/webpe.colegiomayor.cl\/?m=20260409\">\n\t\t\t\t\t9 de Abril de 2026\t\t\t\t<\/a>\n\t\t\t\t\t\t\t<\/span>\n\t\t\t<span class='separator'>|<\/span>\t\t\t\t\t<\/div>\n\t\t\t\t\n\t\t\t\t\t\t\t\t\t<div class=\"tpg-excerpt tpg-el-excerpt\">\n\t\t\t\t\t\t\t\t\t\t\t\t\t<div class=\"tpg-excerpt-inner\">\n\t\t\t\t\t\t\t\tDeporte &nbsp;&nbsp;&nbsp;&nbsp;&nbsp;&nbsp;&nbsp;&nbsp;&nbsp;&nbsp;&nbsp;&nbsp;&nbsp;&nbsp;&nbsp;&#8230;\t\t\t\t\t\t\t<\/div>\n\t\t\t\t\t\t\t\t\t\t\t\t\t\t\t\t\t<\/div>\n\t\t\t\t\n\t\t\t\t        <div class=\"post-footer\">\n            <div class=\"post-footer\">\n                <div class=\"read-more\">\n\t\t\t\t\t<a data-id=\"40702\" href=\"https:\/\/webpe.colegiomayor.cl\/?p=40702\" class=\"tpg-post-link\" target=\"_self\">Leer m\u00e1s<i class='left-icon fas fa-angle-right right-icon'><\/i><\/a>                <\/div>\n            <\/div>\n        <\/div>\n\t\t\t\t\t<\/div>\n\n\t\t<\/div>\n\t<\/div>\n<\/div>\n<div class=\"rt-col-md-12 rt-col-sm-12 rt-col-xs-12 default rt-list-item rt-grid-item\" data-id=\"40697\">\n\t<div class=\"rt-holder tpg-post-holder\">\n\t\t<div class=\"rt-detail rt-el-content-wrapper\">\n\t\t\t\t\t\t\t<div class=\"rt-img-holder tpg-el-image-wrap has-thumbnail\">\n\t\t\t\t\t<a data-id=\"40697\" href=\"https:\/\/webpe.colegiomayor.cl\/?p=40697\" class=\"tpg-post-link\" target=\"_self\">                        <img loading=\"lazy\" decoding=\"async\" src=\"https:\/\/webpe.colegiomayor.cl\/wp-content\/uploads\/2026\/04\/FORMATO-IMAGENES-WORDPRESS-758-x-500-px.png\"\n                             class=\"rt-img-responsive\"\n                             width=\"768\"\n                             height=\"510\"\n                             alt=\"Colegio Mayor Pe\u00f1alol\u00e9n fortalece su propuesta art\u00edstica con talleres de viol\u00edn de la Academia Orquin\">\n\t\t\t\t\t\t\n\t\t\t\t\t\t\t\n\t\t<\/a>\n\t\t        <div class=\"overlay grid-hover-content\"><\/div>\n\t\t\t\t\t\t<\/div>\n\t\t\t\n\t\t\t<div class=\"post-right-content\">\n\n\t\t\t\t<div class=\"entry-title-wrapper\"><h3 class=\"entry-title\"><a data-id=\"40697\" href=\"https:\/\/webpe.colegiomayor.cl\/?p=40697\" class=\"tpg-post-link\" target=\"_self\">Colegio Mayor Pe\u00f1alol\u00e9n fortalece su propuesta art\u00edstica con talleres de viol\u00edn de la Academia Orquin<\/a><\/h3><\/div>\n\t\t\t\t\t\t\t\t\t<div class=\"post-meta-tags rt-el-post-meta\">\n\t\t\t\t\t\t            <span class='categories-links'>\n\t\t\t\t<i class='fas fa-folder-open '><\/i><a class=\"categoria-3\" href=\"https:\/\/webpe.colegiomayor.cl\/?cat=1\">NOTICIAS<\/a>\n\t\t\t<\/span>\n\t\t\t<span class='separator'>|<\/span>            <span class='date'>\n\t\t\t\t<i class='far fa-calendar-alt '><\/i>\t\t\t\t                    <a href=\"https:\/\/webpe.colegiomayor.cl\/?m=20260408\">\n\t\t\t\t\t8 de Abril de 2026\t\t\t\t<\/a>\n\t\t\t\t\t\t\t<\/span>\n\t\t\t<span class='separator'>|<\/span>\t\t\t\t\t<\/div>\n\t\t\t\t\n\t\t\t\t\t\t\t\t\t<div class=\"tpg-excerpt tpg-el-excerpt\">\n\t\t\t\t\t\t\t\t\t\t\t\t\t<div class=\"tpg-excerpt-inner\">\n\t\t\t\t\t\t\t\tLa iniciativa musical, que se inici\u00f3 hace algunos d\u00edas, convoc\u00f3 a cerca de 100 estudiantes en su&#8230;\t\t\t\t\t\t\t<\/div>\n\t\t\t\t\t\t\t\t\t\t\t\t\t\t\t\t\t<\/div>\n\t\t\t\t\n\t\t\t\t        <div class=\"post-footer\">\n            <div class=\"post-footer\">\n                <div class=\"read-more\">\n\t\t\t\t\t<a data-id=\"40697\" href=\"https:\/\/webpe.colegiomayor.cl\/?p=40697\" class=\"tpg-post-link\" target=\"_self\">Leer m\u00e1s<i class='left-icon fas fa-angle-right right-icon'><\/i><\/a>                <\/div>\n            <\/div>\n        <\/div>\n\t\t\t\t\t<\/div>\n\n\t\t<\/div>\n\t<\/div>\n<\/div>\n<div class=\"rt-col-md-12 rt-col-sm-12 rt-col-xs-12 default rt-list-item rt-grid-item\" data-id=\"40683\">\n\t<div class=\"rt-holder tpg-post-holder\">\n\t\t<div class=\"rt-detail rt-el-content-wrapper\">\n\t\t\t\t\t\t\t<div class=\"rt-img-holder tpg-el-image-wrap has-thumbnail\">\n\t\t\t\t\t<a data-id=\"40683\" href=\"https:\/\/webpe.colegiomayor.cl\/?p=40683\" class=\"tpg-post-link\" target=\"_self\">                        <img loading=\"lazy\" decoding=\"async\" src=\"https:\/\/webpe.colegiomayor.cl\/wp-content\/uploads\/2026\/03\/Mellizos-Burboa.jpg\"\n                             class=\"rt-img-responsive\"\n                             width=\"768\"\n                             height=\"510\"\n                             alt=\"\u00a1Orgullo Mayor!: tres compa\u00f1eros de curso lograron podio en el Campeonato Nacional de Clavados\">\n\t\t\t\t\t\t\n\t\t\t\t\t\t\t\n\t\t<\/a>\n\t\t        <div class=\"overlay grid-hover-content\"><\/div>\n\t\t\t\t\t\t<\/div>\n\t\t\t\n\t\t\t<div class=\"post-right-content\">\n\n\t\t\t\t<div class=\"entry-title-wrapper\"><h3 class=\"entry-title\"><a data-id=\"40683\" href=\"https:\/\/webpe.colegiomayor.cl\/?p=40683\" class=\"tpg-post-link\" target=\"_self\">\u00a1Orgullo Mayor!: tres compa\u00f1eros de curso lograron podio en el Campeonato Nacional de Clavados<\/a><\/h3><\/div>\n\t\t\t\t\t\t\t\t\t<div class=\"post-meta-tags rt-el-post-meta\">\n\t\t\t\t\t\t            <span class='categories-links'>\n\t\t\t\t<i class='fas fa-folder-open '><\/i><a class=\"categoria-3\" href=\"https:\/\/webpe.colegiomayor.cl\/?cat=1\">NOTICIAS<\/a>\n\t\t\t<\/span>\n\t\t\t<span class='separator'>|<\/span>            <span class='date'>\n\t\t\t\t<i class='far fa-calendar-alt '><\/i>\t\t\t\t                    <a href=\"https:\/\/webpe.colegiomayor.cl\/?m=20260331\">\n\t\t\t\t\t31 de Marzo de 2026\t\t\t\t<\/a>\n\t\t\t\t\t\t\t<\/span>\n\t\t\t<span class='separator'>|<\/span>\t\t\t\t\t<\/div>\n\t\t\t\t\n\t\t\t\t\t\t\t\t\t<div class=\"tpg-excerpt tpg-el-excerpt\">\n\t\t\t\t\t\t\t\t\t\t\t\t\t<div class=\"tpg-excerpt-inner\">\n\t\t\t\t\t\t\t\tElo\u00edsa Araya, Maite y Lucas Burboa, todos de 3\u00b0 A, subieron al podio en el torneo organizado por&#8230;\t\t\t\t\t\t\t<\/div>\n\t\t\t\t\t\t\t\t\t\t\t\t\t\t\t\t\t<\/div>\n\t\t\t\t\n\t\t\t\t        <div class=\"post-footer\">\n            <div class=\"post-footer\">\n                <div class=\"read-more\">\n\t\t\t\t\t<a data-id=\"40683\" href=\"https:\/\/webpe.colegiomayor.cl\/?p=40683\" class=\"tpg-post-link\" target=\"_self\">Leer m\u00e1s<i class='left-icon fas fa-angle-right right-icon'><\/i><\/a>                <\/div>\n            <\/div>\n        <\/div>\n\t\t\t\t\t<\/div>\n\n\t\t<\/div>\n\t<\/div>\n<\/div>\t\t\t\t<\/div>\n\n\t\t\t\t<div class='rt-pagination-wrap' data-total-pages='35' data-posts-per-page='8' data-type='pagination'><div class=\"rt-pagination\"><ul class=\"pagination-list\"><li class=\"active\"><span>1<\/span><\/li><li><a data-paged='2' href='https:\/\/webpe.colegiomayor.cl\/index.php?rest_route=%2Fwp%2Fv2%2Fpages%2F480&#038;paged=2'>2<\/a><\/li><li><a data-paged='3' href='https:\/\/webpe.colegiomayor.cl\/index.php?rest_route=%2Fwp%2Fv2%2Fpages%2F480&#038;paged=3'>3<\/a><\/li><li><a data-paged='4' href='https:\/\/webpe.colegiomayor.cl\/index.php?rest_route=%2Fwp%2Fv2%2Fpages%2F480&#038;paged=4'>4<\/a><\/li><li><a data-paged='5' href='https:\/\/webpe.colegiomayor.cl\/index.php?rest_route=%2Fwp%2Fv2%2Fpages%2F480&#038;paged=5'>5<\/a><\/li><li><a data-paged='2' href=\"https:\/\/webpe.colegiomayor.cl\/index.php?rest_route=%2Fwp%2Fv2%2Fpages%2F480&#038;paged=2\" aria-label='Next'>&rsaquo;<\/a><\/li><li><a data-paged='35' href='https:\/\/webpe.colegiomayor.cl\/index.php?rest_route=%2Fwp%2Fv2%2Fpages%2F480&#038;paged=35' aria-label='Last'>&raquo;<\/a><\/li><\/ul><\/div><\/div>\n\t\t\t<\/div>\n\t\t<\/div>\n\t\t","protected":false},"excerpt":{"rendered":"","protected":false},"author":1,"featured_media":0,"parent":0,"menu_order":0,"comment_status":"closed","ping_status":"closed","template":"","meta":{"content-type":"","footnotes":""},"class_list":["post-480","page","type-page","status-publish","hentry","odd"],"rttpg_featured_image_url":null,"rttpg_author":{"display_name":"josefariesco@gmail.com","author_link":"https:\/\/webpe.colegiomayor.cl\/?author=1"},"rttpg_comment":0,"rttpg_category":null,"rttpg_excerpt":null,"_links":{"self":[{"href":"https:\/\/webpe.colegiomayor.cl\/index.php?rest_route=\/wp\/v2\/pages\/480","targetHints":{"allow":["GET"]}}],"collection":[{"href":"https:\/\/webpe.colegiomayor.cl\/index.php?rest_route=\/wp\/v2\/pages"}],"about":[{"href":"https:\/\/webpe.colegiomayor.cl\/index.php?rest_route=\/wp\/v2\/types\/page"}],"author":[{"embeddable":true,"href":"https:\/\/webpe.colegiomayor.cl\/index.php?rest_route=\/wp\/v2\/users\/1"}],"replies":[{"embeddable":true,"href":"https:\/\/webpe.colegiomayor.cl\/index.php?rest_route=%2Fwp%2Fv2%2Fcomments&post=480"}],"version-history":[{"count":15,"href":"https:\/\/webpe.colegiomayor.cl\/index.php?rest_route=\/wp\/v2\/pages\/480\/revisions"}],"predecessor-version":[{"id":37648,"href":"https:\/\/webpe.colegiomayor.cl\/index.php?rest_route=\/wp\/v2\/pages\/480\/revisions\/37648"}],"wp:attachment":[{"href":"https:\/\/webpe.colegiomayor.cl\/index.php?rest_route=%2Fwp%2Fv2%2Fmedia&parent=480"}],"curies":[{"name":"wp","href":"https:\/\/api.w.org\/{rel}","templated":true}]}}