{"id":164,"date":"2017-01-30T10:16:30","date_gmt":"2017-01-30T10:16:30","guid":{"rendered":"http:\/\/ed.aislinthemes.com\/?page_id=2"},"modified":"2026-03-18T15:35:40","modified_gmt":"2026-03-18T18:35:40","slug":"inicio","status":"publish","type":"page","link":"https:\/\/webpe.colegiomayor.cl\/","title":{"rendered":"Inicio"},"content":{"rendered":"<div class=\"wpb-content-wrapper\"><p>[vc_row][vc_column css=&#8221;.vc_custom_1490004489841{margin-bottom: 0px !important;}&#8221;][rev_slider_vc alias=&#8221;banner1-11&#8243;][\/vc_column][\/vc_row][vc_row full_width=&#8221;stretch_row&#8221; equal_height=&#8221;yes&#8221; content_placement=&#8221;middle&#8221; css=&#8221;.vc_custom_1490005716471{background-color: #333436 !important;}&#8221;][vc_column width=&#8221;2\/3&#8243;][vc_row_inner css=&#8221;.vc_custom_1490005665348{margin-bottom: 25px !important;}&#8221;][vc_column_inner width=&#8221;1\/3&#8243; css=&#8221;.vc_custom_1734318695318{margin-top: 10px !important;}&#8221;]\n      \t<div class=\"wpb_single_image st-video-popup wpb_content_element vc_align_left  st-video-popup2 st_video_popup-f6ffbc15d13e5b598e0959a194357996\">\n      \t\t\n      \t\t<figure class=\"wpb_wrapper vc_figure\">\n      \t\t\t<a href=\"https:\/\/www.youtube.com\/watch?v=HUeYrniD3cI&amp;width=800&amp;height=500\" class=\"vc_single_image-wrapper prettyphoto\" data-rel=\"prettyPhoto\"><img loading=\"lazy\" decoding=\"async\" width=\"228\" height=\"55\" src=\"https:\/\/webpe.colegiomayor.cl\/wp-content\/uploads\/2024\/12\/icono.jpg\" class=\"vc_single_image-img attachment-full\" alt=\"\" title=\"icono\" \/><div class=\"box\"><div class=\"tri\"><\/div><\/div><\/a>\n      \t\t<\/figure>\n      \t<\/div>\n      [\/vc_column_inner][vc_column_inner width=&#8221;1\/3&#8243;]\n\t\t\t\t\t<a\n\t\t\t\thref=\"https:\/\/schoolnet.colegium.com\/webapp\/es_CL\/login\"\n\t\t\t\tclass=\"wh-theme-icon vc_custom_1734316981764  scp_theme_icon-41d17e380f34caa79460560b7cbc3fc0\"\n\t\t\t\t\t\t\t\t\t\t\t\t\ttarget=\"_blank\"\n\t\t\t\t\t\t\t\t><i class=\"icon-edic_school\"><\/i><\/a>\n\t\t\t\t[vc_custom_heading text=&#8221;SCHOOLNET&#8221; font_container=&#8221;tag:h6|text_align:left|color:%23ffffff&#8221; use_theme_fonts=&#8221;yes&#8221; css_animation=&#8221;fadeInDown&#8221; css=&#8221;.vc_custom_1733424441958{margin-top: 10px !important;margin-bottom: 5px !important;padding-left: 75px !important;}&#8221; link=&#8221;url:https%3A%2F%2Fschoolnet.colegium.com%2Fwebapp%2Fes_CL%2Flogin|target:_blank&#8221;][vc_custom_heading text=&#8221;Ingresa Aqu\u00ed&#8221; font_container=&#8221;tag:h6|font_size:15px|text_align:left|color:%23979797|line_height:21px&#8221; use_theme_fonts=&#8221;yes&#8221; css_animation=&#8221;fadeIn&#8221; css=&#8221;.vc_custom_1733955418799{margin-top: 5px !important;padding-left: 75px !important;}&#8221; link=&#8221;url:https%3A%2F%2Fschoolnet.colegium.com%2Fwebapp%2Fes_CL%2Flogin|target:_blank&#8221;][\/vc_column_inner][vc_column_inner width=&#8221;1\/3&#8243; css=&#8221;.vc_custom_1490005581791{margin-bottom: 0px !important;}&#8221;]\n\t\t\t\t\t<a\n\t\t\t\thref=\"https:\/\/penalolen.colegiomayor.cl\/\"\n\t\t\t\tclass=\"wh-theme-icon vc_custom_1733424362040  scp_theme_icon-612d0537a30a06073c3b0ffa8fd9b93d\"\n\t\t\t\t\t\t\t\t\t\t\t\t\ttarget=\"_blank\"\n\t\t\t\t\t\t\t\t><i class=\"icon-edreading-sign\"><\/i><\/a>\n\t\t\t\t[vc_custom_heading text=&#8221;MIMAYOR&#8221; font_container=&#8221;tag:h6|text_align:left|color:%23ffffff&#8221; use_theme_fonts=&#8221;yes&#8221; css_animation=&#8221;fadeInDown&#8221; css=&#8221;.vc_custom_1733424468391{margin-top: 10px !important;margin-bottom: 5px !important;padding-left: 75px !important;}&#8221; link=&#8221;url:https%3A%2F%2Fpenalolen.colegiomayor.cl%2F|target:_blank&#8221;][vc_custom_heading text=&#8221;Ingresa Aqu\u00ed&#8221; font_container=&#8221;tag:h6|font_size:15px|text_align:left|color:%23979797|line_height:21px&#8221; use_theme_fonts=&#8221;yes&#8221; css_animation=&#8221;fadeIn&#8221; css=&#8221;.vc_custom_1733955424732{margin-top: 5px !important;padding-left: 75px !important;}&#8221; link=&#8221;url:https%3A%2F%2Fpenalolen.colegiomayor.cl%2F|target:_blank&#8221;][\/vc_column_inner][\/vc_row_inner][\/vc_column][vc_column width=&#8221;1\/3&#8243; css=&#8221;.vc_custom_1490004533923{margin-bottom: 0px !important;padding-top: 0px !important;background-color: #e6be1e !important;}&#8221; el_class=&#8221;hoverable&#8221;][vc_raw_html css=&#8221;.vc_custom_1489492538760{margin-bottom: 0px !important;}&#8221;]JTNDc3BhbiUyMGNsYXNzJTNEJTIyYW5pbSUyMiUzRSUzQyUyRnNwYW4lM0U=[\/vc_raw_html]\t\t<div class=\"wh-content-box vc_custom_1733954120851  scp_content_box-51e10df89b3a21b125169a0bad0c5529\">\n\t\t\t\t\t\t\t\t\t\t\t\t\t<a class=\"wh-content-box-link\"\n\t\t\t\t   href=\"https:\/\/webpe.colegiomayor.cl\/?page_id=557\"\n\t\t\t\t\t\t\t\t\t\t\ttitle=\"Formulario de Postulaci\u00f3n\"\n\t\t\t\t\t\t\t\t\t\t\t\t\t\t\t><\/a>\n\t\t\t\t\t\t[vc_custom_heading text=&#8221;Proceso de&#8221; font_container=&#8221;tag:h5|text_align:left|color:%23ffffff&#8221; use_theme_fonts=&#8221;yes&#8221; css=&#8221;.vc_custom_1734016824427{margin-top: 5px !important;margin-bottom: 7px !important;padding-left: 20px !important;}&#8221;][vc_custom_heading text=&#8221;Admisi\u00f3n 2027&#8243; font_container=&#8221;tag:h2|font_size:40px|text_align:left|color:%23ffffff&#8221; use_theme_fonts=&#8221;yes&#8221; css=&#8221;.vc_custom_1773858914540{margin-top: 0px !important;padding-right: 80px !important;padding-left: 20px !important;}&#8221;]\n\t\t\t\t\t<a\n\t\t\t\thref=\"https:\/\/webpe.colegiomayor.cl\/?page_id=557\"\n\t\t\t\tclass=\"wh-theme-icon vc_custom_1734016836809  scp_theme_icon-0a1abaacaeb2a3a8c7bc6bf3e4d59942\"\n\t\t\t\t\t\t\t\t\ttitle=\"Formulario de Postulaci\u00f3n\"\n\t\t\t\t\t\t\t\t\t\t\t\t><i class=\"icon-edic_people\"><\/i><\/a>\n\t\t\t\t\t\t<\/div>\n\t\t[\/vc_column][\/vc_row][vc_row][vc_column width=&#8221;2\/3&#8243; css=&#8221;.vc_custom_1493298450044{margin-right: 40px !important;padding-top: 15px !important;}&#8221;][vc_custom_heading text=&#8221;\u00danete a Colegio Mayor,<br \/>\n<u>Excelencia Acad\u00e9mica con Cultura Deportiva<\/u>&#8221; font_container=&#8221;tag:p|font_size:24px|text_align:left|color:%23333333|line_height:38px&#8221; use_theme_fonts=&#8221;yes&#8221; css=&#8221;.vc_custom_1733955720490{margin-top: 25px !important;margin-bottom: 35px !important;}&#8221;][vc_row_inner css=&#8221;.vc_custom_1488966148366{padding-right: 15px !important;}&#8221;][vc_column_inner width=&#8221;1\/3&#8243;][vc_single_image image=&#8221;38821&#8243; img_size=&#8221;full&#8221; onclick=&#8221;custom_link&#8221; css_animation=&#8221;none&#8221; css=&#8221;.vc_custom_1753929712520{margin-bottom: 15px !important;}&#8221; link=&#8221;https:\/\/webpe.colegiomayor.cl\/?page_id=37180&#8243;][vc_custom_heading text=&#8221;Deportes&#8221; font_container=&#8221;tag:h4|text_align:left&#8221; use_theme_fonts=&#8221;yes&#8221; css_animation=&#8221;none&#8221; css=&#8221;.vc_custom_1735594084519{margin-bottom: 10px !important;}&#8221;][vc_custom_heading text=&#8221;Formaci\u00f3n integral a trav\u00e9s del deporte, el compromiso del Colegio Mayor.&#8221; font_container=&#8221;tag:p|text_align:left&#8221; use_theme_fonts=&#8221;yes&#8221; css=&#8221;&#8221;][vc_custom_heading text=&#8221;LEER M\u00c1S&#8221; font_container=&#8221;tag:div|font_size:14px|text_align:left|color:%236c98e1&#8243; google_fonts=&#8221;font_family:Montserrat%3Aregular%2C700|font_style:400%20regular%3A400%3Anormal&#8221; css=&#8221;.vc_custom_1735594761413{margin-top: 15px !important;margin-bottom: 20px !important;}&#8221; link=&#8221;url:https%3A%2F%2Fwebpe.colegiomayor.cl%2F%3Fpage_id%3D37180|title:Deportes&#8221;][\/vc_column_inner][vc_column_inner width=&#8221;1\/3&#8243; css=&#8221;.vc_custom_1490006138624{margin-bottom: 0px !important;}&#8221;][vc_single_image image=&#8221;37641&#8243; img_size=&#8221;full&#8221; onclick=&#8221;custom_link&#8221; css_animation=&#8221;none&#8221; css=&#8221;.vc_custom_1746222126598{margin-bottom: 15px !important;}&#8221; link=&#8221;https:\/\/webpe.colegiomayor.cl\/?page_id=183&#8243;][vc_custom_heading text=&#8221;After School&#8221; font_container=&#8221;tag:h4|text_align:left&#8221; use_theme_fonts=&#8221;yes&#8221; css_animation=&#8221;none&#8221; css=&#8221;.vc_custom_1733957189459{margin-bottom: 10px !important;}&#8221; link=&#8221;url:https%3A%2F%2Fwebpe.colegiomayor.cl%2F%3Fpage_id%3D183|title:After%20school&#8221;][vc_custom_heading text=&#8221;After School, proyecto que busca ofrecer a las familias, una alternativa donde sus hijos puedan desarrollar distintas habilidades.&#8221; font_container=&#8221;tag:p|text_align:left&#8221; use_theme_fonts=&#8221;yes&#8221; css=&#8221;&#8221; link=&#8221;url:https%3A%2F%2Fwebpe.colegiomayor.cl%2F%3Fpage_id%3D183|title:After%20school&#8221;][vc_custom_heading text=&#8221;LEER M\u00c1S&#8221; font_container=&#8221;tag:div|font_size:14px|text_align:left|color:%236c98e1&#8243; google_fonts=&#8221;font_family:Montserrat%3Aregular%2C700|font_style:400%20regular%3A400%3Anormal&#8221; css=&#8221;.vc_custom_1733957203782{margin-top: 15px !important;margin-bottom: 20px !important;}&#8221; link=&#8221;url:https%3A%2F%2Fwebpe.colegiomayor.cl%2F%3Fpage_id%3D183|title:After%20school&#8221;][\/vc_column_inner][\/vc_row_inner][\/vc_column][vc_column width=&#8221;1\/3&#8243; css=&#8221;.vc_custom_1732941700707{padding-top: 10px !important;padding-right: 35px !important;padding-left: 35px !important;background-color: #F2F2F2 !important;border-color: #F2F2F2 !important;}&#8221;]\n\t\t\t\t\t<a\n\t\t\t\thref=\"https:\/\/webpe.colegiomayor.cl\/?page_id=557\"\n\t\t\t\tclass=\"wh-theme-icon vc_custom_1733958255837  scp_theme_icon-25cc34006ea9f8c3853b890296db0259\"\n\t\t\t\t\t\t\t\t\ttitle=\"Formulario de Postulaci\u00f3n\"\n\t\t\t\t\t\t\t\t\t\t\t\t><i class=\"icon-edhtml\"><\/i><\/a>\n\t\t\t\t[vc_custom_heading text=&#8221;FORMULARIO DE POSTULACI\u00d3N&#8221; font_container=&#8221;tag:div|font_size:14px|text_align:left|color:%237c7c7c&#8221; google_fonts=&#8221;font_family:Montserrat%3Aregular%2C700|font_style:400%20regular%3A400%3Anormal&#8221; css=&#8221;.vc_custom_1733958240667{margin-top: 25px !important;margin-bottom: 20px !important;margin-left: 40px !important;padding-left: 0px !important;}&#8221; link=&#8221;url:https%3A%2F%2Fwebpe.colegiomayor.cl%2F%3Fpage_id%3D557|title:Formulario%20de%20Postulaci%C3%B3n&#8221; el_class=&#8221;wh-title-with-label&#8221;][vc_separator color=&#8221;custom&#8221; style=&#8221;dashed&#8221; css=&#8221;.vc_custom_1486475803800{margin-bottom: 0px !important;}&#8221; accent_color=&#8221;rgba(168,168,168,0.46)&#8221;]\n\t\t\t\t\t<a\n\t\t\t\thref=\"https:\/\/webpe.colegiomayor.cl\/?page_id=885\"\n\t\t\t\tclass=\"wh-theme-icon vc_custom_1733958276306  scp_theme_icon-deed2d4b676a141fc62e010cee4ba07f\"\n\t\t\t\t\t\t\t\t\ttitle=\"Criterios generales de admisi\u00f3n\"\n\t\t\t\t\t\t\t\t\t\t\t\t><i class=\"icon-edschool-with-a-flag\"><\/i><\/a>\n\t\t\t\t[vc_custom_heading text=&#8221;CRITERIOS DE ADMISI\u00d3N&#8221; font_container=&#8221;tag:div|font_size:14px|text_align:left|color:%237c7c7c&#8221; google_fonts=&#8221;font_family:Montserrat%3Aregular%2C700|font_style:400%20regular%3A400%3Anormal&#8221; css=&#8221;.vc_custom_1733958291277{margin-top: 25px !important;margin-bottom: 20px !important;margin-left: 40px !important;padding-left: 0px !important;}&#8221; link=&#8221;url:https%3A%2F%2Fwebpe.colegiomayor.cl%2F%3Fpage_id%3D885|title:Criterios%20generales%20de%20admisi%C3%B3n&#8221; el_class=&#8221;wh-title-with-label&#8221;][vc_separator color=&#8221;custom&#8221; style=&#8221;dashed&#8221; css=&#8221;.vc_custom_1486475820431{margin-bottom: 0px !important;}&#8221; accent_color=&#8221;rgba(168,168,168,0.46)&#8221;]\n\t\t\t\t\t<a\n\t\t\t\thref=\"https:\/\/webpe.colegiomayor.cl\/?page_id=912\"\n\t\t\t\tclass=\"wh-theme-icon vc_custom_1733958305820  scp_theme_icon-bb7a4b1fcf681750553d784df836ced6\"\n\t\t\t\t\t\t\t\t\ttitle=\"Plazos y Resultados\"\n\t\t\t\t\t\t\t\t\t\t\t\t><i class=\"icon-edclock-one\"><\/i><\/a>\n\t\t\t\t[vc_custom_heading text=&#8221;PLAZOS Y RESULTADOS&#8221; font_container=&#8221;tag:div|font_size:14px|text_align:left|color:%237c7c7c&#8221; google_fonts=&#8221;font_family:Montserrat%3Aregular%2C700|font_style:400%20regular%3A400%3Anormal&#8221; css=&#8221;.vc_custom_1733958321129{margin-top: 25px !important;margin-bottom: 20px !important;margin-left: 40px !important;}&#8221; link=&#8221;url:https%3A%2F%2Fwebpe.colegiomayor.cl%2F%3Fpage_id%3D912|title:Plazos%20y%20Resultados&#8221; el_class=&#8221;wh-title-with-label&#8221;][vc_separator color=&#8221;custom&#8221; style=&#8221;dashed&#8221; css=&#8221;.vc_custom_1486475827800{margin-bottom: 0px !important;}&#8221; accent_color=&#8221;rgba(168,168,168,0.46)&#8221;]\n\t\t\t\t\t<a\n\t\t\t\thref=\"https:\/\/webpe.colegiomayor.cl\/?page_id=945\"\n\t\t\t\tclass=\"wh-theme-icon vc_custom_1733958340222  scp_theme_icon-344039f822ff627de251a4577a34b8db\"\n\t\t\t\t\t\t\t\t\ttitle=\"Requisitos\"\n\t\t\t\t\t\t\t\t\t\t\t\t><i class=\"icon-edic_star\"><\/i><\/a>\n\t\t\t\t[vc_custom_heading text=&#8221;REQUISITOS&#8221; font_container=&#8221;tag:div|font_size:14px|text_align:left|color:%237c7c7c&#8221; google_fonts=&#8221;font_family:Montserrat%3Aregular%2C700|font_style:400%20regular%3A400%3Anormal&#8221; css=&#8221;.vc_custom_1733958357320{margin-top: 25px !important;margin-bottom: 20px !important;margin-left: 40px !important;}&#8221; link=&#8221;url:https%3A%2F%2Fwebpe.colegiomayor.cl%2F%3Fpage_id%3D945|title:Requisitos&#8221; el_class=&#8221;wh-title-with-label&#8221;][vc_separator color=&#8221;custom&#8221; style=&#8221;dashed&#8221; css=&#8221;.vc_custom_1486475834178{margin-bottom: 0px !important;}&#8221; accent_color=&#8221;rgba(168,168,168,0.46)&#8221;]\n\t\t\t\t\t<a\n\t\t\t\thref=\"https:\/\/webpe.colegiomayor.cl\/?page_id=954\"\n\t\t\t\tclass=\"wh-theme-icon vc_custom_1733958373960  scp_theme_icon-5cbff9e448b48a53ce1eea854b359b94\"\n\t\t\t\t\t\t\t\t\ttitle=\"Proceso de Admisi\u00f3n\"\n\t\t\t\t\t\t\t\t\t\t\t\t><i class=\"icon-edapple\"><\/i><\/a>\n\t\t\t\t[vc_custom_heading text=&#8221;PROCESO DE ADMISI\u00d3N&#8221; font_container=&#8221;tag:div|font_size:14px|text_align:left|color:%237c7c7c&#8221; google_fonts=&#8221;font_family:Montserrat%3Aregular%2C700|font_style:400%20regular%3A400%3Anormal&#8221; css=&#8221;.vc_custom_1733958388549{margin-top: 25px !important;margin-bottom: 20px !important;margin-left: 40px !important;}&#8221; link=&#8221;url:https%3A%2F%2Fwebpe.colegiomayor.cl%2F%3Fpage_id%3D954|title:Proceso%20de%20Admisi%C3%B3n&#8221; el_class=&#8221;wh-title-with-label&#8221;][vc_separator color=&#8221;custom&#8221; style=&#8221;dashed&#8221; css=&#8221;.vc_custom_1486475838391{margin-bottom: 0px !important;}&#8221; accent_color=&#8221;rgba(168,168,168,0.46)&#8221;]\n\t\t\t\t\t<a\n\t\t\t\thref=\"https:\/\/webpe.colegiomayor.cl\/?page_id=602\"\n\t\t\t\tclass=\"wh-theme-icon vc_custom_1733958403371  scp_theme_icon-1a46223cea14d95f3188f700601f8975\"\n\t\t\t\t\t\t\t\t\ttitle=\"Proyecto Educativo\"\n\t\t\t\t\t\t\t\t\t\t\t\t><i class=\"icon-edbook-with-white-bookmark2\"><\/i><\/a>\n\t\t\t\t[vc_custom_heading text=&#8221;PROYECTO EDUCATIVO&#8221; font_container=&#8221;tag:div|font_size:14px|text_align:left|color:%237c7c7c&#8221; google_fonts=&#8221;font_family:Montserrat%3Aregular%2C700|font_style:400%20regular%3A400%3Anormal&#8221; css=&#8221;.vc_custom_1733958416184{margin-top: 25px !important;margin-bottom: 20px !important;margin-left: 40px !important;}&#8221; link=&#8221;url:https%3A%2F%2Fwebpe.colegiomayor.cl%2F%3Fpage_id%3D602|title:Proyecto%20Educativo&#8221; el_class=&#8221;wh-title-with-label&#8221;][vc_separator color=&#8221;custom&#8221; style=&#8221;dashed&#8221; css=&#8221;.vc_custom_1486475842144{margin-bottom: 0px !important;}&#8221; accent_color=&#8221;rgba(168,168,168,0.46)&#8221;]\n\t\t\t\t\t<a\n\t\t\t\thref=\"https:\/\/webpe.colegiomayor.cl\/?page_id=37516\"\n\t\t\t\tclass=\"wh-theme-icon vc_custom_1744387918661  scp_theme_icon-1c1008b58d3e2066727d77fa9e97e781\"\n\t\t\t\t\t\t\t\t\ttitle=\"CUPOS PRIORITARIOS PARA NEEP\"\n\t\t\t\t\t\t\t\t\t\t\t\t><i class=\"icon-edic_person_pin\"><\/i><\/a>\n\t\t\t\t[vc_custom_heading text=&#8221;CUPOS PRIORITARIOS PARA NEEP&#8221; font_container=&#8221;tag:div|font_size:14px|text_align:left|color:%237c7c7c&#8221; google_fonts=&#8221;font_family:Montserrat%3Aregular%2C700|font_style:400%20regular%3A400%3Anormal&#8221; css=&#8221;.vc_custom_1744387815153{margin-top: 25px !important;margin-bottom: 20px !important;margin-left: 40px !important;}&#8221; link=&#8221;url:https%3A%2F%2Fwebpe.colegiomayor.cl%2F%3Fpage_id%3D37516|title:CUPOS%20PRIORITARIOS%20PARA%20NEEP&#8221; el_class=&#8221;wh-title-with-label&#8221;][vc_separator color=&#8221;custom&#8221; style=&#8221;dashed&#8221; css=&#8221;.vc_custom_1486475842144{margin-bottom: 0px !important;}&#8221; accent_color=&#8221;rgba(168,168,168,0.46)&#8221;]\n\t\t\t\t\t<a\n\t\t\t\thref=\"https:\/\/webpe.colegiomayor.cl\/?page_id=969\"\n\t\t\t\tclass=\"wh-theme-icon vc_custom_1733958430490  scp_theme_icon-ffd43132c8f74771dc4c2d4930254cc0\"\n\t\t\t\t\t\t\t\t\ttitle=\"Preguntas Frecuentes\"\n\t\t\t\t\t\t\t\t\t\t\t\t><i class=\"icon-edic_forum\"><\/i><\/a>\n\t\t\t\t[vc_custom_heading text=&#8221;PREGUNTAS FRECUENTES&#8221; font_container=&#8221;tag:div|font_size:14px|text_align:left|color:%237c7c7c&#8221; google_fonts=&#8221;font_family:Montserrat%3Aregular%2C700|font_style:400%20regular%3A400%3Anormal&#8221; css=&#8221;.vc_custom_1733958444049{margin-top: 25px !important;margin-bottom: 20px !important;margin-left: 40px !important;}&#8221; link=&#8221;url:https%3A%2F%2Fwebpe.colegiomayor.cl%2F%3Fpage_id%3D969|title:Preguntas%20Frecuentes&#8221; el_class=&#8221;wh-title-with-label&#8221;][\/vc_column][\/vc_row][vc_row full_width=&#8221;stretch_row&#8221; css=&#8221;.vc_custom_1486549226101{margin-top: 35px !important;background-color: #eeeeee !important;}&#8221;][vc_column css_animation=&#8221;right-to-left&#8221; width=&#8221;1\/3&#8243; css=&#8221;.vc_custom_1562922702198{margin-bottom: 0px !important;padding-top: 40px !important;padding-bottom: 30px !important;}&#8221;]\n\t\t\t\t\t<a\n\t\t\t\thref=\"mailto:admision@cmpe.cl\"\n\t\t\t\tclass=\"wh-theme-icon vc_custom_1733958725042  scp_theme_icon-bdaf25e6e062bcefd6ad5056ad7ec2f2\"\n\t\t\t\t\t\t\t\t\t\t\t\t><i class=\"icon-edtime3\"><\/i><\/a>\n\t\t\t\t[vc_custom_heading text=&#8221;ESCR\u00cdBENOS&#8221; font_container=&#8221;tag:h6|font_size:14px|text_align:left|color:%238d8d8d&#8221; google_fonts=&#8221;font_family:Montserrat%3Aregular%2C700|font_style:400%20regular%3A400%3Anormal&#8221; css_animation=&#8221;slideInDown&#8221; css=&#8221;.vc_custom_1733958734734{margin-bottom: 0px !important;padding-left: 75px !important;}&#8221; link=&#8221;url:mailto%3Aadmision%40cmpe.cl&#8221;][vc_custom_heading text=&#8221;para agendar una visita o resolver una duda&#8221; font_container=&#8221;tag:p|text_align:left|color:%23aeaeae&#8221; use_theme_fonts=&#8221;yes&#8221; css=&#8221;.vc_custom_1733958633602{padding-left: 75px !important;}&#8221; link=&#8221;url:mailto%3Aadmision%40cmpe.cl&#8221;][\/vc_column][vc_column css_animation=&#8221;right-to-left&#8221; width=&#8221;1\/3&#8243; css=&#8221;.vc_custom_1562922711444{margin-bottom: 0px !important;padding-top: 40px !important;padding-bottom: 30px !important;}&#8221;]\n\t\t\t\t\t<a\n\t\t\t\thref=\"https:\/\/webpe.colegiomayor.cl\/?page_id=557\"\n\t\t\t\tclass=\"wh-theme-icon vc_custom_1732772309212  scp_theme_icon-4a3d4e08c32602b742552e8de0e3bb06\"\n\t\t\t\t\t\t\t\t\ttitle=\"Formulario de Postulaci\u00f3n\"\n\t\t\t\t\t\t\t\t\t\t\t\t><i class=\"icon-edhtml\"><\/i><\/a>\n\t\t\t\t[vc_custom_heading text=&#8221;FORMULARIO DE POSTULACI\u00d3N ONLINE&#8221; font_container=&#8221;tag:h6|font_size:14px|text_align:left|color:%238d8d8d&#8221; google_fonts=&#8221;font_family:Montserrat%3Aregular%2C700|font_style:400%20regular%3A400%3Anormal&#8221; css_animation=&#8221;slideInDown&#8221; css=&#8221;.vc_custom_1732772287747{margin-bottom: 0px !important;padding-left: 75px !important;}&#8221; link=&#8221;url:https%3A%2F%2Fwebpe.colegiomayor.cl%2F%3Fpage_id%3D557|title:Formulario%20de%20Postulaci%C3%B3n&#8221;][vc_custom_heading text=&#8221;Ingresa Aqu\u00ed.&#8221; font_container=&#8221;tag:p|text_align:left|color:%23aeaeae&#8221; use_theme_fonts=&#8221;yes&#8221; css=&#8221;.vc_custom_1733958076547{padding-left: 75px !important;}&#8221; link=&#8221;url:https%3A%2F%2Fwebpe.colegiomayor.cl%2F%3Fpage_id%3D557|title:Formulario%20de%20Postulaci%C3%B3n&#8221;][\/vc_column][vc_column css_animation=&#8221;right-to-left&#8221; width=&#8221;1\/3&#8243; css=&#8221;.vc_custom_1562922707644{margin-bottom: 0px !important;border-right-width: 1px !important;border-left-width: 1px !important;padding-top: 40px !important;padding-bottom: 30px !important;border-left-color: #e1e1e1 !important;border-left-style: solid !important;border-right-color: #e1e1e1 !important;border-right-style: solid !important;}&#8221;][vc_custom_heading text=&#8221;BUSCAR&#8221; font_container=&#8221;tag:h6|font_size:14px|text_align:left|color:%238d8d8d&#8221; google_fonts=&#8221;font_family:Montserrat%3Aregular%2C700|font_style:400%20regular%3A400%3Anormal&#8221; css_animation=&#8221;slideInDown&#8221; css=&#8221;.vc_custom_1732583453179{margin-bottom: 0px !important;padding-left: 75px !important;}&#8221; link=&#8221;url:%23|||&#8221;][vc_wp_search el_class=&#8221;buscar&#8221;][\/vc_column][\/vc_row][vc_row css=&#8221;.vc_custom_1486558591852{padding-top: 30px !important;padding-bottom: 50px !important;}&#8221;][vc_column width=&#8221;1\/3&#8243; css=&#8221;.vc_custom_1491384019406{margin-bottom: 0px !important;}&#8221;][vc_custom_heading text=&#8221;Testimonios&#8221; use_theme_fonts=&#8221;yes&#8221; css=&#8221;.vc_custom_1734315461993{margin-top: 0px !important;margin-bottom: 5px !important;}&#8221;][vc_row_inner css=&#8221;.vc_custom_1491207838807{margin-right: 0px !important;margin-bottom: 15px !important;margin-left: 0px !important;padding-bottom: 5px !important;background-color: #f5f5f5 !important;}&#8221;][vc_column_inner width=&#8221;1\/3&#8243; css=&#8221;.vc_custom_1490102145392{margin-bottom: 0px !important;padding-top: 25px !important;padding-left: 20px !important;}&#8221;]\n      \t<div class=\"wpb_single_image st-video-popup wpb_content_element vc_align_left  st_video_popup-a5962b9f3775dbf811cc7ac39719d0f0\">\n      \t\t\n      \t\t<figure class=\"wpb_wrapper vc_figure\">\n      \t\t\t<a href=\"https:\/\/www.youtube.com\/watch?v=TXPgHFvd-ww\" class=\"vc_single_image-wrapper prettyphoto\" data-rel=\"prettyPhoto\"><img loading=\"lazy\" decoding=\"async\" width=\"111\" height=\"110\" src=\"https:\/\/webpe.colegiomayor.cl\/wp-content\/uploads\/2024\/12\/elias_png.png\" class=\"vc_single_image-img attachment-full\" alt=\"\" title=\"elias_png\" \/><div class=\"box\"><div class=\"tri\"><\/div><\/div><\/a>\n      \t\t<\/figure>\n      \t<\/div>\n      [\/vc_column_inner][vc_column_inner width=&#8221;2\/3&#8243; css=&#8221;.vc_custom_1490100250288{padding-top: 20px !important;}&#8221;][vc_custom_heading text=&#8221;Elias Ardiles&#8221; font_container=&#8221;tag:h6|font_size:18px|text_align:left|color:%23000000&#8243; use_theme_fonts=&#8221;yes&#8221; css=&#8221;.vc_custom_1735597268198{margin-top: 0px !important;margin-bottom: 0px !important;}&#8221; el_class=&#8221;wh-title-with-label&#8221;][vc_custom_heading text=&#8221;INGENIER\u00cdA CIVIL&#8221; font_container=&#8221;tag:h6|font_size:13px|text_align:left|color:%23000000&#8243; use_theme_fonts=&#8221;yes&#8221; css=&#8221;.vc_custom_1733959435913{margin-top: -3px !important;margin-bottom: 0px !important;}&#8221;][vc_custom_heading text=&#8221;El\u00edas nos comparte este breve y gran testimonio.&#8221; font_container=&#8221;tag:p|font_size:15px|text_align:left|color:%23979797|line_height:22px&#8221; use_theme_fonts=&#8221;yes&#8221; css=&#8221;.vc_custom_1735597404190{margin-top: 4px !important;margin-bottom: 20px !important;}&#8221;][\/vc_column_inner][\/vc_row_inner][vc_row_inner css=&#8221;.vc_custom_1490102846968{margin-right: 0px !important;margin-bottom: 15px !important;margin-left: 0px !important;background-color: #ffffff !important;}&#8221;][vc_column_inner width=&#8221;1\/3&#8243; css=&#8221;.vc_custom_1490102145392{margin-bottom: 0px !important;padding-top: 25px !important;padding-left: 20px !important;}&#8221;]\n      \t<div class=\"wpb_single_image st-video-popup wpb_content_element vc_align_left  st_video_popup-dcc4763da01542410e8b4747d30ff346\">\n      \t\t\n      \t\t<figure class=\"wpb_wrapper vc_figure\">\n      \t\t\t<a href=\"https:\/\/www.youtube.com\/watch?v=Ib1rmjm7oHc\" class=\"vc_single_image-wrapper prettyphoto\" data-rel=\"prettyPhoto\"><img loading=\"lazy\" decoding=\"async\" width=\"112\" height=\"110\" src=\"https:\/\/webpe.colegiomayor.cl\/wp-content\/uploads\/2024\/12\/Catalina.png\" class=\"vc_single_image-img attachment-full\" alt=\"\" title=\"Catalina\" \/><div class=\"box\"><div class=\"tri\"><\/div><\/div><\/a>\n      \t\t<\/figure>\n      \t<\/div>\n      [\/vc_column_inner][vc_column_inner width=&#8221;2\/3&#8243; css=&#8221;.vc_custom_1490100250288{padding-top: 20px !important;}&#8221;][vc_custom_heading text=&#8221;Catalina Bustamante&#8221; font_container=&#8221;tag:h6|font_size:18px|text_align:left|color:%23000000&#8243; use_theme_fonts=&#8221;yes&#8221; css=&#8221;.vc_custom_1735597164093{margin-top: 0px !important;margin-bottom: 0px !important;}&#8221; el_class=&#8221;wh-title-with-label&#8221;][vc_custom_heading text=&#8221;AGRONOM\u00cdA INGENIER\u00cdA FORESTAL&#8221; font_container=&#8221;tag:h6|font_size:13px|text_align:left|color:%23000000&#8243; use_theme_fonts=&#8221;yes&#8221; css=&#8221;.vc_custom_1735597251487{margin-top: -3px !important;margin-bottom: 0px !important;}&#8221;][vc_custom_heading text=&#8221;Catalina, egresada el 2018, nos cuenta de su trayectoria deportiva.&#8221; font_container=&#8221;tag:p|font_size:15px|text_align:left|color:%23979797|line_height:22px&#8221; use_theme_fonts=&#8221;yes&#8221; css=&#8221;.vc_custom_1735597525845{margin-top: 4px !important;margin-bottom: 20px !important;}&#8221;][\/vc_column_inner][\/vc_row_inner][\/vc_column][vc_column width=&#8221;1\/3&#8243; css=&#8221;.vc_custom_1491384312686{padding-right: 40px !important;padding-left: 20px !important;}&#8221;][vc_custom_heading text=&#8221;Alianzas&#8221; use_theme_fonts=&#8221;yes&#8221; css=&#8221;.vc_custom_1734307093167{margin-top: 0px !important;margin-bottom: 5px !important;padding-top: 0px !important;}&#8221;][vc_row_inner css=&#8221;.vc_custom_1490102846968{margin-right: 0px !important;margin-bottom: 15px !important;margin-left: 0px !important;background-color: #ffffff !important;}&#8221;][vc_column_inner width=&#8221;1\/3&#8243; css=&#8221;.vc_custom_1490102145392{margin-bottom: 0px !important;padding-top: 25px !important;padding-left: 20px !important;}&#8221;][vc_single_image image=&#8221;37207&#8243; img_size=&#8221;&#8221; onclick=&#8221;custom_link&#8221; img_link_target=&#8221;_blank&#8221; css=&#8221;.vc_custom_1735601161530{margin-bottom: 0px !important;padding-bottom: 0px !important;}&#8221; link=&#8221;https:\/\/www.cambridgeenglish.org\/latinamerica\/&#8221;][\/vc_column_inner][vc_column_inner width=&#8221;2\/3&#8243; css=&#8221;.vc_custom_1490100250288{padding-top: 20px !important;}&#8221;][vc_custom_heading text=&#8221;Cambridge English&#8221; font_container=&#8221;tag:h6|font_size:18px|text_align:left|color:%23000000&#8243; use_theme_fonts=&#8221;yes&#8221; css=&#8221;.vc_custom_1735601173791{margin-top: 0px !important;margin-bottom: 0px !important;}&#8221; el_class=&#8221;wh-title-with-label&#8221; link=&#8221;url:https%3A%2F%2Fwww.cambridgeenglish.org%2Flatinamerica%2F|target:_blank&#8221;][\/vc_column_inner][\/vc_row_inner][vc_row_inner css=&#8221;.vc_custom_1490102846968{margin-right: 0px !important;margin-bottom: 15px !important;margin-left: 0px !important;background-color: #ffffff !important;}&#8221;][vc_column_inner width=&#8221;1\/3&#8243; css=&#8221;.vc_custom_1490102145392{margin-bottom: 0px !important;padding-top: 25px !important;padding-left: 20px !important;}&#8221;][vc_single_image image=&#8221;37152&#8243; img_size=&#8221;110&#215;110&#8243; onclick=&#8221;custom_link&#8221; img_link_target=&#8221;_blank&#8221; css=&#8221;.vc_custom_1735601224795{margin-bottom: 0px !important;padding-bottom: 0px !important;}&#8221; link=&#8221;https:\/\/www.umayor.cl\/&#8221;][\/vc_column_inner][vc_column_inner width=&#8221;2\/3&#8243; css=&#8221;.vc_custom_1490100250288{padding-top: 20px !important;}&#8221;][vc_custom_heading text=&#8221;Universidad Mayor&#8221; font_container=&#8221;tag:h6|font_size:18px|text_align:left|color:%23000000&#8243; use_theme_fonts=&#8221;yes&#8221; css=&#8221;.vc_custom_1735601239586{margin-top: 0px !important;margin-bottom: 0px !important;}&#8221; el_class=&#8221;wh-title-with-label&#8221; link=&#8221;url:https%3A%2F%2Fwww.umayor.cl%2F|target:_blank&#8221;][\/vc_column_inner][\/vc_row_inner][vc_row_inner css=&#8221;.vc_custom_1490102846968{margin-right: 0px !important;margin-bottom: 15px !important;margin-left: 0px !important;background-color: #ffffff !important;}&#8221;][vc_column_inner width=&#8221;1\/3&#8243; css=&#8221;.vc_custom_1490102145392{margin-bottom: 0px !important;padding-top: 25px !important;padding-left: 20px !important;}&#8221;][vc_single_image image=&#8221;37151&#8243; img_size=&#8221;110&#215;110&#8243; onclick=&#8221;custom_link&#8221; img_link_target=&#8221;_blank&#8221; css=&#8221;.vc_custom_1735601095096{margin-bottom: 0px !important;padding-bottom: 0px !important;}&#8221; link=&#8221;https:\/\/www.instagram.com\/estadiomayor\/?hl=es&#8221;][\/vc_column_inner][vc_column_inner width=&#8221;2\/3&#8243; css=&#8221;.vc_custom_1490100250288{padding-top: 20px !important;}&#8221;][vc_custom_heading text=&#8221;Estadio Mayor&#8221; font_container=&#8221;tag:h6|font_size:18px|text_align:left|color:%23000000&#8243; use_theme_fonts=&#8221;yes&#8221; css=&#8221;.vc_custom_1735601106976{margin-top: 0px !important;margin-bottom: 0px !important;}&#8221; el_class=&#8221;wh-title-with-label&#8221; link=&#8221;url:https%3A%2F%2Fwww.instagram.com%2Festadiomayor%2F%3Fhl%3Des|target:_blank&#8221;][\/vc_column_inner][\/vc_row_inner][vc_row_inner][vc_column_inner][vc_custom_heading text=&#8221;Ex Alumnos&#8221; use_theme_fonts=&#8221;yes&#8221; css=&#8221;.vc_custom_1759371120603{margin-top: 0px !important;margin-bottom: 5px !important;padding-top: 0px !important;}&#8221;][vc_single_image image=&#8221;39450&#8243; onclick=&#8221;custom_link&#8221; css=&#8221;&#8221; link=&#8221;https:\/\/webpe.colegiomayor.cl\/?page_id=39481&#8243;][\/vc_column_inner][\/vc_row_inner][\/vc_column][vc_column width=&#8221;1\/3&#8243;]\t\t<div class=\"wh-content-box vc_custom_1562922680924 wh-z-index-10 scp_content_box-4d719882f03fc758da24251054440e88\">\n\t\t\t\t\t\t\t\t\t\t\t\t[vc_custom_heading text=&#8221;Horario Colegio&#8221; font_container=&#8221;tag:h4|font_size:24px|text_align:left&#8221; use_theme_fonts=&#8221;yes&#8221; css=&#8221;.vc_custom_1735597915842{margin-bottom: 23px !important;padding-left: 30px !important;}&#8221;]\t\t<ul class=\"schedule vc_custom_1736280003100 \">\n\t\t\t\t\t\t\t\t\t\t\t\t\t\t\t\t<li class=\"odd\">\n\t\t\t\t\t\t<span class=\"left\">\n\t\t\t\t\t\t\tPlay Group Lun-Vie\t\t\t\t\t\t<\/span>\n\t\t\t\t\t\t<span class=\"right\">\n\t\t\t\t\t\t\t7:45 - 12:30\t\t\t\t\t\t<\/span>\n\t\t\t\t\t<\/li>\n\t\t\t\t\t\t\t\t\t\t\t\t\t\t\t\t\t\t\t\t<li class=\"even\">\n\t\t\t\t\t\t<span class=\"left\">\n\t\t\t\t\t\t\tPre K\u00ednder y K\u00ednder Lun-Vie\t\t\t\t\t\t<\/span>\n\t\t\t\t\t\t<span class=\"right\">\n\t\t\t\t\t\t\t7:45 - 13:30\t\t\t\t\t\t<\/span>\n\t\t\t\t\t<\/li>\n\t\t\t\t\t\t\t\t\t\t\t\t\t\t\t\t\t\t\t\t<li class=\"odd\">\n\t\t\t\t\t\t<span class=\"left\">\n\t\t\t\t\t\t\t1 B\u00e1sico a IV\u00ba Medio Lun-Jue\t\t\t\t\t\t<\/span>\n\t\t\t\t\t\t<span class=\"right\">\n\t\t\t\t\t\t\t7:45 - 16:00\t\t\t\t\t\t<\/span>\n\t\t\t\t\t<\/li>\n\t\t\t\t\t\t\t\t\t\t\t\t\t\t\t\t\t\t\t\t<li class=\"even\">\n\t\t\t\t\t\t<span class=\"left\">\n\t\t\t\t\t\t\t1 B\u00e1sico a IV\u00ba Medio Vie\t\t\t\t\t\t<\/span>\n\t\t\t\t\t\t<span class=\"right\">\n\t\t\t\t\t\t\t7:45 - 13:30\t\t\t\t\t\t<\/span>\n\t\t\t\t\t<\/li>\n\t\t\t\t\t\t\t\t\t\t\t\t\t\t\t\t\t\t\t\t<\/ul>\n\t\t\t\t<\/div>\n\t\t\t\t<div class=\"wh-content-box vc_custom_1562922680924 wh-z-index-10 scp_content_box-4d719882f03fc758da24251054440e88\">\n\t\t\t\t\t\t\t\t\t\t\t\t[vc_custom_heading text=&#8221;After School&#8221; font_container=&#8221;tag:h4|font_size:24px|text_align:left&#8221; use_theme_fonts=&#8221;yes&#8221; css=&#8221;.vc_custom_1734318855955{margin-bottom: 23px !important;padding-left: 30px !important;}&#8221;]\t\t<ul class=\"schedule vc_custom_1735598196331 \">\n\t\t\t\t\t\t\t\t\t\t\t\t\t\t\t\t<li class=\"odd\">\n\t\t\t\t\t\t<span class=\"left\">\n\t\t\t\t\t\t\tHorario Normal Lun-Vie\t\t\t\t\t\t<\/span>\n\t\t\t\t\t\t<span class=\"right\">\n\t\t\t\t\t\t\t12:30 - 17:30\t\t\t\t\t\t<\/span>\n\t\t\t\t\t<\/li>\n\t\t\t\t\t\t\t\t\t\t\t\t\t\t\t\t\t\t\t\t<li class=\"even\">\n\t\t\t\t\t\t<span class=\"left\">\n\t\t\t\t\t\t\tHorario Extendido Lun-Vie\t\t\t\t\t\t<\/span>\n\t\t\t\t\t\t<span class=\"right\">\n\t\t\t\t\t\t\t12:30 - 18:30\t\t\t\t\t\t<\/span>\n\t\t\t\t\t<\/li>\n\t\t\t\t\t\t\t\t\t\t\t\t\t\t\t\t\t\t\t\t<\/ul>\n\t\t\t\t<\/div>\n\t\t[\/vc_column][\/vc_row][vc_section full_width=&#8221;stretch_row&#8221; css=&#8221;.vc_custom_1489569918847{padding-top: 45px !important;padding-bottom: 35px !important;background-color: #37383a !important;}&#8221;][vc_row css=&#8221;.vc_custom_1490697542642{margin-bottom: 20px !important;}&#8221;][vc_column css_animation=&#8221;left-to-right&#8221; width=&#8221;1\/3&#8243; css=&#8221;.vc_custom_1493928527990{margin-bottom: 0px !important;}&#8221;]\n\t\t\t\t\t<div class=\"wh-theme-icon vc_custom_1732584970921  scp_theme_icon-472a164a5ebc8de1e2ab21b32be718fb\">\n\t\t\t\t<i class=\"icon-edtoboggan\"><\/i>\n\t\t\t<\/div>\n\t\t\t\t[vc_custom_heading text=&#8221;EDUCACI\u00d3N PARVULARIA&#8221; font_container=&#8221;tag:h6|text_align:left|color:%23ffffff&#8221; use_theme_fonts=&#8221;yes&#8221; css_animation=&#8221;slideInDown&#8221; css=&#8221;.vc_custom_1733960835354{margin-bottom: 10px !important;padding-left: 75px !important;}&#8221;][vc_custom_heading text=&#8221;Este ciclo es de Playgroup a Kinder&#8221; font_container=&#8221;tag:p|text_align:left|color:%23aeafaf&#8221; use_theme_fonts=&#8221;yes&#8221; css=&#8221;.vc_custom_1732584876286{padding-left: 75px !important;}&#8221;][\/vc_column][vc_column css_animation=&#8221;left-to-right&#8221; width=&#8221;1\/3&#8243; css=&#8221;.vc_custom_1493928553590{margin-bottom: 0px !important;}&#8221;]\n\t\t\t\t\t<div class=\"wh-theme-icon vc_custom_1732584978684  scp_theme_icon-45aedc22a309cf9310514fdfe90c96e1\">\n\t\t\t\t<i class=\"icon-edmeasuring\"><\/i>\n\t\t\t<\/div>\n\t\t\t\t[vc_custom_heading text=&#8221;EDUCACI\u00d3N B\u00c1SICA&#8221; font_container=&#8221;tag:h6|text_align:left|color:%23ffffff&#8221; use_theme_fonts=&#8221;yes&#8221; css_animation=&#8221;slideInDown&#8221; css=&#8221;.vc_custom_1733960846006{margin-bottom: 10px !important;padding-left: 75px !important;}&#8221;][vc_custom_heading text=&#8221;Este ciclo es de 1\u00b0 B\u00e1sico a 8\u00b0 B\u00e1sico&#8221; font_container=&#8221;tag:p|text_align:left|color:%23aeafaf&#8221; use_theme_fonts=&#8221;yes&#8221; css=&#8221;.vc_custom_1732584913120{padding-left: 75px !important;}&#8221;][\/vc_column][vc_column css_animation=&#8221;left-to-right&#8221; width=&#8221;1\/3&#8243; css=&#8221;.vc_custom_1493928545632{margin-bottom: 0px !important;}&#8221;]\n\t\t\t\t\t<div class=\"wh-theme-icon vc_custom_1732585001100  scp_theme_icon-de0c0d19047fc72c44e5554a1e466966\">\n\t\t\t\t<i class=\"icon-edopen-book\"><\/i>\n\t\t\t<\/div>\n\t\t\t\t[vc_custom_heading text=&#8221;EDUCACI\u00d3N MEDIA&#8221; font_container=&#8221;tag:h6|text_align:left|color:%23ffffff&#8221; use_theme_fonts=&#8221;yes&#8221; css_animation=&#8221;slideInDown&#8221; css=&#8221;.vc_custom_1733960857272{margin-bottom: 10px !important;padding-left: 75px !important;}&#8221;][vc_custom_heading text=&#8221;Este ciclo es de I\u00b0 Medio a IV\u00b0 Medio&#8221; font_container=&#8221;tag:p|text_align:left|color:%23aeafaf&#8221; use_theme_fonts=&#8221;yes&#8221; css=&#8221;.vc_custom_1732584937819{padding-left: 75px !important;}&#8221;][\/vc_column][\/vc_row][\/vc_section][vc_row full_width=&#8221;stretch_row&#8221; equal_height=&#8221;yes&#8221; css=&#8221;.vc_custom_1489152929541{background: #eeeeee url(https:\/\/webpe.colegiomayor.cl\/wp-content\/uploads\/2017\/01\/test-2-3.png?id=2229) !important;}&#8221; el_id=&#8221;latest-news&#8221;][vc_column css=&#8221;.vc_custom_1490006590680{margin-bottom: 0px !important;padding-top: 50px !important;padding-right: 30px !important;padding-bottom: 35px !important;background-color: #ffffff !important;}&#8221;][vc_custom_heading text=&#8221;\u00daltimas Noticias&#8221; use_theme_fonts=&#8221;yes&#8221; css=&#8221;.vc_custom_1732673253288{margin-bottom: 5px !important;}&#8221;][vc_custom_heading text=&#8221;Entra a nuestra secci\u00f3n de noticias y mantente al d\u00eda con lo m\u00e1s reciente. <u>\u00a1Descubre las \u00faltimas novedades! <\/u>&#8221; font_container=&#8221;tag:p|font_size:24px|text_align:left|color:%23333333|line_height:38px&#8221; use_theme_fonts=&#8221;yes&#8221; css=&#8221;.vc_custom_1732580475327{margin-top: 25px !important;margin-bottom: 35px !important;}&#8221;]\t\t<div class=\"linp-post-list  layout_1\">\n\t\t\t\t\t\t\t<div class=\"vc_row\">\n\t\t\t\t\t\t\t\t\t\t\t\t\t\t\t\t\t\t<div class=\"item one third\">\n\t<div class=\"inner-wrap\">\n\t\t\t\t\t<div class=\"img-container\">\n\t\t\t\t<a href=\"https:\/\/webpe.colegiomayor.cl\/?p=40737\"\n\t\t\t\t   title=\"Actividades Deportivas - S\u00e1bado 25 de abril\">\n\t\t\t\t   <img loading=\"lazy\" decoding=\"async\" width=\"768\" height=\"510\" src=\"https:\/\/webpe.colegiomayor.cl\/wp-content\/uploads\/2026\/04\/C0114T01-768x510.jpg\" class=\"post-list-thumb wp-post-image\" alt=\"\" \/>\t\t\t    <\/a>\n\t\t\t<\/div>\n\t\t\t\t<div class=\"data\">\n\t\t\t<div class=\"meta-data\">\n\t\t\t\t<div class=\"date\">\n\t\t\t\t\t<i class=\"icon-edtime3\"><\/i>\n\t\t\t\t\t\t\t\t\t\t\tAbril 23, 2026\t\t\t\t\t\t\t\t\t<\/div>\n\t\t\t\t\t\t\t\t\t\t\t<\/div>\n\t\t\t<h3>\n\t\t\t\t<a title=\"Actividades Deportivas - S\u00e1bado 25 de abril\"\n\t\t\t\t   href=\"https:\/\/webpe.colegiomayor.cl\/?p=40737\">\n\t\t\t\t\tActividades Deportivas - S\u00e1bado 25 de abril\t\t\t\t<\/a>\n\t\t\t<\/h3>\n\t\t\t\t\t\t\t\t<\/div>\n\t<\/div>\n<\/div>\t\t\t\t\t\t\n\t\t\t\t\t\t\t\t\t\t\t\t\t\t\t\t\t\t<div class=\"item one third\">\n\t<div class=\"inner-wrap\">\n\t\t\t\t\t<div class=\"img-container\">\n\t\t\t\t<a href=\"https:\/\/webpe.colegiomayor.cl\/?p=40727\"\n\t\t\t\t   title=\"Escritor Andr\u00e9s Montero visit\u00f3 el colegio y dio charlas sobre dos de sus obras\">\n\t\t\t\t   <img loading=\"lazy\" decoding=\"async\" width=\"768\" height=\"500\" src=\"https:\/\/webpe.colegiomayor.cl\/wp-content\/uploads\/2026\/04\/FORMATO-IMAGENES-WORDPRESS-758-x-500-px-10-768x500.jpg\" class=\"post-list-thumb wp-post-image\" alt=\"\" \/>\t\t\t    <\/a>\n\t\t\t<\/div>\n\t\t\t\t<div class=\"data\">\n\t\t\t<div class=\"meta-data\">\n\t\t\t\t<div class=\"date\">\n\t\t\t\t\t<i class=\"icon-edtime3\"><\/i>\n\t\t\t\t\t\t\t\t\t\t\tAbril 17, 2026\t\t\t\t\t\t\t\t\t<\/div>\n\t\t\t\t\t\t\t\t\t\t\t<\/div>\n\t\t\t<h3>\n\t\t\t\t<a title=\"Escritor Andr\u00e9s Montero visit\u00f3 el colegio y dio charlas sobre dos de sus obras\"\n\t\t\t\t   href=\"https:\/\/webpe.colegiomayor.cl\/?p=40727\">\n\t\t\t\t\tEscritor Andr\u00e9s Montero visit\u00f3 el colegio y dio charlas sobre dos de sus obras\t\t\t\t<\/a>\n\t\t\t<\/h3>\n\t\t\t\t\t\t\t\t<\/div>\n\t<\/div>\n<\/div>\t\t\t\t\t\t\n\t\t\t\t\t\t\t\t\t\t\t\t\t\t\t\t\t\t<div class=\"item one third\">\n\t<div class=\"inner-wrap\">\n\t\t\t\t\t<div class=\"img-container\">\n\t\t\t\t<a href=\"https:\/\/webpe.colegiomayor.cl\/?p=40721\"\n\t\t\t\t   title=\"Actividades Deportivas \u2013 S\u00e1bado\u00a018 de abril\">\n\t\t\t\t   <img loading=\"lazy\" decoding=\"async\" width=\"768\" height=\"510\" src=\"https:\/\/webpe.colegiomayor.cl\/wp-content\/uploads\/2026\/04\/9787-768x510.jpg\" class=\"post-list-thumb wp-post-image\" alt=\"\" \/>\t\t\t    <\/a>\n\t\t\t<\/div>\n\t\t\t\t<div class=\"data\">\n\t\t\t<div class=\"meta-data\">\n\t\t\t\t<div class=\"date\">\n\t\t\t\t\t<i class=\"icon-edtime3\"><\/i>\n\t\t\t\t\t\t\t\t\t\t\tAbril 16, 2026\t\t\t\t\t\t\t\t\t<\/div>\n\t\t\t\t\t\t\t\t\t\t\t<\/div>\n\t\t\t<h3>\n\t\t\t\t<a title=\"Actividades Deportivas \u2013 S\u00e1bado\u00a018 de abril\"\n\t\t\t\t   href=\"https:\/\/webpe.colegiomayor.cl\/?p=40721\">\n\t\t\t\t\tActividades Deportivas \u2013 S\u00e1bado\u00a018 de abril\t\t\t\t<\/a>\n\t\t\t<\/h3>\n\t\t\t\t\t\t\t\t<\/div>\n\t<\/div>\n<\/div>\t\t\t\t\t\t\n\t\t\t\t\t\t\t\t\t<\/div>\n\t\t\t\t\t\t\t<div class=\"vc_row\">\n\t\t\t\t\t\t\t\t\t\t\t\t\t\t\t\t\t\t<div class=\"item one third\">\n\t<div class=\"inner-wrap\">\n\t\t\t\t\t<div class=\"img-container\">\n\t\t\t\t<a href=\"https:\/\/webpe.colegiomayor.cl\/?p=40714\"\n\t\t\t\t   title=\"Biling\u00fces y felices: 24 estudiantes obtienen certificaciones Cambridge por su dominio del ingl\u00e9s\">\n\t\t\t\t   <img loading=\"lazy\" decoding=\"async\" width=\"768\" height=\"500\" src=\"https:\/\/webpe.colegiomayor.cl\/wp-content\/uploads\/2026\/04\/FORMATO-IMAGENES-WORDPRESS-758-x-500-px-4-768x500.jpg\" class=\"post-list-thumb wp-post-image\" alt=\"\" \/>\t\t\t    <\/a>\n\t\t\t<\/div>\n\t\t\t\t<div class=\"data\">\n\t\t\t<div class=\"meta-data\">\n\t\t\t\t<div class=\"date\">\n\t\t\t\t\t<i class=\"icon-edtime3\"><\/i>\n\t\t\t\t\t\t\t\t\t\t\tAbril 16, 2026\t\t\t\t\t\t\t\t\t<\/div>\n\t\t\t\t\t\t\t\t\t\t\t<\/div>\n\t\t\t<h3>\n\t\t\t\t<a title=\"Biling\u00fces y felices: 24 estudiantes obtienen certificaciones Cambridge por su dominio del ingl\u00e9s\"\n\t\t\t\t   href=\"https:\/\/webpe.colegiomayor.cl\/?p=40714\">\n\t\t\t\t\tBiling\u00fces y felices: 24 estudiantes obtienen certificaciones Cambridge por su dominio del ingl\u00e9s\t\t\t\t<\/a>\n\t\t\t<\/h3>\n\t\t\t\t\t\t\t\t<\/div>\n\t<\/div>\n<\/div>\t\t\t\t\t\t\n\t\t\t\t\t\t\t\t\t\t\t\t\t\t\t\t\t\t<div class=\"item one third\">\n\t<div class=\"inner-wrap\">\n\t\t\t\t\t<div class=\"img-container\">\n\t\t\t\t<a href=\"https:\/\/webpe.colegiomayor.cl\/?p=40710\"\n\t\t\t\t   title=\"\u00a1Felicitaciones, mellizas!: Emilia y Renata Garrido terminaron sextas en Panamericano de nataci\u00f3n art\u00edstica\">\n\t\t\t\t   <img loading=\"lazy\" decoding=\"async\" width=\"768\" height=\"500\" src=\"https:\/\/webpe.colegiomayor.cl\/wp-content\/uploads\/2026\/04\/FORMATO-IMAGENES-WORDPRESS-758-x-500-px-768x500.jpg\" class=\"post-list-thumb wp-post-image\" alt=\"\" \/>\t\t\t    <\/a>\n\t\t\t<\/div>\n\t\t\t\t<div class=\"data\">\n\t\t\t<div class=\"meta-data\">\n\t\t\t\t<div class=\"date\">\n\t\t\t\t\t<i class=\"icon-edtime3\"><\/i>\n\t\t\t\t\t\t\t\t\t\t\tAbril 14, 2026\t\t\t\t\t\t\t\t\t<\/div>\n\t\t\t\t\t\t\t\t\t\t\t<\/div>\n\t\t\t<h3>\n\t\t\t\t<a title=\"\u00a1Felicitaciones, mellizas!: Emilia y Renata Garrido terminaron sextas en Panamericano de nataci\u00f3n art\u00edstica\"\n\t\t\t\t   href=\"https:\/\/webpe.colegiomayor.cl\/?p=40710\">\n\t\t\t\t\t\u00a1Felicitaciones, mellizas!: Emilia y Renata Garrido terminaron sextas en Panamericano de nataci\u00f3n art\u00edstica\t\t\t\t<\/a>\n\t\t\t<\/h3>\n\t\t\t\t\t\t\t\t<\/div>\n\t<\/div>\n<\/div>\t\t\t\t\t\t\n\t\t\t\t\t\t\t\t\t\t\t\t\t\t\t\t\t\t<div class=\"item one third\">\n\t<div class=\"inner-wrap\">\n\t\t\t\t\t<div class=\"img-container\">\n\t\t\t\t<a href=\"https:\/\/webpe.colegiomayor.cl\/?p=40702\"\n\t\t\t\t   title=\"Actividades Deportivas - S\u00e1bado 11 de Abril\">\n\t\t\t\t   <img loading=\"lazy\" decoding=\"async\" width=\"768\" height=\"510\" src=\"https:\/\/webpe.colegiomayor.cl\/wp-content\/uploads\/2026\/03\/EN1A9444-768x510.jpg\" class=\"post-list-thumb wp-post-image\" alt=\"\" \/>\t\t\t    <\/a>\n\t\t\t<\/div>\n\t\t\t\t<div class=\"data\">\n\t\t\t<div class=\"meta-data\">\n\t\t\t\t<div class=\"date\">\n\t\t\t\t\t<i class=\"icon-edtime3\"><\/i>\n\t\t\t\t\t\t\t\t\t\t\tAbril 09, 2026\t\t\t\t\t\t\t\t\t<\/div>\n\t\t\t\t\t\t\t\t\t\t\t<\/div>\n\t\t\t<h3>\n\t\t\t\t<a title=\"Actividades Deportivas - S\u00e1bado 11 de Abril\"\n\t\t\t\t   href=\"https:\/\/webpe.colegiomayor.cl\/?p=40702\">\n\t\t\t\t\tActividades Deportivas - S\u00e1bado 11 de Abril\t\t\t\t<\/a>\n\t\t\t<\/h3>\n\t\t\t\t\t\t\t\t<\/div>\n\t<\/div>\n<\/div>\t\t\t\t\t\t\n\t\t\t\t\t\t\t\t\t<\/div>\n\t\t\t\t\t\t\t\t<\/div>\n\t\t[vc_custom_heading text=&#8221;TODAS LAS NOTICIAS&#8221; font_container=&#8221;tag:h6|font_size:14px|text_align:center|color:%236c98e1&#8243; use_theme_fonts=&#8221;yes&#8221; css=&#8221;.vc_custom_1732683345625{margin-top: 5px !important;margin-bottom: 20px !important;}&#8221; link=&#8221;url:https%3A%2F%2Fwebpe.colegiomayor.cl%2F%3Fpage_id%3D480|title:News&#8221;][\/vc_column][\/vc_row][vc_row full_width=&#8221;stretch_row_content_no_spaces&#8221;][vc_column css=&#8221;.vc_custom_1490006920988{margin-bottom: 0px !important;padding-top: 0px !important;}&#8221;][vc_separator css=&#8221;.vc_custom_1489152994787{margin-top: -1px !important;}&#8221;][\/vc_column][\/vc_row][vc_row][vc_column css=&#8221;.vc_custom_1490006973094{margin-bottom: 0px !important;}&#8221;][vc_custom_heading text=&#8221;Estamos en instagram&#8221; use_theme_fonts=&#8221;yes&#8221; css=&#8221;.vc_custom_1732585720807{margin-bottom: 5px !important;}&#8221;][vc_custom_heading text=&#8221;\u00daLTIMAS PUBLICACIONES&#8221; font_container=&#8221;tag:h6|font_size:14px|text_align:left|color:%236c98e1&#8243; use_theme_fonts=&#8221;yes&#8221; css=&#8221;.vc_custom_1732585738690{margin-top: 7px !important;margin-bottom: 30px !important;}&#8221;][\/vc_column][\/vc_row][vc_row full_width=&#8221;stretch_row_content_no_spaces&#8221;][vc_column css=&#8221;.vc_custom_1490004646261{margin-bottom: 0px !important;}&#8221;][vc_column_text css=&#8221;&#8221;]\n<div id=\"sb_instagram\"  class=\"sbi sbi_mob_col_4 sbi_tab_col_4 sbi_col_6 sbi_width_resp\" style=\"padding-bottom: 10px;\"\t data-feedid=\"*1\"  data-res=\"auto\" data-cols=\"6\" data-colsmobile=\"4\" data-colstablet=\"4\" data-num=\"6\" data-nummobile=\"4\" data-item-padding=\"5\"\t data-shortcode-atts=\"{&quot;feed&quot;:&quot;1&quot;}\"  data-postid=\"164\" data-locatornonce=\"063a895103\" data-imageaspectratio=\"1:1\" data-sbi-flags=\"favorLocal\">\n\t<div class=\"sb_instagram_header  sbi_medium\"   >\n\t<a class=\"sbi_header_link\" target=\"_blank\"\n\t   rel=\"nofollow noopener\" href=\"https:\/\/www.instagram.com\/mayorpenalolen\/\" title=\"@mayorpenalolen\">\n\t\t<div class=\"sbi_header_text\">\n\t\t\t<div class=\"sbi_header_img\"  data-avatar-url=\"https:\/\/scontent.cdninstagram.com\/v\/t51.82787-19\/670863591_18094433384153655_131482756633049864_n.jpg?stp=dst-jpg_s206x206_tt6&amp;_nc_cat=107&amp;ccb=7-5&amp;_nc_sid=bf7eb4&amp;efg=eyJ2ZW5jb2RlX3RhZyI6InByb2ZpbGVfcGljLnd3dy4xMDgwLkMzIn0%3D&amp;_nc_ohc=OXx4-rSHfCkQ7kNvwEfTt-S&amp;_nc_oc=AdrBj3HIVXHA7xyS8dSB_OBI9AEpErg-_0OJF96rEVKsihU6DpzByKuAdJHMKAXFIj4&amp;_nc_zt=24&amp;_nc_ht=scontent.cdninstagram.com&amp;edm=AP4hL3IEAAAA&amp;_nc_gid=fq0cZkj0tkdaDHupI8KqbQ&amp;_nc_tpa=Q5bMBQHeCKsZD2yk8THaCTDD6CbNqnHEWd27eIJKUN338LCcR6e2QGnD6evTB_ab9ttTuqiJIAl9RuoGLA&amp;oh=00_Af08mKOj3XTXSKx31ZW-D6BzPhYUWowXsEDT5JmF1KG2RQ&amp;oe=69F8B98A\">\n\t\t\t\t\t\t\t\t\t<div class=\"sbi_header_img_hover\"  ><svg class=\"sbi_new_logo fa-instagram fa-w-14\" aria-hidden=\"true\" data-fa-processed=\"\" aria-label=\"Instagram\" data-prefix=\"fab\" data-icon=\"instagram\" role=\"img\" viewBox=\"0 0 448 512\">\n                    <path fill=\"currentColor\" d=\"M224.1 141c-63.6 0-114.9 51.3-114.9 114.9s51.3 114.9 114.9 114.9S339 319.5 339 255.9 287.7 141 224.1 141zm0 189.6c-41.1 0-74.7-33.5-74.7-74.7s33.5-74.7 74.7-74.7 74.7 33.5 74.7 74.7-33.6 74.7-74.7 74.7zm146.4-194.3c0 14.9-12 26.8-26.8 26.8-14.9 0-26.8-12-26.8-26.8s12-26.8 26.8-26.8 26.8 12 26.8 26.8zm76.1 27.2c-1.7-35.9-9.9-67.7-36.2-93.9-26.2-26.2-58-34.4-93.9-36.2-37-2.1-147.9-2.1-184.9 0-35.8 1.7-67.6 9.9-93.9 36.1s-34.4 58-36.2 93.9c-2.1 37-2.1 147.9 0 184.9 1.7 35.9 9.9 67.7 36.2 93.9s58 34.4 93.9 36.2c37 2.1 147.9 2.1 184.9 0 35.9-1.7 67.7-9.9 93.9-36.2 26.2-26.2 34.4-58 36.2-93.9 2.1-37 2.1-147.8 0-184.8zM398.8 388c-7.8 19.6-22.9 34.7-42.6 42.6-29.5 11.7-99.5 9-132.1 9s-102.7 2.6-132.1-9c-19.6-7.8-34.7-22.9-42.6-42.6-11.7-29.5-9-99.5-9-132.1s-2.6-102.7 9-132.1c7.8-19.6 22.9-34.7 42.6-42.6 29.5-11.7 99.5-9 132.1-9s102.7-2.6 132.1 9c19.6 7.8 34.7 22.9 42.6 42.6 11.7 29.5 9 99.5 9 132.1s2.7 102.7-9 132.1z\"><\/path>\n                <\/svg><\/div>\n\t\t\t\t\t<img loading=\"lazy\" decoding=\"async\"  src=\"https:\/\/webpe.colegiomayor.cl\/wp-content\/uploads\/sb-instagram-feed-images\/mayorpenalolen.webp\" alt=\"\" width=\"50\" height=\"50\">\n\t\t\t\t\n\t\t\t\t\t\t\t<\/div>\n\n\t\t\t<div class=\"sbi_feedtheme_header_text\">\n\t\t\t\t<h3>mayorpenalolen<\/h3>\n\t\t\t\t\t\t\t\t\t<p class=\"sbi_bio\">\ud83e\udd1dFormamos estudiantes aut\u00f3nomos, solidarios y comprometidos con la sociedad.<br>\nEducaci\u00f3n con valores y pensamiento cr\u00edtico.<\/p>\n\t\t\t\t\t\t\t<\/div>\n\t\t<\/div>\n\t<\/a>\n<\/div>\n\n\t<div id=\"sbi_images\"  style=\"gap: 10px;\">\n\t\t<div class=\"sbi_item sbi_type_image sbi_new sbi_transition\"\n\tid=\"sbi_17926688676292087\" data-date=\"1777379382\">\n\t<div class=\"sbi_photo_wrap\">\n\t\t<a class=\"sbi_photo\" href=\"https:\/\/www.instagram.com\/p\/DXrOXo7kvDF\/\" target=\"_blank\" rel=\"noopener nofollow\"\n\t\t\tdata-full-res=\"https:\/\/scontent.cdninstagram.com\/v\/t51.82787-15\/685698561_18095661080153655_3669083746157517747_n.webp?stp=dst-jpg_e35_tt6&#038;_nc_cat=104&#038;ccb=7-5&#038;_nc_sid=18de74&#038;efg=eyJlZmdfdGFnIjoiRkVFRC5iZXN0X2ltYWdlX3VybGdlbi5DMyJ9&#038;_nc_ohc=b00kGNRVQpQQ7kNvwHD_n9c&#038;_nc_oc=Adrustq3ktlM9KIsYF4qpYe9x41PrbF-V4Lh0enOty8pLGfHHoK5HNG55f9mpN-Y5dg&#038;_nc_zt=23&#038;_nc_ht=scontent.cdninstagram.com&#038;edm=ANo9K5cEAAAA&#038;_nc_gid=QeuGwZ9T8BETtln_tsxqGA&#038;_nc_tpa=Q5bMBQF8CL25jc5VyPgly1j2U-FamC-uEfJfUbnqy-cN4zEOpmkMLJJdBZs1tM3Dh1B5OPhIVyKzhE6tYw&#038;oh=00_Af1lEWAZFpFFB0bkPsmJRSkm38DsYSYiO_9xR9Rz24JzeQ&#038;oe=69F8C0C1\"\n\t\t\tdata-img-src-set=\"{&quot;d&quot;:&quot;https:\\\/\\\/scontent.cdninstagram.com\\\/v\\\/t51.82787-15\\\/685698561_18095661080153655_3669083746157517747_n.webp?stp=dst-jpg_e35_tt6&amp;_nc_cat=104&amp;ccb=7-5&amp;_nc_sid=18de74&amp;efg=eyJlZmdfdGFnIjoiRkVFRC5iZXN0X2ltYWdlX3VybGdlbi5DMyJ9&amp;_nc_ohc=b00kGNRVQpQQ7kNvwHD_n9c&amp;_nc_oc=Adrustq3ktlM9KIsYF4qpYe9x41PrbF-V4Lh0enOty8pLGfHHoK5HNG55f9mpN-Y5dg&amp;_nc_zt=23&amp;_nc_ht=scontent.cdninstagram.com&amp;edm=ANo9K5cEAAAA&amp;_nc_gid=QeuGwZ9T8BETtln_tsxqGA&amp;_nc_tpa=Q5bMBQF8CL25jc5VyPgly1j2U-FamC-uEfJfUbnqy-cN4zEOpmkMLJJdBZs1tM3Dh1B5OPhIVyKzhE6tYw&amp;oh=00_Af1lEWAZFpFFB0bkPsmJRSkm38DsYSYiO_9xR9Rz24JzeQ&amp;oe=69F8C0C1&quot;,&quot;150&quot;:&quot;https:\\\/\\\/scontent.cdninstagram.com\\\/v\\\/t51.82787-15\\\/685698561_18095661080153655_3669083746157517747_n.webp?stp=dst-jpg_e35_tt6&amp;_nc_cat=104&amp;ccb=7-5&amp;_nc_sid=18de74&amp;efg=eyJlZmdfdGFnIjoiRkVFRC5iZXN0X2ltYWdlX3VybGdlbi5DMyJ9&amp;_nc_ohc=b00kGNRVQpQQ7kNvwHD_n9c&amp;_nc_oc=Adrustq3ktlM9KIsYF4qpYe9x41PrbF-V4Lh0enOty8pLGfHHoK5HNG55f9mpN-Y5dg&amp;_nc_zt=23&amp;_nc_ht=scontent.cdninstagram.com&amp;edm=ANo9K5cEAAAA&amp;_nc_gid=QeuGwZ9T8BETtln_tsxqGA&amp;_nc_tpa=Q5bMBQF8CL25jc5VyPgly1j2U-FamC-uEfJfUbnqy-cN4zEOpmkMLJJdBZs1tM3Dh1B5OPhIVyKzhE6tYw&amp;oh=00_Af1lEWAZFpFFB0bkPsmJRSkm38DsYSYiO_9xR9Rz24JzeQ&amp;oe=69F8C0C1&quot;,&quot;320&quot;:&quot;https:\\\/\\\/scontent.cdninstagram.com\\\/v\\\/t51.82787-15\\\/685698561_18095661080153655_3669083746157517747_n.webp?stp=dst-jpg_e35_tt6&amp;_nc_cat=104&amp;ccb=7-5&amp;_nc_sid=18de74&amp;efg=eyJlZmdfdGFnIjoiRkVFRC5iZXN0X2ltYWdlX3VybGdlbi5DMyJ9&amp;_nc_ohc=b00kGNRVQpQQ7kNvwHD_n9c&amp;_nc_oc=Adrustq3ktlM9KIsYF4qpYe9x41PrbF-V4Lh0enOty8pLGfHHoK5HNG55f9mpN-Y5dg&amp;_nc_zt=23&amp;_nc_ht=scontent.cdninstagram.com&amp;edm=ANo9K5cEAAAA&amp;_nc_gid=QeuGwZ9T8BETtln_tsxqGA&amp;_nc_tpa=Q5bMBQF8CL25jc5VyPgly1j2U-FamC-uEfJfUbnqy-cN4zEOpmkMLJJdBZs1tM3Dh1B5OPhIVyKzhE6tYw&amp;oh=00_Af1lEWAZFpFFB0bkPsmJRSkm38DsYSYiO_9xR9Rz24JzeQ&amp;oe=69F8C0C1&quot;,&quot;640&quot;:&quot;https:\\\/\\\/scontent.cdninstagram.com\\\/v\\\/t51.82787-15\\\/685698561_18095661080153655_3669083746157517747_n.webp?stp=dst-jpg_e35_tt6&amp;_nc_cat=104&amp;ccb=7-5&amp;_nc_sid=18de74&amp;efg=eyJlZmdfdGFnIjoiRkVFRC5iZXN0X2ltYWdlX3VybGdlbi5DMyJ9&amp;_nc_ohc=b00kGNRVQpQQ7kNvwHD_n9c&amp;_nc_oc=Adrustq3ktlM9KIsYF4qpYe9x41PrbF-V4Lh0enOty8pLGfHHoK5HNG55f9mpN-Y5dg&amp;_nc_zt=23&amp;_nc_ht=scontent.cdninstagram.com&amp;edm=ANo9K5cEAAAA&amp;_nc_gid=QeuGwZ9T8BETtln_tsxqGA&amp;_nc_tpa=Q5bMBQF8CL25jc5VyPgly1j2U-FamC-uEfJfUbnqy-cN4zEOpmkMLJJdBZs1tM3Dh1B5OPhIVyKzhE6tYw&amp;oh=00_Af1lEWAZFpFFB0bkPsmJRSkm38DsYSYiO_9xR9Rz24JzeQ&amp;oe=69F8C0C1&quot;}\">\n\t\t\t<span class=\"sbi-screenreader\">\ud83d\udca1\u00a1Atenci\u00f3n padres y apoderados!\n\n\ud83c\uddec\ud83c\udde7 En el marco de<\/span>\n\t\t\t\t\t\t\t\t\t<img decoding=\"async\" src=\"https:\/\/webpe.colegiomayor.cl\/wp-content\/plugins\/instagram-feed\/img\/placeholder.png\" alt=\"\ud83d\udca1\u00a1Atenci\u00f3n padres y apoderados!\n\n\ud83c\uddec\ud83c\udde7 En el marco del convenio entre el Colegio Mayor Pe\u00f1alol\u00e9n y English UC, los invitamos a participar en el tercer Webinar Informativo sobre Certificaciones Cambridge English, que se realizar\u00e1 el 7 de mayo a las 19:00 horas.\n\n\u25b6\ufe0f Esta instancia est\u00e1 abierta a toda la comunidad, ya que busca dar a conocer la importancia de las certificaciones internacionales de ingl\u00e9s y su impacto en el desarrollo acad\u00e9mico y profesional de nuestros estudiantes. Asimismo, se enmarca en la proyecci\u00f3n del colegio de ampliar las oportunidades de certificaci\u00f3n a otros cursos a partir del a\u00f1o 2027.\n\n\u25b6\ufe0f Durante el webinar se presentar\u00e1 el proceso de certificaci\u00f3n, sus beneficios \u2014como su validez internacional sin fecha de caducidad\u2014, as\u00ed como el formato y las regulaciones de los ex\u00e1menes.\n\n\u25b6\ufe0f El encuentro tendr\u00e1 una duraci\u00f3n aproximada de 20 minutos y finalizar\u00e1 con un espacio de preguntas, donde los apoderados podr\u00e1n resolver sus dudas.\n\nEsperamos que este webinar sea una instancia valiosa para informar y acompa\u00f1ar a las familias en este proceso formativo. \ud83e\udd17\n\nA continuaci\u00f3n, compartimos el enlace de acceso:\n\nJoin Zoom Meeting\nhttps:\/\/puc.zoom.us\/j\/84803109875?pwd=gNDZvkePaI5owtTEJWElX6ve7tOwgL.1\n\nMeeting ID: 848 0310 9875\nPasscode: 514664\n\n#cambridgequalifications #cambridge #englishuc\" aria-hidden=\"true\">\n\t\t<\/a>\n\t<\/div>\n<\/div><div class=\"sbi_item sbi_type_carousel sbi_new sbi_transition\"\n\tid=\"sbi_17975859090009331\" data-date=\"1777047351\">\n\t<div class=\"sbi_photo_wrap\">\n\t\t<a class=\"sbi_photo\" href=\"https:\/\/www.instagram.com\/p\/DXhVEz9ltKC\/\" target=\"_blank\" rel=\"noopener nofollow\"\n\t\t\tdata-full-res=\"https:\/\/scontent.cdninstagram.com\/v\/t51.82787-15\/671859979_18095246345153655_3465506446396816872_n.webp?stp=dst-jpg_e35_tt6&#038;_nc_cat=103&#038;ccb=7-5&#038;_nc_sid=18de74&#038;efg=eyJlZmdfdGFnIjoiQ0FST1VTRUxfSVRFTS5iZXN0X2ltYWdlX3VybGdlbi5DMyJ9&#038;_nc_ohc=Bxg82kfEG6gQ7kNvwEOva03&#038;_nc_oc=AdqJXJiSLx_FL8YRbFv5X1SPVCrwCyTXz_1WKWZg5FxtlCdL_AD6GqGZ-38WHI7YwEo&#038;_nc_zt=23&#038;_nc_ht=scontent.cdninstagram.com&#038;edm=ANo9K5cEAAAA&#038;_nc_gid=QeuGwZ9T8BETtln_tsxqGA&#038;_nc_tpa=Q5bMBQH_Dl665hyY2PuIk2y0hA2uob-qjrsTPjUp_CUN8rQ1Th7__GHS-hNRRup0dCADobpdculMCXeDhg&#038;oh=00_Af1UGOviFhypiscUvVLOtVl2y7zF7ynIVoV2kz-nKG9oKw&#038;oe=69F8927B\"\n\t\t\tdata-img-src-set=\"{&quot;d&quot;:&quot;https:\\\/\\\/scontent.cdninstagram.com\\\/v\\\/t51.82787-15\\\/671859979_18095246345153655_3465506446396816872_n.webp?stp=dst-jpg_e35_tt6&amp;_nc_cat=103&amp;ccb=7-5&amp;_nc_sid=18de74&amp;efg=eyJlZmdfdGFnIjoiQ0FST1VTRUxfSVRFTS5iZXN0X2ltYWdlX3VybGdlbi5DMyJ9&amp;_nc_ohc=Bxg82kfEG6gQ7kNvwEOva03&amp;_nc_oc=AdqJXJiSLx_FL8YRbFv5X1SPVCrwCyTXz_1WKWZg5FxtlCdL_AD6GqGZ-38WHI7YwEo&amp;_nc_zt=23&amp;_nc_ht=scontent.cdninstagram.com&amp;edm=ANo9K5cEAAAA&amp;_nc_gid=QeuGwZ9T8BETtln_tsxqGA&amp;_nc_tpa=Q5bMBQH_Dl665hyY2PuIk2y0hA2uob-qjrsTPjUp_CUN8rQ1Th7__GHS-hNRRup0dCADobpdculMCXeDhg&amp;oh=00_Af1UGOviFhypiscUvVLOtVl2y7zF7ynIVoV2kz-nKG9oKw&amp;oe=69F8927B&quot;,&quot;150&quot;:&quot;https:\\\/\\\/scontent.cdninstagram.com\\\/v\\\/t51.82787-15\\\/671859979_18095246345153655_3465506446396816872_n.webp?stp=dst-jpg_e35_tt6&amp;_nc_cat=103&amp;ccb=7-5&amp;_nc_sid=18de74&amp;efg=eyJlZmdfdGFnIjoiQ0FST1VTRUxfSVRFTS5iZXN0X2ltYWdlX3VybGdlbi5DMyJ9&amp;_nc_ohc=Bxg82kfEG6gQ7kNvwEOva03&amp;_nc_oc=AdqJXJiSLx_FL8YRbFv5X1SPVCrwCyTXz_1WKWZg5FxtlCdL_AD6GqGZ-38WHI7YwEo&amp;_nc_zt=23&amp;_nc_ht=scontent.cdninstagram.com&amp;edm=ANo9K5cEAAAA&amp;_nc_gid=QeuGwZ9T8BETtln_tsxqGA&amp;_nc_tpa=Q5bMBQH_Dl665hyY2PuIk2y0hA2uob-qjrsTPjUp_CUN8rQ1Th7__GHS-hNRRup0dCADobpdculMCXeDhg&amp;oh=00_Af1UGOviFhypiscUvVLOtVl2y7zF7ynIVoV2kz-nKG9oKw&amp;oe=69F8927B&quot;,&quot;320&quot;:&quot;https:\\\/\\\/scontent.cdninstagram.com\\\/v\\\/t51.82787-15\\\/671859979_18095246345153655_3465506446396816872_n.webp?stp=dst-jpg_e35_tt6&amp;_nc_cat=103&amp;ccb=7-5&amp;_nc_sid=18de74&amp;efg=eyJlZmdfdGFnIjoiQ0FST1VTRUxfSVRFTS5iZXN0X2ltYWdlX3VybGdlbi5DMyJ9&amp;_nc_ohc=Bxg82kfEG6gQ7kNvwEOva03&amp;_nc_oc=AdqJXJiSLx_FL8YRbFv5X1SPVCrwCyTXz_1WKWZg5FxtlCdL_AD6GqGZ-38WHI7YwEo&amp;_nc_zt=23&amp;_nc_ht=scontent.cdninstagram.com&amp;edm=ANo9K5cEAAAA&amp;_nc_gid=QeuGwZ9T8BETtln_tsxqGA&amp;_nc_tpa=Q5bMBQH_Dl665hyY2PuIk2y0hA2uob-qjrsTPjUp_CUN8rQ1Th7__GHS-hNRRup0dCADobpdculMCXeDhg&amp;oh=00_Af1UGOviFhypiscUvVLOtVl2y7zF7ynIVoV2kz-nKG9oKw&amp;oe=69F8927B&quot;,&quot;640&quot;:&quot;https:\\\/\\\/scontent.cdninstagram.com\\\/v\\\/t51.82787-15\\\/671859979_18095246345153655_3465506446396816872_n.webp?stp=dst-jpg_e35_tt6&amp;_nc_cat=103&amp;ccb=7-5&amp;_nc_sid=18de74&amp;efg=eyJlZmdfdGFnIjoiQ0FST1VTRUxfSVRFTS5iZXN0X2ltYWdlX3VybGdlbi5DMyJ9&amp;_nc_ohc=Bxg82kfEG6gQ7kNvwEOva03&amp;_nc_oc=AdqJXJiSLx_FL8YRbFv5X1SPVCrwCyTXz_1WKWZg5FxtlCdL_AD6GqGZ-38WHI7YwEo&amp;_nc_zt=23&amp;_nc_ht=scontent.cdninstagram.com&amp;edm=ANo9K5cEAAAA&amp;_nc_gid=QeuGwZ9T8BETtln_tsxqGA&amp;_nc_tpa=Q5bMBQH_Dl665hyY2PuIk2y0hA2uob-qjrsTPjUp_CUN8rQ1Th7__GHS-hNRRup0dCADobpdculMCXeDhg&amp;oh=00_Af1UGOviFhypiscUvVLOtVl2y7zF7ynIVoV2kz-nKG9oKw&amp;oe=69F8927B&quot;}\">\n\t\t\t<span class=\"sbi-screenreader\">\u00a1D\u00eda del Libro en Colegio Mayor Pe\u00f1alol\u00e9n! \ud83d\udcda\n\n\ud83d\udcd6 Co<\/span>\n\t\t\t<svg class=\"svg-inline--fa fa-clone fa-w-16 sbi_lightbox_carousel_icon\" aria-hidden=\"true\" aria-label=\"Clone\" data-fa-pro\u0192cessed=\"\" data-prefix=\"far\" data-icon=\"clone\" role=\"img\" xmlns=\"http:\/\/www.w3.org\/2000\/svg\" viewBox=\"0 0 512 512\">\n                    <path fill=\"currentColor\" d=\"M464 0H144c-26.51 0-48 21.49-48 48v48H48c-26.51 0-48 21.49-48 48v320c0 26.51 21.49 48 48 48h320c26.51 0 48-21.49 48-48v-48h48c26.51 0 48-21.49 48-48V48c0-26.51-21.49-48-48-48zM362 464H54a6 6 0 0 1-6-6V150a6 6 0 0 1 6-6h42v224c0 26.51 21.49 48 48 48h224v42a6 6 0 0 1-6 6zm96-96H150a6 6 0 0 1-6-6V54a6 6 0 0 1 6-6h308a6 6 0 0 1 6 6v308a6 6 0 0 1-6 6z\"><\/path>\n                <\/svg>\t\t\t\t\t\t<img decoding=\"async\" src=\"https:\/\/webpe.colegiomayor.cl\/wp-content\/plugins\/instagram-feed\/img\/placeholder.png\" alt=\"\u00a1D\u00eda del Libro en Colegio Mayor Pe\u00f1alol\u00e9n! \ud83d\udcda\n\n\ud83d\udcd6 Como es tradici\u00f3n, se realiz\u00f3 el concurso de microcuentos, este a\u00f1o bajo la tem\u00e1tica \u201cMisterios y Leyendas\u201d.\n\n\ud83e\udd17 Agradecemos a todos los participantes de nuestra comunidad educativa por dejar volar su imaginaci\u00f3n y compartir sus creativas historias. Adem\u00e1s, felicitamos especialmente a los ganadores en las distintas categor\u00edas por la calidad, originalidad y creatividad de sus relatos.\n\nA continuaci\u00f3n, detallamos las categor\u00edas y sus respectivos ganadores:\n\n\u25b6\ufe0f Categor\u00eda 5\u00b0 y 6\u00b0: \n1\u00b0 Lugar: &quot;Tsukiko y la mujer de nieve&quot;- Trinidad Arcuch- 6\u00b0 A\n2\u00b0 Lugar: &quot;La misteriosa isla&quot;- Tom\u00e1s Espinoza -6\u00b0A\n3\u00b0 Lugar: &quot;Campamento de miedo&quot;- Le\u00f3n Peralta - 6\u00b0c\nMenci\u00f3n Honrosa: &quot;Voces&quot; Clemente Sol\u00e1\n\n\u25b6\ufe0f Categor\u00eda 7\u00b0 y 8\u00b0:\n1\u00b0 Lugar: &quot;El origen de las erupciones&quot; - Javiera S\u00e1ez- 7\u00b0B\n2\u00b0 Lugar: &quot;La exploraci\u00f3n de Agust\u00edn&quot; - Agust\u00edn Mart\u00ednez- 8\u00b0D\n3\u00b0 Lugar y menci\u00f3n Honrosa se declaran desiertos.\n\n\u25b6\ufe0f Categor\u00eda Ense\u00f1anza media:\n1\u00b0 Lugar: &quot;Supersticiones&quot; - Crist\u00f3bal Medina.\n2\u00b0 Lugar: &quot;El Retrato&quot;- Crist\u00f3bal Benavides.\n3\u00b0 Lugar: &quot;La Amante&quot; - Ana\u00eds Carrasco.\nMenci\u00f3n Honrosa: Raquel Leyton. \n\n\u25b6\ufe0f Categor\u00eda Funcionarios:\n1\u00b0 Lugar: &quot;Al final del puente&quot; -Tom\u00e1s Castillo\n2\u00b0 Lugar: &quot;Embrujo de Monja&quot; - Ismenia D\u00edaz.\n3\u00b0 Lugar: &quot;La muerte at\u00edpica&quot; - Valentina Alegr\u00eda.\nMenci\u00f3n Honrosa: David Avil\u00e1n.\n\n\u00a1Esperamos su participaci\u00f3n el pr\u00f3ximo a\u00f1o! \ud83d\ude4c\n\n#d\u00edadellibro #microcuentos #concurso #cuento #libros\" aria-hidden=\"true\">\n\t\t<\/a>\n\t<\/div>\n<\/div><div class=\"sbi_item sbi_type_carousel sbi_new sbi_transition\"\n\tid=\"sbi_18077535710554325\" data-date=\"1777047120\">\n\t<div class=\"sbi_photo_wrap\">\n\t\t<a class=\"sbi_photo\" href=\"https:\/\/www.instagram.com\/p\/DXhUollFgQj\/\" target=\"_blank\" rel=\"noopener nofollow\"\n\t\t\tdata-full-res=\"https:\/\/scontent.cdninstagram.com\/v\/t51.82787-15\/674416216_18095246216153655_3820692964971566589_n.webp?stp=dst-jpg_e35_tt6&#038;_nc_cat=103&#038;ccb=7-5&#038;_nc_sid=18de74&#038;efg=eyJlZmdfdGFnIjoiQ0FST1VTRUxfSVRFTS5iZXN0X2ltYWdlX3VybGdlbi5DMyJ9&#038;_nc_ohc=sVmDH_ahoTAQ7kNvwGqNiMr&#038;_nc_oc=AdqfdQhH0Y3CwwIFAZNZiE2cZkKUpfMzykAnRi-AjHCzqR21vwTqhS0nM6fXNCX-bU4&#038;_nc_zt=23&#038;_nc_ht=scontent.cdninstagram.com&#038;edm=ANo9K5cEAAAA&#038;_nc_gid=QeuGwZ9T8BETtln_tsxqGA&#038;_nc_tpa=Q5bMBQGTb_PEyOeO0u7LYd9jaqpDTq5YRRvwDUaTbfiU8qL9bUgGSJTZnbi3F62D_tRf9i_jeN1O7jt6NA&#038;oh=00_Af1x49doRk7hyPbqTmPdYM6mASZj8c4dVVl_2HtkVCLQcg&#038;oe=69F8A130\"\n\t\t\tdata-img-src-set=\"{&quot;d&quot;:&quot;https:\\\/\\\/scontent.cdninstagram.com\\\/v\\\/t51.82787-15\\\/674416216_18095246216153655_3820692964971566589_n.webp?stp=dst-jpg_e35_tt6&amp;_nc_cat=103&amp;ccb=7-5&amp;_nc_sid=18de74&amp;efg=eyJlZmdfdGFnIjoiQ0FST1VTRUxfSVRFTS5iZXN0X2ltYWdlX3VybGdlbi5DMyJ9&amp;_nc_ohc=sVmDH_ahoTAQ7kNvwGqNiMr&amp;_nc_oc=AdqfdQhH0Y3CwwIFAZNZiE2cZkKUpfMzykAnRi-AjHCzqR21vwTqhS0nM6fXNCX-bU4&amp;_nc_zt=23&amp;_nc_ht=scontent.cdninstagram.com&amp;edm=ANo9K5cEAAAA&amp;_nc_gid=QeuGwZ9T8BETtln_tsxqGA&amp;_nc_tpa=Q5bMBQGTb_PEyOeO0u7LYd9jaqpDTq5YRRvwDUaTbfiU8qL9bUgGSJTZnbi3F62D_tRf9i_jeN1O7jt6NA&amp;oh=00_Af1x49doRk7hyPbqTmPdYM6mASZj8c4dVVl_2HtkVCLQcg&amp;oe=69F8A130&quot;,&quot;150&quot;:&quot;https:\\\/\\\/scontent.cdninstagram.com\\\/v\\\/t51.82787-15\\\/674416216_18095246216153655_3820692964971566589_n.webp?stp=dst-jpg_e35_tt6&amp;_nc_cat=103&amp;ccb=7-5&amp;_nc_sid=18de74&amp;efg=eyJlZmdfdGFnIjoiQ0FST1VTRUxfSVRFTS5iZXN0X2ltYWdlX3VybGdlbi5DMyJ9&amp;_nc_ohc=sVmDH_ahoTAQ7kNvwGqNiMr&amp;_nc_oc=AdqfdQhH0Y3CwwIFAZNZiE2cZkKUpfMzykAnRi-AjHCzqR21vwTqhS0nM6fXNCX-bU4&amp;_nc_zt=23&amp;_nc_ht=scontent.cdninstagram.com&amp;edm=ANo9K5cEAAAA&amp;_nc_gid=QeuGwZ9T8BETtln_tsxqGA&amp;_nc_tpa=Q5bMBQGTb_PEyOeO0u7LYd9jaqpDTq5YRRvwDUaTbfiU8qL9bUgGSJTZnbi3F62D_tRf9i_jeN1O7jt6NA&amp;oh=00_Af1x49doRk7hyPbqTmPdYM6mASZj8c4dVVl_2HtkVCLQcg&amp;oe=69F8A130&quot;,&quot;320&quot;:&quot;https:\\\/\\\/scontent.cdninstagram.com\\\/v\\\/t51.82787-15\\\/674416216_18095246216153655_3820692964971566589_n.webp?stp=dst-jpg_e35_tt6&amp;_nc_cat=103&amp;ccb=7-5&amp;_nc_sid=18de74&amp;efg=eyJlZmdfdGFnIjoiQ0FST1VTRUxfSVRFTS5iZXN0X2ltYWdlX3VybGdlbi5DMyJ9&amp;_nc_ohc=sVmDH_ahoTAQ7kNvwGqNiMr&amp;_nc_oc=AdqfdQhH0Y3CwwIFAZNZiE2cZkKUpfMzykAnRi-AjHCzqR21vwTqhS0nM6fXNCX-bU4&amp;_nc_zt=23&amp;_nc_ht=scontent.cdninstagram.com&amp;edm=ANo9K5cEAAAA&amp;_nc_gid=QeuGwZ9T8BETtln_tsxqGA&amp;_nc_tpa=Q5bMBQGTb_PEyOeO0u7LYd9jaqpDTq5YRRvwDUaTbfiU8qL9bUgGSJTZnbi3F62D_tRf9i_jeN1O7jt6NA&amp;oh=00_Af1x49doRk7hyPbqTmPdYM6mASZj8c4dVVl_2HtkVCLQcg&amp;oe=69F8A130&quot;,&quot;640&quot;:&quot;https:\\\/\\\/scontent.cdninstagram.com\\\/v\\\/t51.82787-15\\\/674416216_18095246216153655_3820692964971566589_n.webp?stp=dst-jpg_e35_tt6&amp;_nc_cat=103&amp;ccb=7-5&amp;_nc_sid=18de74&amp;efg=eyJlZmdfdGFnIjoiQ0FST1VTRUxfSVRFTS5iZXN0X2ltYWdlX3VybGdlbi5DMyJ9&amp;_nc_ohc=sVmDH_ahoTAQ7kNvwGqNiMr&amp;_nc_oc=AdqfdQhH0Y3CwwIFAZNZiE2cZkKUpfMzykAnRi-AjHCzqR21vwTqhS0nM6fXNCX-bU4&amp;_nc_zt=23&amp;_nc_ht=scontent.cdninstagram.com&amp;edm=ANo9K5cEAAAA&amp;_nc_gid=QeuGwZ9T8BETtln_tsxqGA&amp;_nc_tpa=Q5bMBQGTb_PEyOeO0u7LYd9jaqpDTq5YRRvwDUaTbfiU8qL9bUgGSJTZnbi3F62D_tRf9i_jeN1O7jt6NA&amp;oh=00_Af1x49doRk7hyPbqTmPdYM6mASZj8c4dVVl_2HtkVCLQcg&amp;oe=69F8A130&quot;}\">\n\t\t\t<span class=\"sbi-screenreader\">\ud83d\udcda\u2728 \u00a1D\u00eda del Libro en Colegio Mayor Pe\u00f1alol\u00e9n!\n\nViv<\/span>\n\t\t\t<svg class=\"svg-inline--fa fa-clone fa-w-16 sbi_lightbox_carousel_icon\" aria-hidden=\"true\" aria-label=\"Clone\" data-fa-pro\u0192cessed=\"\" data-prefix=\"far\" data-icon=\"clone\" role=\"img\" xmlns=\"http:\/\/www.w3.org\/2000\/svg\" viewBox=\"0 0 512 512\">\n                    <path fill=\"currentColor\" d=\"M464 0H144c-26.51 0-48 21.49-48 48v48H48c-26.51 0-48 21.49-48 48v320c0 26.51 21.49 48 48 48h320c26.51 0 48-21.49 48-48v-48h48c26.51 0 48-21.49 48-48V48c0-26.51-21.49-48-48-48zM362 464H54a6 6 0 0 1-6-6V150a6 6 0 0 1 6-6h42v224c0 26.51 21.49 48 48 48h224v42a6 6 0 0 1-6 6zm96-96H150a6 6 0 0 1-6-6V54a6 6 0 0 1 6-6h308a6 6 0 0 1 6 6v308a6 6 0 0 1-6 6z\"><\/path>\n                <\/svg>\t\t\t\t\t\t<img decoding=\"async\" src=\"https:\/\/webpe.colegiomayor.cl\/wp-content\/plugins\/instagram-feed\/img\/placeholder.png\" alt=\"\ud83d\udcda\u2728 \u00a1D\u00eda del Libro en Colegio Mayor Pe\u00f1alol\u00e9n!\n\nVivimos una jornada inolvidable en la celebraci\u00f3n del D\u00eda del Libro y del Derecho de Autor en nuestro colegio, bajo la tem\u00e1tica \u201cMisterios y leyendas\u201d.\n\nNuestros estudiantes participaron en diversas actividades, como los stands de literatura latinoamericana organizados por los IV\u00b0 medio; lecturas po\u00e9ticas y cuent\u00edsticas en la Biblioteca Gabriela Mistral desde 5\u00b0 b\u00e1sico a III\u00b0 medio; desayunos literarios; cuentacuentos de 3\u00b0 y 4\u00b0 b\u00e1sicos; lectura de cuentos por parte de apoderados en el primer ciclo; salidas al teatro; trueques literarios; pijamadas lectoras; disfraces de personajes de cuentos; paraguas lectores, entre muchas otras iniciativas.\n\nAgradecemos al Departamento de Lenguaje por la organizaci\u00f3n de esta jornada tan especial y, asimismo, a toda nuestra comunidad por el entusiasmo al participar, disfrazarse de sus personajes favoritos y seguir cultivando el amor por la lectura. \ud83d\udcd6\ud83d\udc9b\n\n#d\u00edadellibro #diainternacionaldellibro #libros #23deabril\" aria-hidden=\"true\">\n\t\t<\/a>\n\t<\/div>\n<\/div><div class=\"sbi_item sbi_type_image sbi_new sbi_transition\"\n\tid=\"sbi_18073787171235336\" data-date=\"1776950401\">\n\t<div class=\"sbi_photo_wrap\">\n\t\t<a class=\"sbi_photo\" href=\"https:\/\/www.instagram.com\/p\/DXecJq8kh13\/\" target=\"_blank\" rel=\"noopener nofollow\"\n\t\t\tdata-full-res=\"https:\/\/scontent.cdninstagram.com\/v\/t51.82787-15\/673828886_18095101910153655_5564169367714006114_n.webp?stp=dst-jpg_e35_tt6&#038;_nc_cat=110&#038;ccb=7-5&#038;_nc_sid=18de74&#038;efg=eyJlZmdfdGFnIjoiRkVFRC5iZXN0X2ltYWdlX3VybGdlbi5DMyJ9&#038;_nc_ohc=3vAR88MNoW4Q7kNvwHHcKpk&#038;_nc_oc=AdoLWzuOuW-JUwn6afem9x67D-YbzlrEHnvqgDf5xSvp0e_4lxhhrQAHL01E1SoiD14&#038;_nc_zt=23&#038;_nc_ht=scontent.cdninstagram.com&#038;edm=ANo9K5cEAAAA&#038;_nc_gid=QeuGwZ9T8BETtln_tsxqGA&#038;_nc_tpa=Q5bMBQH2B4EDlik726fi3KRpBwcf5mmYLUXhe24Zw5o-skgI48e5GMGfFghBqmn7mnGsdznILJEDx49iJA&#038;oh=00_Af1YpCc5ZwhUAHjPzkylHZM3Sakk7AyB25VZjB6uWeuAuA&#038;oe=69F8900A\"\n\t\t\tdata-img-src-set=\"{&quot;d&quot;:&quot;https:\\\/\\\/scontent.cdninstagram.com\\\/v\\\/t51.82787-15\\\/673828886_18095101910153655_5564169367714006114_n.webp?stp=dst-jpg_e35_tt6&amp;_nc_cat=110&amp;ccb=7-5&amp;_nc_sid=18de74&amp;efg=eyJlZmdfdGFnIjoiRkVFRC5iZXN0X2ltYWdlX3VybGdlbi5DMyJ9&amp;_nc_ohc=3vAR88MNoW4Q7kNvwHHcKpk&amp;_nc_oc=AdoLWzuOuW-JUwn6afem9x67D-YbzlrEHnvqgDf5xSvp0e_4lxhhrQAHL01E1SoiD14&amp;_nc_zt=23&amp;_nc_ht=scontent.cdninstagram.com&amp;edm=ANo9K5cEAAAA&amp;_nc_gid=QeuGwZ9T8BETtln_tsxqGA&amp;_nc_tpa=Q5bMBQH2B4EDlik726fi3KRpBwcf5mmYLUXhe24Zw5o-skgI48e5GMGfFghBqmn7mnGsdznILJEDx49iJA&amp;oh=00_Af1YpCc5ZwhUAHjPzkylHZM3Sakk7AyB25VZjB6uWeuAuA&amp;oe=69F8900A&quot;,&quot;150&quot;:&quot;https:\\\/\\\/scontent.cdninstagram.com\\\/v\\\/t51.82787-15\\\/673828886_18095101910153655_5564169367714006114_n.webp?stp=dst-jpg_e35_tt6&amp;_nc_cat=110&amp;ccb=7-5&amp;_nc_sid=18de74&amp;efg=eyJlZmdfdGFnIjoiRkVFRC5iZXN0X2ltYWdlX3VybGdlbi5DMyJ9&amp;_nc_ohc=3vAR88MNoW4Q7kNvwHHcKpk&amp;_nc_oc=AdoLWzuOuW-JUwn6afem9x67D-YbzlrEHnvqgDf5xSvp0e_4lxhhrQAHL01E1SoiD14&amp;_nc_zt=23&amp;_nc_ht=scontent.cdninstagram.com&amp;edm=ANo9K5cEAAAA&amp;_nc_gid=QeuGwZ9T8BETtln_tsxqGA&amp;_nc_tpa=Q5bMBQH2B4EDlik726fi3KRpBwcf5mmYLUXhe24Zw5o-skgI48e5GMGfFghBqmn7mnGsdznILJEDx49iJA&amp;oh=00_Af1YpCc5ZwhUAHjPzkylHZM3Sakk7AyB25VZjB6uWeuAuA&amp;oe=69F8900A&quot;,&quot;320&quot;:&quot;https:\\\/\\\/scontent.cdninstagram.com\\\/v\\\/t51.82787-15\\\/673828886_18095101910153655_5564169367714006114_n.webp?stp=dst-jpg_e35_tt6&amp;_nc_cat=110&amp;ccb=7-5&amp;_nc_sid=18de74&amp;efg=eyJlZmdfdGFnIjoiRkVFRC5iZXN0X2ltYWdlX3VybGdlbi5DMyJ9&amp;_nc_ohc=3vAR88MNoW4Q7kNvwHHcKpk&amp;_nc_oc=AdoLWzuOuW-JUwn6afem9x67D-YbzlrEHnvqgDf5xSvp0e_4lxhhrQAHL01E1SoiD14&amp;_nc_zt=23&amp;_nc_ht=scontent.cdninstagram.com&amp;edm=ANo9K5cEAAAA&amp;_nc_gid=QeuGwZ9T8BETtln_tsxqGA&amp;_nc_tpa=Q5bMBQH2B4EDlik726fi3KRpBwcf5mmYLUXhe24Zw5o-skgI48e5GMGfFghBqmn7mnGsdznILJEDx49iJA&amp;oh=00_Af1YpCc5ZwhUAHjPzkylHZM3Sakk7AyB25VZjB6uWeuAuA&amp;oe=69F8900A&quot;,&quot;640&quot;:&quot;https:\\\/\\\/scontent.cdninstagram.com\\\/v\\\/t51.82787-15\\\/673828886_18095101910153655_5564169367714006114_n.webp?stp=dst-jpg_e35_tt6&amp;_nc_cat=110&amp;ccb=7-5&amp;_nc_sid=18de74&amp;efg=eyJlZmdfdGFnIjoiRkVFRC5iZXN0X2ltYWdlX3VybGdlbi5DMyJ9&amp;_nc_ohc=3vAR88MNoW4Q7kNvwHHcKpk&amp;_nc_oc=AdoLWzuOuW-JUwn6afem9x67D-YbzlrEHnvqgDf5xSvp0e_4lxhhrQAHL01E1SoiD14&amp;_nc_zt=23&amp;_nc_ht=scontent.cdninstagram.com&amp;edm=ANo9K5cEAAAA&amp;_nc_gid=QeuGwZ9T8BETtln_tsxqGA&amp;_nc_tpa=Q5bMBQH2B4EDlik726fi3KRpBwcf5mmYLUXhe24Zw5o-skgI48e5GMGfFghBqmn7mnGsdznILJEDx49iJA&amp;oh=00_Af1YpCc5ZwhUAHjPzkylHZM3Sakk7AyB25VZjB6uWeuAuA&amp;oe=69F8900A&quot;}\">\n\t\t\t<span class=\"sbi-screenreader\">\ud83d\udcda\u2728 \u00a1Feliz D\u00eda del Libro! \u2728\ud83d\udcda\n\nHoy celebramos el D\u00eda<\/span>\n\t\t\t\t\t\t\t\t\t<img decoding=\"async\" src=\"https:\/\/webpe.colegiomayor.cl\/wp-content\/plugins\/instagram-feed\/img\/placeholder.png\" alt=\"\ud83d\udcda\u2728 \u00a1Feliz D\u00eda del Libro! \u2728\ud83d\udcda\n\nHoy celebramos el D\u00eda Internacional del Libro y del Derecho de Autor, una fecha que nos invita a dejar volar la imaginaci\u00f3n y valorar el poder de la lectura en nuestras vidas.\n\n\ud83d\udcd6 Este d\u00eda recuerda a grandes figuras de la literatura universal como Miguel de Cervantes, William Shakespeare y el Inca Garcilaso de la Vega, quienes fallecieron un 23 de abril y dejaron un legado invaluable a trav\u00e9s de sus obras.\n\n\ud83d\udcda \u00bfTienes un libro que ha marcado tu vida? \u00a1Com\u00e9ntanos!\n\n#diadellibro #libro #diainternacionaldellibro #23deabril #colegiomayor\" aria-hidden=\"true\">\n\t\t<\/a>\n\t<\/div>\n<\/div><div class=\"sbi_item sbi_type_video sbi_new sbi_transition\"\n\tid=\"sbi_18085858691363651\" data-date=\"1776804712\">\n\t<div class=\"sbi_photo_wrap\">\n\t\t<a class=\"sbi_photo\" href=\"https:\/\/www.instagram.com\/reel\/DXaGDV6kd9V\/\" target=\"_blank\" rel=\"noopener nofollow\"\n\t\t\tdata-full-res=\"https:\/\/scontent.cdninstagram.com\/v\/t51.82787-15\/671127598_18095002868153655_3581720791702597961_n.jpg?stp=dst-jpg_e35_tt6&#038;_nc_cat=109&#038;ccb=7-5&#038;_nc_sid=18de74&#038;efg=eyJlZmdfdGFnIjoiQ0xJUFMuYmVzdF9pbWFnZV91cmxnZW4uQzMifQ%3D%3D&#038;_nc_ohc=kMpoSioRstgQ7kNvwE3fFfp&#038;_nc_oc=Adp0BvEQKsU7rsqq9HFWsv8I5wa7DEwKni5p5FYLDxczNjviwlZ-wujJQA8I7S8vGII&#038;_nc_zt=23&#038;_nc_ht=scontent.cdninstagram.com&#038;edm=ANo9K5cEAAAA&#038;_nc_gid=QeuGwZ9T8BETtln_tsxqGA&#038;_nc_tpa=Q5bMBQF-94EJGxMTMnW5CfwYFgi_5oAxAU2k8z9dSy6X0bt57X04Sc9eTjlJPNuFOHS5lDFV9FQTrJVX3g&#038;oh=00_Af3RSJwmemS-3VKrK0eeP-Z4w15W1t042aQhvKZtF5kq1w&#038;oe=69F8BC26\"\n\t\t\tdata-img-src-set=\"{&quot;d&quot;:&quot;https:\\\/\\\/scontent.cdninstagram.com\\\/v\\\/t51.82787-15\\\/671127598_18095002868153655_3581720791702597961_n.jpg?stp=dst-jpg_e35_tt6&amp;_nc_cat=109&amp;ccb=7-5&amp;_nc_sid=18de74&amp;efg=eyJlZmdfdGFnIjoiQ0xJUFMuYmVzdF9pbWFnZV91cmxnZW4uQzMifQ%3D%3D&amp;_nc_ohc=kMpoSioRstgQ7kNvwE3fFfp&amp;_nc_oc=Adp0BvEQKsU7rsqq9HFWsv8I5wa7DEwKni5p5FYLDxczNjviwlZ-wujJQA8I7S8vGII&amp;_nc_zt=23&amp;_nc_ht=scontent.cdninstagram.com&amp;edm=ANo9K5cEAAAA&amp;_nc_gid=QeuGwZ9T8BETtln_tsxqGA&amp;_nc_tpa=Q5bMBQF-94EJGxMTMnW5CfwYFgi_5oAxAU2k8z9dSy6X0bt57X04Sc9eTjlJPNuFOHS5lDFV9FQTrJVX3g&amp;oh=00_Af3RSJwmemS-3VKrK0eeP-Z4w15W1t042aQhvKZtF5kq1w&amp;oe=69F8BC26&quot;,&quot;150&quot;:&quot;https:\\\/\\\/scontent.cdninstagram.com\\\/v\\\/t51.82787-15\\\/671127598_18095002868153655_3581720791702597961_n.jpg?stp=dst-jpg_e35_tt6&amp;_nc_cat=109&amp;ccb=7-5&amp;_nc_sid=18de74&amp;efg=eyJlZmdfdGFnIjoiQ0xJUFMuYmVzdF9pbWFnZV91cmxnZW4uQzMifQ%3D%3D&amp;_nc_ohc=kMpoSioRstgQ7kNvwE3fFfp&amp;_nc_oc=Adp0BvEQKsU7rsqq9HFWsv8I5wa7DEwKni5p5FYLDxczNjviwlZ-wujJQA8I7S8vGII&amp;_nc_zt=23&amp;_nc_ht=scontent.cdninstagram.com&amp;edm=ANo9K5cEAAAA&amp;_nc_gid=QeuGwZ9T8BETtln_tsxqGA&amp;_nc_tpa=Q5bMBQF-94EJGxMTMnW5CfwYFgi_5oAxAU2k8z9dSy6X0bt57X04Sc9eTjlJPNuFOHS5lDFV9FQTrJVX3g&amp;oh=00_Af3RSJwmemS-3VKrK0eeP-Z4w15W1t042aQhvKZtF5kq1w&amp;oe=69F8BC26&quot;,&quot;320&quot;:&quot;https:\\\/\\\/scontent.cdninstagram.com\\\/v\\\/t51.82787-15\\\/671127598_18095002868153655_3581720791702597961_n.jpg?stp=dst-jpg_e35_tt6&amp;_nc_cat=109&amp;ccb=7-5&amp;_nc_sid=18de74&amp;efg=eyJlZmdfdGFnIjoiQ0xJUFMuYmVzdF9pbWFnZV91cmxnZW4uQzMifQ%3D%3D&amp;_nc_ohc=kMpoSioRstgQ7kNvwE3fFfp&amp;_nc_oc=Adp0BvEQKsU7rsqq9HFWsv8I5wa7DEwKni5p5FYLDxczNjviwlZ-wujJQA8I7S8vGII&amp;_nc_zt=23&amp;_nc_ht=scontent.cdninstagram.com&amp;edm=ANo9K5cEAAAA&amp;_nc_gid=QeuGwZ9T8BETtln_tsxqGA&amp;_nc_tpa=Q5bMBQF-94EJGxMTMnW5CfwYFgi_5oAxAU2k8z9dSy6X0bt57X04Sc9eTjlJPNuFOHS5lDFV9FQTrJVX3g&amp;oh=00_Af3RSJwmemS-3VKrK0eeP-Z4w15W1t042aQhvKZtF5kq1w&amp;oe=69F8BC26&quot;,&quot;640&quot;:&quot;https:\\\/\\\/scontent.cdninstagram.com\\\/v\\\/t51.82787-15\\\/671127598_18095002868153655_3581720791702597961_n.jpg?stp=dst-jpg_e35_tt6&amp;_nc_cat=109&amp;ccb=7-5&amp;_nc_sid=18de74&amp;efg=eyJlZmdfdGFnIjoiQ0xJUFMuYmVzdF9pbWFnZV91cmxnZW4uQzMifQ%3D%3D&amp;_nc_ohc=kMpoSioRstgQ7kNvwE3fFfp&amp;_nc_oc=Adp0BvEQKsU7rsqq9HFWsv8I5wa7DEwKni5p5FYLDxczNjviwlZ-wujJQA8I7S8vGII&amp;_nc_zt=23&amp;_nc_ht=scontent.cdninstagram.com&amp;edm=ANo9K5cEAAAA&amp;_nc_gid=QeuGwZ9T8BETtln_tsxqGA&amp;_nc_tpa=Q5bMBQF-94EJGxMTMnW5CfwYFgi_5oAxAU2k8z9dSy6X0bt57X04Sc9eTjlJPNuFOHS5lDFV9FQTrJVX3g&amp;oh=00_Af3RSJwmemS-3VKrK0eeP-Z4w15W1t042aQhvKZtF5kq1w&amp;oe=69F8BC26&quot;}\">\n\t\t\t<span class=\"sbi-screenreader\">\ud83d\ude4c El viernes compartimos una hermosa Jornada de En<\/span>\n\t\t\t\t\t\t<svg style=\"color: rgba(255,255,255,1)\" class=\"svg-inline--fa fa-play fa-w-14 sbi_playbtn\" aria-label=\"Play\" aria-hidden=\"true\" data-fa-processed=\"\" data-prefix=\"fa\" data-icon=\"play\" role=\"presentation\" xmlns=\"http:\/\/www.w3.org\/2000\/svg\" viewBox=\"0 0 448 512\"><path fill=\"currentColor\" d=\"M424.4 214.7L72.4 6.6C43.8-10.3 0 6.1 0 47.9V464c0 37.5 40.7 60.1 72.4 41.3l352-208c31.4-18.5 31.5-64.1 0-82.6z\"><\/path><\/svg>\t\t\t<img decoding=\"async\" src=\"https:\/\/webpe.colegiomayor.cl\/wp-content\/plugins\/instagram-feed\/img\/placeholder.png\" alt=\"\ud83d\ude4c El viernes compartimos una hermosa Jornada de Encuentro de Pre-K\u00ednder junto a sus familias.\n\n\ud83d\udcab En esta oportunidad se llevaron a cabo distintas actividades orientadas a conocerse mejor y a resaltar el rol de la familia como un pilar esencial en el desarrollo integral de los ni\u00f1os y ni\u00f1as de nuestra comunidad educativa.\n\n\u00a1Muchas gracias a todos por participar! \u2764\ufe0f\ud83d\udc4f\" aria-hidden=\"true\">\n\t\t<\/a>\n\t<\/div>\n<\/div><div class=\"sbi_item sbi_type_video sbi_new sbi_transition\"\n\tid=\"sbi_18095837738154241\" data-date=\"1776718677\">\n\t<div class=\"sbi_photo_wrap\">\n\t\t<a class=\"sbi_photo\" href=\"https:\/\/www.instagram.com\/reel\/DXXiCctEeUS\/\" target=\"_blank\" rel=\"noopener nofollow\"\n\t\t\tdata-full-res=\"https:\/\/scontent.cdninstagram.com\/v\/t51.82787-15\/671219535_18095002838153655_556475449131129599_n.jpg?stp=dst-jpg_e35_tt6&#038;_nc_cat=108&#038;ccb=7-5&#038;_nc_sid=18de74&#038;efg=eyJlZmdfdGFnIjoiQ0xJUFMuYmVzdF9pbWFnZV91cmxnZW4uQzMifQ%3D%3D&#038;_nc_ohc=qzSDy3q2xNsQ7kNvwFeTk-0&#038;_nc_oc=AdrxUcysKfyd35zgJRjjsfHib3Lg1EN5o6E8H9YAKyJoTih2qkyVZGgZmlAwwaEcu9Y&#038;_nc_zt=23&#038;_nc_ht=scontent.cdninstagram.com&#038;edm=ANo9K5cEAAAA&#038;_nc_gid=QeuGwZ9T8BETtln_tsxqGA&#038;_nc_tpa=Q5bMBQGy9gm7s8n3Rki2pLxddggJyvT4OA4A7IMUzOcravcNGQQscqMrX58eA2h_9wgZ0E5MnAVFLubVVw&#038;oh=00_Af3tgCDDGxlMeALFP4wc3T77rLhu4ShEaY2n01V94lozPQ&#038;oe=69F8958C\"\n\t\t\tdata-img-src-set=\"{&quot;d&quot;:&quot;https:\\\/\\\/scontent.cdninstagram.com\\\/v\\\/t51.82787-15\\\/671219535_18095002838153655_556475449131129599_n.jpg?stp=dst-jpg_e35_tt6&amp;_nc_cat=108&amp;ccb=7-5&amp;_nc_sid=18de74&amp;efg=eyJlZmdfdGFnIjoiQ0xJUFMuYmVzdF9pbWFnZV91cmxnZW4uQzMifQ%3D%3D&amp;_nc_ohc=qzSDy3q2xNsQ7kNvwFeTk-0&amp;_nc_oc=AdrxUcysKfyd35zgJRjjsfHib3Lg1EN5o6E8H9YAKyJoTih2qkyVZGgZmlAwwaEcu9Y&amp;_nc_zt=23&amp;_nc_ht=scontent.cdninstagram.com&amp;edm=ANo9K5cEAAAA&amp;_nc_gid=QeuGwZ9T8BETtln_tsxqGA&amp;_nc_tpa=Q5bMBQGy9gm7s8n3Rki2pLxddggJyvT4OA4A7IMUzOcravcNGQQscqMrX58eA2h_9wgZ0E5MnAVFLubVVw&amp;oh=00_Af3tgCDDGxlMeALFP4wc3T77rLhu4ShEaY2n01V94lozPQ&amp;oe=69F8958C&quot;,&quot;150&quot;:&quot;https:\\\/\\\/scontent.cdninstagram.com\\\/v\\\/t51.82787-15\\\/671219535_18095002838153655_556475449131129599_n.jpg?stp=dst-jpg_e35_tt6&amp;_nc_cat=108&amp;ccb=7-5&amp;_nc_sid=18de74&amp;efg=eyJlZmdfdGFnIjoiQ0xJUFMuYmVzdF9pbWFnZV91cmxnZW4uQzMifQ%3D%3D&amp;_nc_ohc=qzSDy3q2xNsQ7kNvwFeTk-0&amp;_nc_oc=AdrxUcysKfyd35zgJRjjsfHib3Lg1EN5o6E8H9YAKyJoTih2qkyVZGgZmlAwwaEcu9Y&amp;_nc_zt=23&amp;_nc_ht=scontent.cdninstagram.com&amp;edm=ANo9K5cEAAAA&amp;_nc_gid=QeuGwZ9T8BETtln_tsxqGA&amp;_nc_tpa=Q5bMBQGy9gm7s8n3Rki2pLxddggJyvT4OA4A7IMUzOcravcNGQQscqMrX58eA2h_9wgZ0E5MnAVFLubVVw&amp;oh=00_Af3tgCDDGxlMeALFP4wc3T77rLhu4ShEaY2n01V94lozPQ&amp;oe=69F8958C&quot;,&quot;320&quot;:&quot;https:\\\/\\\/scontent.cdninstagram.com\\\/v\\\/t51.82787-15\\\/671219535_18095002838153655_556475449131129599_n.jpg?stp=dst-jpg_e35_tt6&amp;_nc_cat=108&amp;ccb=7-5&amp;_nc_sid=18de74&amp;efg=eyJlZmdfdGFnIjoiQ0xJUFMuYmVzdF9pbWFnZV91cmxnZW4uQzMifQ%3D%3D&amp;_nc_ohc=qzSDy3q2xNsQ7kNvwFeTk-0&amp;_nc_oc=AdrxUcysKfyd35zgJRjjsfHib3Lg1EN5o6E8H9YAKyJoTih2qkyVZGgZmlAwwaEcu9Y&amp;_nc_zt=23&amp;_nc_ht=scontent.cdninstagram.com&amp;edm=ANo9K5cEAAAA&amp;_nc_gid=QeuGwZ9T8BETtln_tsxqGA&amp;_nc_tpa=Q5bMBQGy9gm7s8n3Rki2pLxddggJyvT4OA4A7IMUzOcravcNGQQscqMrX58eA2h_9wgZ0E5MnAVFLubVVw&amp;oh=00_Af3tgCDDGxlMeALFP4wc3T77rLhu4ShEaY2n01V94lozPQ&amp;oe=69F8958C&quot;,&quot;640&quot;:&quot;https:\\\/\\\/scontent.cdninstagram.com\\\/v\\\/t51.82787-15\\\/671219535_18095002838153655_556475449131129599_n.jpg?stp=dst-jpg_e35_tt6&amp;_nc_cat=108&amp;ccb=7-5&amp;_nc_sid=18de74&amp;efg=eyJlZmdfdGFnIjoiQ0xJUFMuYmVzdF9pbWFnZV91cmxnZW4uQzMifQ%3D%3D&amp;_nc_ohc=qzSDy3q2xNsQ7kNvwFeTk-0&amp;_nc_oc=AdrxUcysKfyd35zgJRjjsfHib3Lg1EN5o6E8H9YAKyJoTih2qkyVZGgZmlAwwaEcu9Y&amp;_nc_zt=23&amp;_nc_ht=scontent.cdninstagram.com&amp;edm=ANo9K5cEAAAA&amp;_nc_gid=QeuGwZ9T8BETtln_tsxqGA&amp;_nc_tpa=Q5bMBQGy9gm7s8n3Rki2pLxddggJyvT4OA4A7IMUzOcravcNGQQscqMrX58eA2h_9wgZ0E5MnAVFLubVVw&amp;oh=00_Af3tgCDDGxlMeALFP4wc3T77rLhu4ShEaY2n01V94lozPQ&amp;oe=69F8958C&quot;}\">\n\t\t\t<span class=\"sbi-screenreader\">\ud83e\udd17El Tercer Ciclo del Colegio Mayor Pe\u00f1alol\u00e9n llev\u00f3<\/span>\n\t\t\t\t\t\t<svg style=\"color: rgba(255,255,255,1)\" class=\"svg-inline--fa fa-play fa-w-14 sbi_playbtn\" aria-label=\"Play\" aria-hidden=\"true\" data-fa-processed=\"\" data-prefix=\"fa\" data-icon=\"play\" role=\"presentation\" xmlns=\"http:\/\/www.w3.org\/2000\/svg\" viewBox=\"0 0 448 512\"><path fill=\"currentColor\" d=\"M424.4 214.7L72.4 6.6C43.8-10.3 0 6.1 0 47.9V464c0 37.5 40.7 60.1 72.4 41.3l352-208c31.4-18.5 31.5-64.1 0-82.6z\"><\/path><\/svg>\t\t\t<img decoding=\"async\" src=\"https:\/\/webpe.colegiomayor.cl\/wp-content\/plugins\/instagram-feed\/img\/placeholder.png\" alt=\"\ud83e\udd17El Tercer Ciclo del Colegio Mayor Pe\u00f1alol\u00e9n llev\u00f3 a cabo la jornada de padres e hijos de S\u00e9ptimos B\u00e1sicos, una instancia de encuentro y fortalecimiento de la comunidad educativa.\n\n\u2728\ufe0fLa actividad, que se realiz\u00f3 el s\u00e1bado 18 de abril, cont\u00f3 con la participaci\u00f3n de la Direcci\u00f3n y los equipos de ciclo, y adem\u00e1s con el valioso apoyo de la Municipalidad de Pe\u00f1alol\u00e9n, a trav\u00e9s del programa Triple P, quienes ofrecieron una charla centrada en la parentalidad positiva.\n\n\u00a1Agradecemos a las familias por su participaci\u00f3n!\ud83d\udc9b\" aria-hidden=\"true\">\n\t\t<\/a>\n\t<\/div>\n<\/div>\t<\/div>\n\n\t<div id=\"sbi_load\" >\n\n\t\t\t<button class=\"sbi_load_btn\"\n\t\t\ttype=\"button\" >\n\t\t\t<span class=\"sbi_btn_text\" >Cargar m\u00e1s<\/span>\n\t\t\t<span class=\"sbi_loader sbi_hidden\" style=\"background-color: rgb(255, 255, 255);\" aria-hidden=\"true\"><\/span>\n\t\t<\/button>\n\t\n\t\t\t<span class=\"sbi_follow_btn sbi_custom\" >\n\t\t\t<a target=\"_blank\"\n\t\t\t\trel=\"nofollow noopener\"  href=\"https:\/\/www.instagram.com\/mayorpenalolen\/\" style=\"background: rgb(64,139,209);\">\n\t\t\t\t<svg class=\"svg-inline--fa fa-instagram fa-w-14\" aria-hidden=\"true\" data-fa-processed=\"\" aria-label=\"Instagram\" data-prefix=\"fab\" data-icon=\"instagram\" role=\"img\" viewBox=\"0 0 448 512\">\n                    <path fill=\"currentColor\" d=\"M224.1 141c-63.6 0-114.9 51.3-114.9 114.9s51.3 114.9 114.9 114.9S339 319.5 339 255.9 287.7 141 224.1 141zm0 189.6c-41.1 0-74.7-33.5-74.7-74.7s33.5-74.7 74.7-74.7 74.7 33.5 74.7 74.7-33.6 74.7-74.7 74.7zm146.4-194.3c0 14.9-12 26.8-26.8 26.8-14.9 0-26.8-12-26.8-26.8s12-26.8 26.8-26.8 26.8 12 26.8 26.8zm76.1 27.2c-1.7-35.9-9.9-67.7-36.2-93.9-26.2-26.2-58-34.4-93.9-36.2-37-2.1-147.9-2.1-184.9 0-35.8 1.7-67.6 9.9-93.9 36.1s-34.4 58-36.2 93.9c-2.1 37-2.1 147.9 0 184.9 1.7 35.9 9.9 67.7 36.2 93.9s58 34.4 93.9 36.2c37 2.1 147.9 2.1 184.9 0 35.9-1.7 67.7-9.9 93.9-36.2 26.2-26.2 34.4-58 36.2-93.9 2.1-37 2.1-147.8 0-184.8zM398.8 388c-7.8 19.6-22.9 34.7-42.6 42.6-29.5 11.7-99.5 9-132.1 9s-102.7 2.6-132.1-9c-19.6-7.8-34.7-22.9-42.6-42.6-11.7-29.5-9-99.5-9-132.1s-2.6-102.7 9-132.1c7.8-19.6 22.9-34.7 42.6-42.6 29.5-11.7 99.5-9 132.1-9s102.7-2.6 132.1 9c19.6 7.8 34.7 22.9 42.6 42.6 11.7 29.5 9 99.5 9 132.1s2.7 102.7-9 132.1z\"><\/path>\n                <\/svg>\t\t\t\t<span>Seguir en Instagram<\/span>\n\t\t\t<\/a>\n\t\t<\/span>\n\t\n<\/div>\n\t\t<span class=\"sbi_resized_image_data\" data-feed-id=\"*1\"\n\t\t  data-resized=\"{&quot;18095837738154241&quot;:{&quot;id&quot;:&quot;671194057_18094840952153655_4258060863023976189_n&quot;,&quot;ratio&quot;:&quot;0.56&quot;,&quot;sizes&quot;:{&quot;full&quot;:640,&quot;low&quot;:320,&quot;thumb&quot;:150},&quot;extension&quot;:&quot;.webp&quot;},&quot;18085858691363651&quot;:{&quot;id&quot;:&quot;671007431_18094939865153655_1407414760649420704_n&quot;,&quot;ratio&quot;:&quot;0.56&quot;,&quot;sizes&quot;:{&quot;full&quot;:640,&quot;low&quot;:320,&quot;thumb&quot;:150},&quot;extension&quot;:&quot;.webp&quot;},&quot;18073787171235336&quot;:{&quot;id&quot;:&quot;673828886_18095101910153655_5564169367714006114_n&quot;,&quot;ratio&quot;:&quot;0.80&quot;,&quot;sizes&quot;:{&quot;full&quot;:640,&quot;low&quot;:320,&quot;thumb&quot;:150},&quot;extension&quot;:&quot;.webp&quot;},&quot;17975859090009331&quot;:{&quot;id&quot;:&quot;671859979_18095246345153655_3465506446396816872_n&quot;,&quot;ratio&quot;:&quot;0.80&quot;,&quot;sizes&quot;:{&quot;full&quot;:640,&quot;low&quot;:320,&quot;thumb&quot;:150},&quot;extension&quot;:&quot;.webp&quot;},&quot;18077535710554325&quot;:{&quot;id&quot;:&quot;674416216_18095246216153655_3820692964971566589_n&quot;,&quot;ratio&quot;:&quot;0.80&quot;,&quot;sizes&quot;:{&quot;full&quot;:640,&quot;low&quot;:320,&quot;thumb&quot;:150},&quot;extension&quot;:&quot;.webp&quot;},&quot;17926688676292087&quot;:{&quot;id&quot;:&quot;685698561_18095661080153655_3669083746157517747_n&quot;,&quot;ratio&quot;:&quot;0.80&quot;,&quot;sizes&quot;:{&quot;full&quot;:640,&quot;low&quot;:320,&quot;thumb&quot;:150},&quot;extension&quot;:&quot;.webp&quot;}}\">\n\t<\/span>\n\t<\/div>\n\n[\/vc_column_text][\/vc_column][\/vc_row]<\/p>\n<\/div>","protected":false},"excerpt":{"rendered":"<p>[vc_row][vc_column css=&#8221;.vc_custom_1490004489841{margin-bottom: 0px !important;}&#8221;][rev_slider_vc alias=&#8221;banner1-11&#8243;][\/vc_column][\/vc_row][vc_row full_width=&#8221;stretch_row&#8221; equal_height=&#8221;yes&#8221; content_placement=&#8221;middle&#8221; css=&#8221;.vc_custom_1490005716471{background-color: #333436 !important;}&#8221;][vc_column width=&#8221;2\/3&#8243;][vc_row_inner css=&#8221;.vc_custom_1490005665348{margin-bottom: 25px !important;}&#8221;][vc_column_inner width=&#8221;1\/3&#8243; css=&#8221;.vc_custom_1734318695318{margin-top: 10px !important;}&#8221;][\/vc_column_inner][vc_column_inner width=&#8221;1\/3&#8243;][vc_custom_heading text=&#8221;SCHOOLNET&#8221; font_container=&#8221;tag:h6|text_align:left|color:%23ffffff&#8221; use_theme_fonts=&#8221;yes&#8221; css_animation=&#8221;fadeInDown&#8221; css=&#8221;.vc_custom_1733424441958{margin-top: 10px !important;margin-bottom: 5px !important;padding-left: 75px !important;}&#8221; link=&#8221;url:https%3A%2F%2Fschoolnet.colegium.com%2Fwebapp%2Fes_CL%2Flogin|target:_blank&#8221;][vc_custom_heading text=&#8221;Ingresa Aqu\u00ed&#8221; font_container=&#8221;tag:h6|font_size:15px|text_align:left|color:%23979797|line_height:21px&#8221; use_theme_fonts=&#8221;yes&#8221; css_animation=&#8221;fadeIn&#8221; css=&#8221;.vc_custom_1733955418799{margin-top: 5px !important;padding-left: 75px !important;}&#8221; link=&#8221;url:https%3A%2F%2Fschoolnet.colegium.com%2Fwebapp%2Fes_CL%2Flogin|target:_blank&#8221;][\/vc_column_inner][vc_column_inner width=&#8221;1\/3&#8243; css=&#8221;.vc_custom_1490005581791{margin-bottom:&nbsp;<a href=\"https:\/\/webpe.colegiomayor.cl\/\">&hellip;<\/a><\/p>\n","protected":false},"author":1,"featured_media":0,"parent":0,"menu_order":0,"comment_status":"closed","ping_status":"closed","template":"template-home.php","meta":{"content-type":"","footnotes":""},"class_list":["post-164","page","type-page","status-publish","hentry","odd"],"rttpg_featured_image_url":null,"rttpg_author":{"display_name":"josefariesco@gmail.com","author_link":"https:\/\/webpe.colegiomayor.cl\/?author=1"},"rttpg_comment":0,"rttpg_category":null,"rttpg_excerpt":"[vc_row][vc_column css=&#8221;.vc_custom_1490004489841{margin-bottom: 0px !important;}&#8221;][rev_slider_vc alias=&#8221;banner1-11&#8243;][\/vc_column][\/vc_row][vc_row full_width=&#8221;stretch_row&#8221; equal_height=&#8221;yes&#8221; content_placement=&#8221;middle&#8221; css=&#8221;.vc_custom_1490005716471{background-color: #333436 !important;}&#8221;][vc_column width=&#8221;2\/3&#8243;][vc_row_inner css=&#8221;.vc_custom_1490005665348{margin-bottom: 25px !important;}&#8221;][vc_column_inner width=&#8221;1\/3&#8243; css=&#8221;.vc_custom_1734318695318{margin-top: 10px !important;}&#8221;][\/vc_column_inner][vc_column_inner width=&#8221;1\/3&#8243;][vc_custom_heading text=&#8221;SCHOOLNET&#8221; font_container=&#8221;tag:h6|text_align:left|color:%23ffffff&#8221; use_theme_fonts=&#8221;yes&#8221; css_animation=&#8221;fadeInDown&#8221; css=&#8221;.vc_custom_1733424441958{margin-top: 10px !important;margin-bottom: 5px !important;padding-left: 75px !important;}&#8221; link=&#8221;url:https%3A%2F%2Fschoolnet.colegium.com%2Fwebapp%2Fes_CL%2Flogin|target:_blank&#8221;][vc_custom_heading text=&#8221;Ingresa Aqu\u00ed&#8221; font_container=&#8221;tag:h6|font_size:15px|text_align:left|color:%23979797|line_height:21px&#8221; use_theme_fonts=&#8221;yes&#8221; css_animation=&#8221;fadeIn&#8221; css=&#8221;.vc_custom_1733955418799{margin-top: 5px !important;padding-left: 75px !important;}&#8221; link=&#8221;url:https%3A%2F%2Fschoolnet.colegium.com%2Fwebapp%2Fes_CL%2Flogin|target:_blank&#8221;][\/vc_column_inner][vc_column_inner width=&#8221;1\/3&#8243; css=&#8221;.vc_custom_1490005581791{margin-bottom:&nbsp;&hellip;","_links":{"self":[{"href":"https:\/\/webpe.colegiomayor.cl\/index.php?rest_route=\/wp\/v2\/pages\/164","targetHints":{"allow":["GET"]}}],"collection":[{"href":"https:\/\/webpe.colegiomayor.cl\/index.php?rest_route=\/wp\/v2\/pages"}],"about":[{"href":"https:\/\/webpe.colegiomayor.cl\/index.php?rest_route=\/wp\/v2\/types\/page"}],"author":[{"embeddable":true,"href":"https:\/\/webpe.colegiomayor.cl\/index.php?rest_route=\/wp\/v2\/users\/1"}],"replies":[{"embeddable":true,"href":"https:\/\/webpe.colegiomayor.cl\/index.php?rest_route=%2Fwp%2Fv2%2Fcomments&post=164"}],"version-history":[{"count":183,"href":"https:\/\/webpe.colegiomayor.cl\/index.php?rest_route=\/wp\/v2\/pages\/164\/revisions"}],"predecessor-version":[{"id":40635,"href":"https:\/\/webpe.colegiomayor.cl\/index.php?rest_route=\/wp\/v2\/pages\/164\/revisions\/40635"}],"wp:attachment":[{"href":"https:\/\/webpe.colegiomayor.cl\/index.php?rest_route=%2Fwp%2Fv2%2Fmedia&parent=164"}],"curies":[{"name":"wp","href":"https:\/\/api.w.org\/{rel}","templated":true}]}}